{"id":1954,"date":"2018-12-26T20:41:18","date_gmt":"2018-12-26T19:41:18","guid":{"rendered":"http:\/\/www.strandvejen23.dk\/?page_id=1954"},"modified":"2022-04-24T16:11:47","modified_gmt":"2022-04-24T14:11:47","slug":"2019-2","status":"publish","type":"page","link":"http:\/\/www.strandvejen23.dk\/?page_id=1954","title":{"rendered":"2019"},"content":{"rendered":"\n<p>Ett h\u00e4ndelserikt \u00e5r tillsammans med m\u00e5nga v\u00e4nner i hela v\u00e4rlden!<\/p>\n\n\n\n<p>\u00c5ret b\u00f6rjade med att fira ny\u00e5r tillsammans med v\u00e5ra musikv\u00e4nner fr\u00e5n G\u00f6teborgs Bluesf\u00f6rening (Lennart M\u00e5rtensson och Jimmy Donnerby) p\u00e5 Kyrkbytorget, Hisingen i G\u00f6teborg. J\u00e4tteroligt med m\u00e5nga (100-tals) dansanta Hisingsbor d\u00e4r flera hade g\u00e5tt i Rambergsskolan och kom ih\u00e5g min pappas aff\u00e4r som lades ner 1975.<\/p>\n\n\n\n<figure class=\"wp-block-image\"><img loading=\"lazy\" decoding=\"async\" width=\"769\" height=\"1024\" src=\"http:\/\/www.strandvejen23.dk\/wp-content\/uploads\/2019\/12\/bPsSPgZTwWu94lsd1R9g-e1577192836688-769x1024.jpg\" alt=\"\" class=\"wp-image-2135\" srcset=\"http:\/\/www.strandvejen23.dk\/wp-content\/uploads\/2019\/12\/bPsSPgZTwWu94lsd1R9g-e1577192836688-769x1024.jpg 769w, http:\/\/www.strandvejen23.dk\/wp-content\/uploads\/2019\/12\/bPsSPgZTwWu94lsd1R9g-e1577192836688-225x300.jpg 225w, http:\/\/www.strandvejen23.dk\/wp-content\/uploads\/2019\/12\/bPsSPgZTwWu94lsd1R9g-e1577192836688-768x1022.jpg 768w\" sizes=\"auto, (max-width: 769px) 100vw, 769px\" \/><\/figure>\n\n\n\n<p><strong>30 jannuari &#8211; 14 februari&nbsp;<\/strong><strong>Seychellerna<\/strong>&nbsp;(<a href=\"http:\/\/www.strandvejen23.dk\/?page_id=1959\">se separat flik<\/a>)<\/p>\n\n\n\n<figure class=\"wp-block-embed is-type-video is-provider-youtube wp-block-embed-youtube wp-embed-aspect-16-9 wp-has-aspect-ratio\"><div class=\"wp-block-embed__wrapper\">\n<iframe loading=\"lazy\" title=\"Seychelles 4k drone - La Digue Islands\" width=\"584\" height=\"329\" src=\"https:\/\/www.youtube.com\/embed\/mWjcaEZ5-pM?feature=oembed\" frameborder=\"0\" allow=\"accelerometer; autoplay; clipboard-write; encrypted-media; gyroscope; picture-in-picture; web-share\" referrerpolicy=\"strict-origin-when-cross-origin\" allowfullscreen><\/iframe>\n<\/div><\/figure>\n\n\n\n<p class=\"has-text-align-center\"><strong>The summer of \u00b469 <br>Midsummer &#8211; 50 years later<\/strong><\/p>\n\n\n\n<figure class=\"wp-block-image\"><a href=\"http:\/\/www.strandvejen23.dk\/wp-content\/uploads\/2019\/06\/fullsizeoutput_38b5.jpeg\"><img loading=\"lazy\" decoding=\"async\" width=\"1024\" height=\"768\" src=\"http:\/\/www.strandvejen23.dk\/wp-content\/uploads\/2019\/06\/fullsizeoutput_38b5-1024x768.jpeg\" alt=\"\" class=\"wp-image-2041\" srcset=\"http:\/\/www.strandvejen23.dk\/wp-content\/uploads\/2019\/06\/fullsizeoutput_38b5-1024x768.jpeg 1024w, http:\/\/www.strandvejen23.dk\/wp-content\/uploads\/2019\/06\/fullsizeoutput_38b5-300x225.jpeg 300w, http:\/\/www.strandvejen23.dk\/wp-content\/uploads\/2019\/06\/fullsizeoutput_38b5-768x576.jpeg 768w, http:\/\/www.strandvejen23.dk\/wp-content\/uploads\/2019\/06\/fullsizeoutput_38b5-400x300.jpeg 400w\" sizes=\"auto, (max-width: 1024px) 100vw, 1024px\" \/><\/a><figcaption>Sly Park, El Dorado, Sierra Nevada, California<br>(guldruchens trakter mellan Sacramento och Lake Taho).<\/figcaption><\/figure>\n\n\n\n<figure class=\"wp-block-image\"><img loading=\"lazy\" decoding=\"async\" width=\"1024\" height=\"612\" src=\"http:\/\/www.strandvejen23.dk\/wp-content\/uploads\/2019\/12\/fullsizeoutput_38c8-1024x612.jpeg\" alt=\"\" class=\"wp-image-2126\" srcset=\"http:\/\/www.strandvejen23.dk\/wp-content\/uploads\/2019\/12\/fullsizeoutput_38c8-1024x612.jpeg 1024w, http:\/\/www.strandvejen23.dk\/wp-content\/uploads\/2019\/12\/fullsizeoutput_38c8-300x179.jpeg 300w, http:\/\/www.strandvejen23.dk\/wp-content\/uploads\/2019\/12\/fullsizeoutput_38c8-768x459.jpeg 768w, http:\/\/www.strandvejen23.dk\/wp-content\/uploads\/2019\/12\/fullsizeoutput_38c8-500x300.jpeg 500w\" sizes=\"auto, (max-width: 1024px) 100vw, 1024px\" \/><figcaption>Family Samdahl\u00b4s reunion in El Dorado, Sierra Nevada, California 2019<\/figcaption><\/figure>\n\n\n\n<div class=\"wp-block-image\"><figure class=\"aligncenter\"><img loading=\"lazy\" decoding=\"async\" width=\"481\" height=\"640\" src=\"http:\/\/www.strandvejen23.dk\/wp-content\/uploads\/2019\/12\/IMG_4632.png\" alt=\"\" class=\"wp-image-2125\" srcset=\"http:\/\/www.strandvejen23.dk\/wp-content\/uploads\/2019\/12\/IMG_4632.png 481w, http:\/\/www.strandvejen23.dk\/wp-content\/uploads\/2019\/12\/IMG_4632-225x300.png 225w\" sizes=\"auto, (max-width: 481px) 100vw, 481px\" \/><figcaption>Per, Marlin och Denise i NYC<\/figcaption><\/figure><\/div>\n\n\n<p style=\"text-align: center;\"><a href=\"http:\/\/www.strandvejen23.dk\/wp-content\/uploads\/2018\/12\/3wkrTKBETnevRgfqVLQgBg-e1563480861428.jpg\"><img loading=\"lazy\" decoding=\"async\" class=\"alignnone size-large wp-image-2076\" src=\"http:\/\/www.strandvejen23.dk\/wp-content\/uploads\/2018\/12\/3wkrTKBETnevRgfqVLQgBg-e1563480861428-1024x769.jpg\" alt=\"\" width=\"584\" height=\"439\" srcset=\"http:\/\/www.strandvejen23.dk\/wp-content\/uploads\/2018\/12\/3wkrTKBETnevRgfqVLQgBg-e1563480861428-1024x769.jpg 1024w, http:\/\/www.strandvejen23.dk\/wp-content\/uploads\/2018\/12\/3wkrTKBETnevRgfqVLQgBg-e1563480861428-300x225.jpg 300w, http:\/\/www.strandvejen23.dk\/wp-content\/uploads\/2018\/12\/3wkrTKBETnevRgfqVLQgBg-e1563480861428-768x577.jpg 768w, http:\/\/www.strandvejen23.dk\/wp-content\/uploads\/2018\/12\/3wkrTKBETnevRgfqVLQgBg-e1563480861428-399x300.jpg 399w\" sizes=\"auto, (max-width: 584px) 100vw, 584px\" \/><\/a><\/p>\n<p style=\"text-align: center;\">P\u00e5 G\u00f6teborgs Bluesfestival<\/p>\n<p><a href=\"http:\/\/www.strandvejen23.dk\/wp-content\/uploads\/2018\/12\/IMG_4742-e1563481513487.jpg\"><img loading=\"lazy\" decoding=\"async\" class=\"size-large wp-image-2075 aligncenter\" src=\"http:\/\/www.strandvejen23.dk\/wp-content\/uploads\/2018\/12\/IMG_4742-e1563481513487-769x1024.jpg\" alt=\"\" width=\"584\" height=\"778\" srcset=\"http:\/\/www.strandvejen23.dk\/wp-content\/uploads\/2018\/12\/IMG_4742-e1563481513487-769x1024.jpg 769w, http:\/\/www.strandvejen23.dk\/wp-content\/uploads\/2018\/12\/IMG_4742-e1563481513487-225x300.jpg 225w, http:\/\/www.strandvejen23.dk\/wp-content\/uploads\/2018\/12\/IMG_4742-e1563481513487-768x1022.jpg 768w\" sizes=\"auto, (max-width: 584px) 100vw, 584px\" \/><\/a><\/p>\n<p style=\"text-align: center;\">Ute med b\u00e5ten n\u00e5gra dagar i b\u00f6rjan av juli<\/p>\n<p style=\"text-align: center;\"><a href=\"http:\/\/www.strandvejen23.dk\/wp-content\/uploads\/2018\/12\/BsoQReTPQGmcIKLda5Cydw.jpg\"><img loading=\"lazy\" decoding=\"async\" class=\"alignnone size-large wp-image-2077\" src=\"http:\/\/www.strandvejen23.dk\/wp-content\/uploads\/2018\/12\/BsoQReTPQGmcIKLda5Cydw-1024x768.jpg\" alt=\"\" width=\"584\" height=\"438\" srcset=\"http:\/\/www.strandvejen23.dk\/wp-content\/uploads\/2018\/12\/BsoQReTPQGmcIKLda5Cydw-1024x768.jpg 1024w, http:\/\/www.strandvejen23.dk\/wp-content\/uploads\/2018\/12\/BsoQReTPQGmcIKLda5Cydw-300x225.jpg 300w, http:\/\/www.strandvejen23.dk\/wp-content\/uploads\/2018\/12\/BsoQReTPQGmcIKLda5Cydw-768x576.jpg 768w, http:\/\/www.strandvejen23.dk\/wp-content\/uploads\/2018\/12\/BsoQReTPQGmcIKLda5Cydw-400x300.jpg 400w\" sizes=\"auto, (max-width: 584px) 100vw, 584px\" \/><\/a><\/p>\n<p style=\"text-align: center;\">Picknick p\u00e5 Stora Sj\u00f6holmen med Denise<\/p>\n<p style=\"text-align: center;\"><a href=\"http:\/\/www.strandvejen23.dk\/wp-content\/uploads\/2018\/12\/HLsElucfRc2adNuK8BjK1Q.jpg\"><img loading=\"lazy\" decoding=\"async\" class=\"alignnone size-large wp-image-2083\" src=\"http:\/\/www.strandvejen23.dk\/wp-content\/uploads\/2018\/12\/HLsElucfRc2adNuK8BjK1Q-1024x768.jpg\" alt=\"\" width=\"584\" height=\"438\" srcset=\"http:\/\/www.strandvejen23.dk\/wp-content\/uploads\/2018\/12\/HLsElucfRc2adNuK8BjK1Q-1024x768.jpg 1024w, http:\/\/www.strandvejen23.dk\/wp-content\/uploads\/2018\/12\/HLsElucfRc2adNuK8BjK1Q-300x225.jpg 300w, http:\/\/www.strandvejen23.dk\/wp-content\/uploads\/2018\/12\/HLsElucfRc2adNuK8BjK1Q-768x576.jpg 768w, http:\/\/www.strandvejen23.dk\/wp-content\/uploads\/2018\/12\/HLsElucfRc2adNuK8BjK1Q-400x300.jpg 400w\" sizes=\"auto, (max-width: 584px) 100vw, 584px\" \/><\/a><\/p>\n<p style=\"text-align: center;\">Kr\u00e4ftafton i hamnen (\u00d6nnereds Brygga) med Ingmar Svenungsson<\/p>\n<p><a href=\"http:\/\/www.strandvejen23.dk\/wp-content\/uploads\/2018\/12\/u3ykFmTiQpivXjtnJ31rg.jpg\"><img loading=\"lazy\" decoding=\"async\" class=\"alignnone size-large wp-image-2074\" src=\"http:\/\/www.strandvejen23.dk\/wp-content\/uploads\/2018\/12\/u3ykFmTiQpivXjtnJ31rg-1024x768.jpg\" alt=\"\" width=\"584\" height=\"438\" srcset=\"http:\/\/www.strandvejen23.dk\/wp-content\/uploads\/2018\/12\/u3ykFmTiQpivXjtnJ31rg-1024x768.jpg 1024w, http:\/\/www.strandvejen23.dk\/wp-content\/uploads\/2018\/12\/u3ykFmTiQpivXjtnJ31rg-300x225.jpg 300w, http:\/\/www.strandvejen23.dk\/wp-content\/uploads\/2018\/12\/u3ykFmTiQpivXjtnJ31rg-768x576.jpg 768w, http:\/\/www.strandvejen23.dk\/wp-content\/uploads\/2018\/12\/u3ykFmTiQpivXjtnJ31rg-400x300.jpg 400w\" sizes=\"auto, (max-width: 584px) 100vw, 584px\" \/><\/a><\/p>\n<p style=\"text-align: center;\">&nbsp;Anna &amp; Denise p\u00e5 Knarrholmens restaurang i G\u00f6teborgs s\u00f6dra sk\u00e4rg\u00e5rd<\/p>\n<p style=\"text-align: center;\"><img loading=\"lazy\" decoding=\"async\" class=\"alignnone size-large wp-image-2102\" src=\"http:\/\/www.strandvejen23.dk\/wp-content\/uploads\/2018\/12\/xxYxTfoHQqRmvwttVxfHw-1024x768.jpg\" alt=\"\" width=\"584\" height=\"438\" srcset=\"http:\/\/www.strandvejen23.dk\/wp-content\/uploads\/2018\/12\/xxYxTfoHQqRmvwttVxfHw-1024x768.jpg 1024w, http:\/\/www.strandvejen23.dk\/wp-content\/uploads\/2018\/12\/xxYxTfoHQqRmvwttVxfHw-300x225.jpg 300w, http:\/\/www.strandvejen23.dk\/wp-content\/uploads\/2018\/12\/xxYxTfoHQqRmvwttVxfHw-768x576.jpg 768w, http:\/\/www.strandvejen23.dk\/wp-content\/uploads\/2018\/12\/xxYxTfoHQqRmvwttVxfHw-400x300.jpg 400w\" sizes=\"auto, (max-width: 584px) 100vw, 584px\" \/><\/p>\n<p style=\"text-align: center;\">Strandvejen 23 anno 2019<\/p>\n<p style=\"text-align: center;\"><img loading=\"lazy\" decoding=\"async\" class=\"alignnone size-large wp-image-2101\" src=\"http:\/\/www.strandvejen23.dk\/wp-content\/uploads\/2018\/12\/YMPCC8RjSXOY7n0iOoAFg-1024x768.jpg\" alt=\"\" width=\"584\" height=\"438\" srcset=\"http:\/\/www.strandvejen23.dk\/wp-content\/uploads\/2018\/12\/YMPCC8RjSXOY7n0iOoAFg-1024x768.jpg 1024w, http:\/\/www.strandvejen23.dk\/wp-content\/uploads\/2018\/12\/YMPCC8RjSXOY7n0iOoAFg-300x225.jpg 300w, http:\/\/www.strandvejen23.dk\/wp-content\/uploads\/2018\/12\/YMPCC8RjSXOY7n0iOoAFg-768x576.jpg 768w, http:\/\/www.strandvejen23.dk\/wp-content\/uploads\/2018\/12\/YMPCC8RjSXOY7n0iOoAFg-400x300.jpg 400w\" sizes=\"auto, (max-width: 584px) 100vw, 584px\" \/><\/p>\n<p style=\"text-align: center;\"><a href=\"http:\/\/www.strandvejen23.dk\/wp-content\/uploads\/2018\/12\/fullsizeoutput_3961.jpeg\"><img loading=\"lazy\" decoding=\"async\" class=\"alignnone size-large wp-image-2070\" src=\"http:\/\/www.strandvejen23.dk\/wp-content\/uploads\/2018\/12\/fullsizeoutput_3961-768x1024.jpeg\" alt=\"\" width=\"584\" height=\"779\" srcset=\"http:\/\/www.strandvejen23.dk\/wp-content\/uploads\/2018\/12\/fullsizeoutput_3961-768x1024.jpeg 768w, http:\/\/www.strandvejen23.dk\/wp-content\/uploads\/2018\/12\/fullsizeoutput_3961-225x300.jpeg 225w\" sizes=\"auto, (max-width: 584px) 100vw, 584px\" \/><\/a><\/p>\n<p style=\"text-align: center;\">Danska damer p\u00e5&nbsp;L\u00e6s\u00f8<\/p>\n<p style=\"text-align: center;\"><a href=\"http:\/\/www.strandvejen23.dk\/wp-content\/uploads\/2018\/12\/IMG_4773.png\"><img loading=\"lazy\" decoding=\"async\" class=\"alignnone size-full wp-image-2108\" src=\"http:\/\/www.strandvejen23.dk\/wp-content\/uploads\/2018\/12\/IMG_4773.png\" alt=\"\" width=\"640\" height=\"480\" srcset=\"http:\/\/www.strandvejen23.dk\/wp-content\/uploads\/2018\/12\/IMG_4773.png 640w, http:\/\/www.strandvejen23.dk\/wp-content\/uploads\/2018\/12\/IMG_4773-300x225.png 300w, http:\/\/www.strandvejen23.dk\/wp-content\/uploads\/2018\/12\/IMG_4773-400x300.png 400w\" sizes=\"auto, (max-width: 640px) 100vw, 640px\" \/><\/a><\/p>\n<p style=\"text-align: center;\">Ny &#8221;milestone&#8221; p\u00e5 Strandvejen 23&nbsp; under konstfestivalen p\u00e5 L\u00e6s\u00f8 2019<\/p>\n\n\n<figure class=\"wp-block-image\"><img loading=\"lazy\" decoding=\"async\" width=\"768\" height=\"1024\" src=\"http:\/\/www.strandvejen23.dk\/wp-content\/uploads\/2019\/12\/fullsizeoutput_399c-1-768x1024.jpeg\" alt=\"\" class=\"wp-image-2122\" srcset=\"http:\/\/www.strandvejen23.dk\/wp-content\/uploads\/2019\/12\/fullsizeoutput_399c-1-768x1024.jpeg 768w, http:\/\/www.strandvejen23.dk\/wp-content\/uploads\/2019\/12\/fullsizeoutput_399c-1-225x300.jpeg 225w\" sizes=\"auto, (max-width: 768px) 100vw, 768px\" \/><\/figure>\n\n\n\n<figure class=\"wp-block-image\"><a href=\"http:\/\/www.strandvejen23.dk\/wp-content\/uploads\/2018\/12\/TrYSXaqQOCqXFN4S0RHg-e1567159681653.jpg\"><img loading=\"lazy\" decoding=\"async\" width=\"768\" height=\"1024\" src=\"http:\/\/www.strandvejen23.dk\/wp-content\/uploads\/2018\/12\/TrYSXaqQOCqXFN4S0RHg-e1567159681653-768x1024.jpg\" alt=\"\" class=\"wp-image-2105\" srcset=\"http:\/\/www.strandvejen23.dk\/wp-content\/uploads\/2018\/12\/TrYSXaqQOCqXFN4S0RHg-e1567159681653-768x1024.jpg 768w, http:\/\/www.strandvejen23.dk\/wp-content\/uploads\/2018\/12\/TrYSXaqQOCqXFN4S0RHg-e1567159681653-225x300.jpg 225w\" sizes=\"auto, (max-width: 768px) 100vw, 768px\" \/><\/a><\/figure>\n\n\n\n<p class=\"has-text-align-center\">Astrid, Johan och Louise<\/p>\n\n\n\n<figure class=\"wp-block-image\"><a href=\"http:\/\/www.strandvejen23.dk\/wp-content\/uploads\/2018\/12\/5ZC2yoXOSgyNY3jTvMpJBg.jpg\"><img loading=\"lazy\" decoding=\"async\" width=\"1024\" height=\"768\" src=\"http:\/\/www.strandvejen23.dk\/wp-content\/uploads\/2018\/12\/5ZC2yoXOSgyNY3jTvMpJBg-1024x768.jpg\" alt=\"\" class=\"wp-image-2071\" srcset=\"http:\/\/www.strandvejen23.dk\/wp-content\/uploads\/2018\/12\/5ZC2yoXOSgyNY3jTvMpJBg-1024x768.jpg 1024w, http:\/\/www.strandvejen23.dk\/wp-content\/uploads\/2018\/12\/5ZC2yoXOSgyNY3jTvMpJBg-300x225.jpg 300w, http:\/\/www.strandvejen23.dk\/wp-content\/uploads\/2018\/12\/5ZC2yoXOSgyNY3jTvMpJBg-768x576.jpg 768w, http:\/\/www.strandvejen23.dk\/wp-content\/uploads\/2018\/12\/5ZC2yoXOSgyNY3jTvMpJBg-400x300.jpg 400w\" sizes=\"auto, (max-width: 1024px) 100vw, 1024px\" \/><\/a><\/figure>\n\n\n\n<p class=\"has-text-align-center\">Vester\u00f8 strand en vacker sommardag<\/p>\n\n\n\n<figure class=\"wp-block-image\"><a href=\"http:\/\/www.strandvejen23.dk\/wp-content\/uploads\/2018\/12\/fullsizeoutput_395e.jpeg\"><img loading=\"lazy\" decoding=\"async\" width=\"768\" height=\"1024\" src=\"http:\/\/www.strandvejen23.dk\/wp-content\/uploads\/2018\/12\/fullsizeoutput_395e-768x1024.jpeg\" alt=\"\" class=\"wp-image-2096\" srcset=\"http:\/\/www.strandvejen23.dk\/wp-content\/uploads\/2018\/12\/fullsizeoutput_395e-768x1024.jpeg 768w, http:\/\/www.strandvejen23.dk\/wp-content\/uploads\/2018\/12\/fullsizeoutput_395e-225x300.jpeg 225w\" sizes=\"auto, (max-width: 768px) 100vw, 768px\" \/><\/a><\/figure>\n\n\n\n<p class=\"has-text-align-center\">Nils<\/p>\n\n\n\n<figure class=\"wp-block-image\"><a href=\"http:\/\/www.strandvejen23.dk\/wp-content\/uploads\/2018\/12\/IMG_4800-e1567159007164.jpg\"><img loading=\"lazy\" decoding=\"async\" width=\"768\" height=\"1024\" src=\"http:\/\/www.strandvejen23.dk\/wp-content\/uploads\/2018\/12\/IMG_4800-e1567159007164-768x1024.jpg\" alt=\"\" class=\"wp-image-2097\" srcset=\"http:\/\/www.strandvejen23.dk\/wp-content\/uploads\/2018\/12\/IMG_4800-e1567159007164-768x1024.jpg 768w, http:\/\/www.strandvejen23.dk\/wp-content\/uploads\/2018\/12\/IMG_4800-e1567159007164-225x300.jpg 225w\" sizes=\"auto, (max-width: 768px) 100vw, 768px\" \/><\/a><\/figure>\n\n\n\n<p class=\"has-text-align-center\">Jens och Katarina<\/p>\n\n\n\n<figure class=\"wp-block-image\"><a href=\"http:\/\/www.strandvejen23.dk\/wp-content\/uploads\/2018\/12\/HPzIhelNRPi0TxrF76L9Cg-e1567159022822.jpg\"><img loading=\"lazy\" decoding=\"async\" width=\"768\" height=\"1024\" src=\"http:\/\/www.strandvejen23.dk\/wp-content\/uploads\/2018\/12\/HPzIhelNRPi0TxrF76L9Cg-e1567159022822-768x1024.jpg\" alt=\"\" class=\"wp-image-2098\" srcset=\"http:\/\/www.strandvejen23.dk\/wp-content\/uploads\/2018\/12\/HPzIhelNRPi0TxrF76L9Cg-e1567159022822-768x1024.jpg 768w, http:\/\/www.strandvejen23.dk\/wp-content\/uploads\/2018\/12\/HPzIhelNRPi0TxrF76L9Cg-e1567159022822-225x300.jpg 225w\" sizes=\"auto, (max-width: 768px) 100vw, 768px\" \/><\/a><figcaption>John<\/figcaption><\/figure>\n\n\n\n<figure class=\"wp-block-image\"><img loading=\"lazy\" decoding=\"async\" width=\"1024\" height=\"769\" src=\"http:\/\/www.strandvejen23.dk\/wp-content\/uploads\/2019\/12\/fullsizeoutput_39d9-1024x769.jpeg\" alt=\"\" class=\"wp-image-2123\" srcset=\"http:\/\/www.strandvejen23.dk\/wp-content\/uploads\/2019\/12\/fullsizeoutput_39d9-1024x769.jpeg 1024w, http:\/\/www.strandvejen23.dk\/wp-content\/uploads\/2019\/12\/fullsizeoutput_39d9-300x225.jpeg 300w, http:\/\/www.strandvejen23.dk\/wp-content\/uploads\/2019\/12\/fullsizeoutput_39d9-768x577.jpeg 768w, http:\/\/www.strandvejen23.dk\/wp-content\/uploads\/2019\/12\/fullsizeoutput_39d9-399x300.jpeg 399w\" sizes=\"auto, (max-width: 1024px) 100vw, 1024px\" \/><figcaption>2019 \u00e5rs crew i Kroatien<br>Ingmar, Denise, Anne, Liss, Tommy, Lisbeth och skepparen Per<\/figcaption><\/figure>\n\n\n\n<figure class=\"wp-block-image\"><a href=\"http:\/\/www.strandvejen23.dk\/wp-content\/uploads\/2018\/12\/fxk1HBnpSF6TIJXcZP9TMg.jpg\"><img loading=\"lazy\" decoding=\"async\" width=\"1024\" height=\"768\" src=\"http:\/\/www.strandvejen23.dk\/wp-content\/uploads\/2018\/12\/fxk1HBnpSF6TIJXcZP9TMg-1024x768.jpg\" alt=\"\" class=\"wp-image-2099\" srcset=\"http:\/\/www.strandvejen23.dk\/wp-content\/uploads\/2018\/12\/fxk1HBnpSF6TIJXcZP9TMg-1024x768.jpg 1024w, http:\/\/www.strandvejen23.dk\/wp-content\/uploads\/2018\/12\/fxk1HBnpSF6TIJXcZP9TMg-300x225.jpg 300w, http:\/\/www.strandvejen23.dk\/wp-content\/uploads\/2018\/12\/fxk1HBnpSF6TIJXcZP9TMg-768x576.jpg 768w, http:\/\/www.strandvejen23.dk\/wp-content\/uploads\/2018\/12\/fxk1HBnpSF6TIJXcZP9TMg-400x300.jpg 400w\" sizes=\"auto, (max-width: 1024px) 100vw, 1024px\" \/><\/a><\/figure>\n\n\n\n<p class=\"has-text-align-center\">Per<\/p>\n\n\n\n<figure class=\"wp-block-image\"><a href=\"http:\/\/www.strandvejen23.dk\/wp-content\/uploads\/2018\/12\/NHNMRlg6Rqev1c2WQ9PMDg-e1567159048204.jpg\"><img loading=\"lazy\" decoding=\"async\" width=\"768\" height=\"1024\" src=\"http:\/\/www.strandvejen23.dk\/wp-content\/uploads\/2018\/12\/NHNMRlg6Rqev1c2WQ9PMDg-e1567159048204-768x1024.jpg\" alt=\"\" class=\"wp-image-2100\" srcset=\"http:\/\/www.strandvejen23.dk\/wp-content\/uploads\/2018\/12\/NHNMRlg6Rqev1c2WQ9PMDg-e1567159048204-768x1024.jpg 768w, http:\/\/www.strandvejen23.dk\/wp-content\/uploads\/2018\/12\/NHNMRlg6Rqev1c2WQ9PMDg-e1567159048204-225x300.jpg 225w\" sizes=\"auto, (max-width: 768px) 100vw, 768px\" \/><\/a><\/figure>\n\n\n\n<p class=\"has-text-align-center\">&nbsp;Denise<\/p>\n\n\n\n<p class=\"has-text-align-right\">\u00d6nnered december 2019<\/p>\n\n\n\n<p class=\"has-text-align-center\"><strong>\u00c5rsbrev 2019<\/strong><\/p>\n\n\n\n<p>K\u00e4ra familj och v\u00e4nner,<\/p>\n\n\n\n<p>S\u00e5 har \u00e4nnu ett \u00e5r g\u00e5tt till \u00e4nda. H\u00e4r kommer en\nsammanfattning av vad som har h\u00e4nt kring oss.<\/p>\n\n\n\n<p>Det st\u00f6rsta som har h\u00e4nt senaste \u00e5ret har varit att f\u00f6lja\nAstrid, min son Johan och Louise;s dotter under sitt f\u00f6rsta \u00e5r. Oj, vad hon har\nvuxit och utvecklats! Johan skickar regelbundet uppdateringar p\u00e5 nya framsteg.\nNyligen fyllde Astrid ett \u00e5r och nu kan hon b\u00e5de g\u00e5 och har b\u00f6rjat tala. Helt\nfantastiskt!<\/p>\n\n\n\n<p><strong>Vi njuter av livet<\/strong><\/p>\n\n\n\n<p>Detta \u00e5r har varit ett \u00e5r i h\u00e4lsans tecken med m\u00e5nga fantastiska\nupplevelser. Denise och jag har som sedvanligt rest en hel del och bl.a. \u00e5terbes\u00f6k\np\u00e5 Seychellerna, USA (NYC + Kalifornien) och Kroatien. Vi njuter av livet,\nnaturen och musiken tillsammans med v\u00e4nner och sl\u00e4ktingar i s\u00e5v\u00e4l Danmark,\nSverige som USA. Denise har ocks\u00e5 bes\u00f6kt sin gamla moster, Lise (98 \u00e5r) i\nManchester, England vid ett flertal tillf\u00e4llen.<\/p>\n\n\n\n<p>Favoritsylls\u00e4ttningarna \u00e4r annars att g\u00e5 m\u00e5nga och l\u00e5nga promenader med v\u00e5r labrador Mika, lyssna p\u00e5 live musik, spela p\u00e5 min nya tenorsaxofon samt segla med v\u00e4nner i Kroatien. \u26f5\ufe0f <\/p>\n\n\n\n<p>Det har ocks\u00e5 blivit en och annan tur med v\u00e5r m\/s Kalua i G\u00f6teborgs sk\u00e4rg\u00e5rd.<\/p>\n\n\n\n<p>Ja, s\u00e5 spelar jag fortfarande tennis en g\u00e5ng i veckan och cyklar lite d\u00e5 och d\u00e5.<\/p>\n\n\n\n<p><strong>Vi k\u00e4nner oss riktigt lyckligt lottade<\/strong><\/p>\n\n\n\n<p>Det \u00e4r inte utan att vi ofta reflekterar \u00f6ver hur lyckligt\nlottade vi \u00e4r som delar vardagen med varandra och att vi r\u00e5r \u00f6ver v\u00e5r egen tid med\ntv\u00e5 dejliga hus n\u00e4ra havet (Kattegatt) i b\u00e5de Sverige och Danmark. Vi \u00e4lskar olika\nkulturer och att ha m\u00e5nga v\u00e4nner runt om i v\u00e4rlden samtidigt som vi bor i\nSkandinavien. <\/p>\n\n\n\n<p><strong>Nu till n\u00e5got som \u00e4r mer problematiskt<\/strong><\/p>\n\n\n\n<p>Inte allt i v\u00e5r omv\u00e4rld \u00e4r lika enkelt. Det \u00e4r m\u00e5nga som inte har det lika bra som oss. Samtidigt ser vi dessv\u00e4rre en \u00f6kad nationalism, protektionism, individualism ja, t.om. <a href=\"https:\/\/sv.wikipedia.org\/wiki\/V%C3%A4lf%C3%A4rdschauvinism\" target=\"_blank\" rel=\"noreferrer noopener\" aria-label=\" (\u00f6ppnas i en ny flik)\">v\u00e4lf\u00e4rdschauvinism<\/a> i s\u00e5v\u00e4l Sverige, Danmark som runt om i v\u00e4rlden.<\/p>\n\n\n\n<p>Vi ser ocks\u00e5 ett allt mer problematiskt samh\u00e4llsklimat med terror, g\u00e4ngv\u00e5ld med skjutningar p\u00e5 \u00f6ppen gata, bilbr\u00e4nder, gr\u00e4ns\u00f6vervakning, m.m. och rop p\u00e5 h\u00e5rdare tag. Detta \u00e4r en utveckling som \u00e4r mycket oroande. Vore det inte b\u00e4ttre med \u00f6kad samf\u00f6rst\u00e5else?<\/p>\n\n\n\n<p><strong>\u00d6kat milj\u00f6medvetande<\/strong><\/p>\n\n\n\n<p>Det g\u00e5r knappast att sammanfatta detta \u00e5r utan att n\u00e4mna milj\u00f6n. Visserligen flyger vi en hel del men f\u00f6rs\u00f6ker \u00e4nd\u00e5 att v\u00e4rna om milj\u00f6n. Vi st\u00e4ller bilen s\u00e5 ofta det bara g\u00e5r och \u00e5ker g\u00e4rna kollektivt med buss eller t\u00e5g. S\u00e5v\u00e4l vi som andra kan s\u00e4kert g\u00f6ra mycket mer f\u00f6r att v\u00e4rna om v\u00e5r milj\u00f6. Det m\u00e5ste vi jobba p\u00e5. Hoppas att fler slutar att f\u00f6rneka denna utveckling och hoppar p\u00e5 detta t\u00e5g. S\u00e5h\u00e4r kan det inte fortg\u00e5!<\/p>\n\n\n\n<p><strong>N\u00e4sta decennium<\/strong><\/p>\n\n\n\n<p>N\u00e4sta decennium hoppas vi f\u00e5 uppleva minst lika mycket som\ndet senaste med m\u00e5nga underbara stunder tillsammans med v\u00e5ra v\u00e4nner, n\u00e4ra och\nk\u00e4ra.<\/p>\n\n\n\n<p class=\"has-text-align-center\"><strong>Gott nytt Decennium<\/strong><\/p>\n\n\n\n<p class=\"has-text-align-center\"><strong>&nbsp;\u00d6nskar<\/strong><\/p>\n\n\n\n<p class=\"has-text-align-center\"><strong>Denise och Per<\/strong><\/p>\n","protected":false},"excerpt":{"rendered":"<p>Ett h\u00e4ndelserikt \u00e5r tillsammans med m\u00e5nga v\u00e4nner i hela v\u00e4rlden! \u00c5ret b\u00f6rjade med att fira ny\u00e5r tillsammans med v\u00e5ra musikv\u00e4nner fr\u00e5n G\u00f6teborgs Bluesf\u00f6rening (Lennart M\u00e5rtensson och Jimmy Donnerby) p\u00e5 Kyrkbytorget, Hisingen i G\u00f6teborg. J\u00e4tteroligt med m\u00e5nga (100-tals) dansanta Hisingsbor d\u00e4r &hellip; <a href=\"http:\/\/www.strandvejen23.dk\/?page_id=1954\">L\u00e4s mer <span class=\"meta-nav\">&rarr;<\/span><\/a><\/p>\n","protected":false},"author":3,"featured_media":0,"parent":0,"menu_order":0,"comment_status":"closed","ping_status":"closed","template":"","meta":{"footnotes":""},"class_list":["post-1954","page","type-page","status-publish","hentry"],"_links":{"self":[{"href":"http:\/\/www.strandvejen23.dk\/index.php?rest_route=\/wp\/v2\/pages\/1954","targetHints":{"allow":["GET"]}}],"collection":[{"href":"http:\/\/www.strandvejen23.dk\/index.php?rest_route=\/wp\/v2\/pages"}],"about":[{"href":"http:\/\/www.strandvejen23.dk\/index.php?rest_route=\/wp\/v2\/types\/page"}],"author":[{"embeddable":true,"href":"http:\/\/www.strandvejen23.dk\/index.php?rest_route=\/wp\/v2\/users\/3"}],"replies":[{"embeddable":true,"href":"http:\/\/www.strandvejen23.dk\/index.php?rest_route=%2Fwp%2Fv2%2Fcomments&post=1954"}],"version-history":[{"count":32,"href":"http:\/\/www.strandvejen23.dk\/index.php?rest_route=\/wp\/v2\/pages\/1954\/revisions"}],"predecessor-version":[{"id":2478,"href":"http:\/\/www.strandvejen23.dk\/index.php?rest_route=\/wp\/v2\/pages\/1954\/revisions\/2478"}],"wp:attachment":[{"href":"http:\/\/www.strandvejen23.dk\/index.php?rest_route=%2Fwp%2Fv2%2Fmedia&parent=1954"}],"curies":[{"name":"wp","href":"https:\/\/api.w.org\/{rel}","templated":true}]}}