{"id":2229,"date":"2021-03-16T19:07:52","date_gmt":"2021-03-16T18:07:52","guid":{"rendered":"http:\/\/www.strandvejen23.dk\/?page_id=2229"},"modified":"2021-11-29T21:27:19","modified_gmt":"2021-11-29T20:27:19","slug":"2021-2","status":"publish","type":"page","link":"http:\/\/www.strandvejen23.dk\/?page_id=2229","title":{"rendered":"2021"},"content":{"rendered":"\n<div class=\"wp-block-image\"><figure class=\"aligncenter size-large\"><a href=\"http:\/\/www.strandvejen23.dk\/wp-content\/uploads\/2021\/03\/wl5lJghWQ1WINXo3rwFDdw-scaled.jpg\"><img loading=\"lazy\" decoding=\"async\" width=\"1024\" height=\"768\" src=\"http:\/\/www.strandvejen23.dk\/wp-content\/uploads\/2021\/03\/wl5lJghWQ1WINXo3rwFDdw-1024x768.jpg\" alt=\"\" class=\"wp-image-2237\" srcset=\"http:\/\/www.strandvejen23.dk\/wp-content\/uploads\/2021\/03\/wl5lJghWQ1WINXo3rwFDdw-1024x768.jpg 1024w, http:\/\/www.strandvejen23.dk\/wp-content\/uploads\/2021\/03\/wl5lJghWQ1WINXo3rwFDdw-300x225.jpg 300w, http:\/\/www.strandvejen23.dk\/wp-content\/uploads\/2021\/03\/wl5lJghWQ1WINXo3rwFDdw-768x576.jpg 768w, http:\/\/www.strandvejen23.dk\/wp-content\/uploads\/2021\/03\/wl5lJghWQ1WINXo3rwFDdw-1536x1152.jpg 1536w, http:\/\/www.strandvejen23.dk\/wp-content\/uploads\/2021\/03\/wl5lJghWQ1WINXo3rwFDdw-2048x1536.jpg 2048w, http:\/\/www.strandvejen23.dk\/wp-content\/uploads\/2021\/03\/wl5lJghWQ1WINXo3rwFDdw-400x300.jpg 400w\" sizes=\"auto, (max-width: 1024px) 100vw, 1024px\" \/><\/a><\/figure><\/div>\n\n\n\n<p>Denna speciella pandemi vinter har vi spenderat mycket tid p\u00e5 L\u00e6s\u00f8 eftersom Denise inte har kunnat komma in i Sverige men jag har kunnat komma in i Danmark (m\u00e4rkligt nog och inte tv\u00e4rt om).<\/p>\n\n\n\n<div class=\"wp-block-image\"><figure class=\"aligncenter size-large\"><a href=\"http:\/\/www.strandvejen23.dk\/wp-content\/uploads\/2021\/03\/fullsizeoutput_3e1f-scaled.jpeg\"><img loading=\"lazy\" decoding=\"async\" width=\"768\" height=\"1024\" src=\"http:\/\/www.strandvejen23.dk\/wp-content\/uploads\/2021\/03\/fullsizeoutput_3e1f-768x1024.jpeg\" alt=\"\" class=\"wp-image-2232\" srcset=\"http:\/\/www.strandvejen23.dk\/wp-content\/uploads\/2021\/03\/fullsizeoutput_3e1f-768x1024.jpeg 768w, http:\/\/www.strandvejen23.dk\/wp-content\/uploads\/2021\/03\/fullsizeoutput_3e1f-225x300.jpeg 225w, http:\/\/www.strandvejen23.dk\/wp-content\/uploads\/2021\/03\/fullsizeoutput_3e1f-1152x1536.jpeg 1152w, http:\/\/www.strandvejen23.dk\/wp-content\/uploads\/2021\/03\/fullsizeoutput_3e1f-1536x2048.jpeg 1536w, http:\/\/www.strandvejen23.dk\/wp-content\/uploads\/2021\/03\/fullsizeoutput_3e1f-scaled.jpeg 1920w\" sizes=\"auto, (max-width: 768px) 100vw, 768px\" \/><\/a><\/figure><\/div>\n\n\n\n<p class=\"has-text-align-center\">Jag har lyssnat p\u00e5 m\u00e5nga poddar och jobbat lite som vanligt. S\u00e5 har g\u00e5tt \u00e5t mycket ved, god mat, \u00f6l och vin. ?<\/p>\n\n\n\n<div class=\"wp-block-image\"><figure class=\"aligncenter size-large\"><a href=\"http:\/\/www.strandvejen23.dk\/wp-content\/uploads\/2021\/03\/pstI3CHSj6LKz69AkxAw-scaled.jpg\"><img loading=\"lazy\" decoding=\"async\" width=\"768\" height=\"1024\" src=\"http:\/\/www.strandvejen23.dk\/wp-content\/uploads\/2021\/03\/pstI3CHSj6LKz69AkxAw-768x1024.jpg\" alt=\"\" class=\"wp-image-2240\" srcset=\"http:\/\/www.strandvejen23.dk\/wp-content\/uploads\/2021\/03\/pstI3CHSj6LKz69AkxAw-768x1024.jpg 768w, http:\/\/www.strandvejen23.dk\/wp-content\/uploads\/2021\/03\/pstI3CHSj6LKz69AkxAw-225x300.jpg 225w, http:\/\/www.strandvejen23.dk\/wp-content\/uploads\/2021\/03\/pstI3CHSj6LKz69AkxAw-1152x1536.jpg 1152w, http:\/\/www.strandvejen23.dk\/wp-content\/uploads\/2021\/03\/pstI3CHSj6LKz69AkxAw-1536x2048.jpg 1536w, http:\/\/www.strandvejen23.dk\/wp-content\/uploads\/2021\/03\/pstI3CHSj6LKz69AkxAw-scaled.jpg 1920w\" sizes=\"auto, (max-width: 768px) 100vw, 768px\" \/><\/a><figcaption>V\u00e5rsolen b\u00f6rjar titta in i stugan<\/figcaption><\/figure><\/div>\n\n\n\n<p><strong>V\u00e5rens projekt: <\/strong><\/p>\n\n\n\n<p>Bygga ett litet annex\/uthus f\u00f6r sommarg\u00e4ster, musikstudio och vinterf\u00f6rvaring av cyklar, etc.<\/p>\n\n\n\n<figure class=\"wp-block-gallery columns-1 is-cropped wp-block-gallery-1 is-layout-flex wp-block-gallery-is-layout-flex\"><ul class=\"blocks-gallery-grid\"><li class=\"blocks-gallery-item\"><figure><a href=\"http:\/\/www.strandvejen23.dk\/wp-content\/uploads\/2021\/05\/fullsizeoutput_3e51-scaled.jpeg\"><img loading=\"lazy\" decoding=\"async\" width=\"922\" height=\"1024\" src=\"http:\/\/www.strandvejen23.dk\/wp-content\/uploads\/2021\/05\/fullsizeoutput_3e51-922x1024.jpeg\" alt=\"\" data-id=\"2270\" data-full-url=\"http:\/\/www.strandvejen23.dk\/wp-content\/uploads\/2021\/05\/fullsizeoutput_3e51-scaled.jpeg\" data-link=\"http:\/\/www.strandvejen23.dk\/?attachment_id=2270\" class=\"wp-image-2270\" srcset=\"http:\/\/www.strandvejen23.dk\/wp-content\/uploads\/2021\/05\/fullsizeoutput_3e51-922x1024.jpeg 922w, http:\/\/www.strandvejen23.dk\/wp-content\/uploads\/2021\/05\/fullsizeoutput_3e51-270x300.jpeg 270w, http:\/\/www.strandvejen23.dk\/wp-content\/uploads\/2021\/05\/fullsizeoutput_3e51-768x853.jpeg 768w, http:\/\/www.strandvejen23.dk\/wp-content\/uploads\/2021\/05\/fullsizeoutput_3e51-1383x1536.jpeg 1383w, http:\/\/www.strandvejen23.dk\/wp-content\/uploads\/2021\/05\/fullsizeoutput_3e51-1843x2048.jpeg 1843w\" sizes=\"auto, (max-width: 922px) 100vw, 922px\" \/><\/a><\/figure><\/li><\/ul><\/figure>\n\n\n\n<div class=\"wp-block-image\"><figure class=\"aligncenter size-large\"><a href=\"http:\/\/www.strandvejen23.dk\/wp-content\/uploads\/2021\/05\/V9A5Rz8ReqNPSlpD9NG1Q-scaled.jpg\"><img loading=\"lazy\" decoding=\"async\" width=\"1024\" height=\"769\" src=\"http:\/\/www.strandvejen23.dk\/wp-content\/uploads\/2021\/05\/V9A5Rz8ReqNPSlpD9NG1Q-1024x769.jpg\" alt=\"\" class=\"wp-image-2300\" srcset=\"http:\/\/www.strandvejen23.dk\/wp-content\/uploads\/2021\/05\/V9A5Rz8ReqNPSlpD9NG1Q-1024x769.jpg 1024w, http:\/\/www.strandvejen23.dk\/wp-content\/uploads\/2021\/05\/V9A5Rz8ReqNPSlpD9NG1Q-300x225.jpg 300w, http:\/\/www.strandvejen23.dk\/wp-content\/uploads\/2021\/05\/V9A5Rz8ReqNPSlpD9NG1Q-768x577.jpg 768w, http:\/\/www.strandvejen23.dk\/wp-content\/uploads\/2021\/05\/V9A5Rz8ReqNPSlpD9NG1Q-1536x1154.jpg 1536w, http:\/\/www.strandvejen23.dk\/wp-content\/uploads\/2021\/05\/V9A5Rz8ReqNPSlpD9NG1Q-2048x1539.jpg 2048w, http:\/\/www.strandvejen23.dk\/wp-content\/uploads\/2021\/05\/V9A5Rz8ReqNPSlpD9NG1Q-399x300.jpg 399w\" sizes=\"auto, (max-width: 1024px) 100vw, 1024px\" \/><\/a><figcaption>Familjen Ahlberg p\u00e5 utflykt i G\u00f6teborgs s\u00f6dra sk\u00e4rg\u00e5rd<\/figcaption><\/figure><\/div>\n\n\n\n<figure class=\"wp-block-image size-large\"><a href=\"http:\/\/www.strandvejen23.dk\/wp-content\/uploads\/2021\/07\/fullsizeoutput_3edb-scaled.jpeg\"><img loading=\"lazy\" decoding=\"async\" width=\"768\" height=\"1024\" src=\"http:\/\/www.strandvejen23.dk\/wp-content\/uploads\/2021\/07\/fullsizeoutput_3edb-768x1024.jpeg\" alt=\"\" class=\"wp-image-2362\" srcset=\"http:\/\/www.strandvejen23.dk\/wp-content\/uploads\/2021\/07\/fullsizeoutput_3edb-768x1024.jpeg 768w, http:\/\/www.strandvejen23.dk\/wp-content\/uploads\/2021\/07\/fullsizeoutput_3edb-225x300.jpeg 225w, http:\/\/www.strandvejen23.dk\/wp-content\/uploads\/2021\/07\/fullsizeoutput_3edb-1152x1536.jpeg 1152w, http:\/\/www.strandvejen23.dk\/wp-content\/uploads\/2021\/07\/fullsizeoutput_3edb-1536x2048.jpeg 1536w, http:\/\/www.strandvejen23.dk\/wp-content\/uploads\/2021\/07\/fullsizeoutput_3edb-scaled.jpeg 1920w\" sizes=\"auto, (max-width: 768px) 100vw, 768px\" \/><\/a><figcaption>Denise p\u00e5 Endelave<\/figcaption><\/figure>\n\n\n\n<figure class=\"wp-block-image size-large\"><a href=\"http:\/\/www.strandvejen23.dk\/wp-content\/uploads\/2021\/11\/UNADJUSTEDNONRAW_thumb_8352.jpg\"><img loading=\"lazy\" decoding=\"async\" width=\"1024\" height=\"761\" src=\"http:\/\/www.strandvejen23.dk\/wp-content\/uploads\/2021\/11\/UNADJUSTEDNONRAW_thumb_8352-1024x761.jpg\" alt=\"\" class=\"wp-image-2375\" srcset=\"http:\/\/www.strandvejen23.dk\/wp-content\/uploads\/2021\/11\/UNADJUSTEDNONRAW_thumb_8352-1024x761.jpg 1024w, http:\/\/www.strandvejen23.dk\/wp-content\/uploads\/2021\/11\/UNADJUSTEDNONRAW_thumb_8352-300x223.jpg 300w, http:\/\/www.strandvejen23.dk\/wp-content\/uploads\/2021\/11\/UNADJUSTEDNONRAW_thumb_8352-768x570.jpg 768w, http:\/\/www.strandvejen23.dk\/wp-content\/uploads\/2021\/11\/UNADJUSTEDNONRAW_thumb_8352-404x300.jpg 404w, http:\/\/www.strandvejen23.dk\/wp-content\/uploads\/2021\/11\/UNADJUSTEDNONRAW_thumb_8352.jpg 1026w\" sizes=\"auto, (max-width: 1024px) 100vw, 1024px\" \/><\/a><figcaption>Segling i Kroatien med Denise och h\u00e4rliga br\u00f6der<\/figcaption><\/figure>\n\n\n\n<figure class=\"wp-block-image size-full\"><a href=\"http:\/\/www.strandvejen23.dk\/wp-content\/uploads\/2021\/11\/UNADJUSTEDNONRAW_thumb_8365.jpg\"><img loading=\"lazy\" decoding=\"async\" width=\"1024\" height=\"768\" src=\"http:\/\/www.strandvejen23.dk\/wp-content\/uploads\/2021\/11\/UNADJUSTEDNONRAW_thumb_8365.jpg\" alt=\"\" class=\"wp-image-2373\" srcset=\"http:\/\/www.strandvejen23.dk\/wp-content\/uploads\/2021\/11\/UNADJUSTEDNONRAW_thumb_8365.jpg 1024w, http:\/\/www.strandvejen23.dk\/wp-content\/uploads\/2021\/11\/UNADJUSTEDNONRAW_thumb_8365-300x225.jpg 300w, http:\/\/www.strandvejen23.dk\/wp-content\/uploads\/2021\/11\/UNADJUSTEDNONRAW_thumb_8365-768x576.jpg 768w, http:\/\/www.strandvejen23.dk\/wp-content\/uploads\/2021\/11\/UNADJUSTEDNONRAW_thumb_8365-400x300.jpg 400w\" sizes=\"auto, (max-width: 1024px) 100vw, 1024px\" \/><\/a><figcaption>Frans och pappa Johan<\/figcaption><\/figure>\n\n\n\n<figure class=\"wp-block-image size-large\"><a href=\"http:\/\/www.strandvejen23.dk\/wp-content\/uploads\/2021\/11\/fullsizeoutput_3f86-scaled.jpeg\"><img loading=\"lazy\" decoding=\"async\" width=\"768\" height=\"1024\" src=\"http:\/\/www.strandvejen23.dk\/wp-content\/uploads\/2021\/11\/fullsizeoutput_3f86-768x1024.jpeg\" alt=\"\" class=\"wp-image-2369\" srcset=\"http:\/\/www.strandvejen23.dk\/wp-content\/uploads\/2021\/11\/fullsizeoutput_3f86-768x1024.jpeg 768w, http:\/\/www.strandvejen23.dk\/wp-content\/uploads\/2021\/11\/fullsizeoutput_3f86-225x300.jpeg 225w, http:\/\/www.strandvejen23.dk\/wp-content\/uploads\/2021\/11\/fullsizeoutput_3f86-1152x1536.jpeg 1152w, http:\/\/www.strandvejen23.dk\/wp-content\/uploads\/2021\/11\/fullsizeoutput_3f86-1536x2048.jpeg 1536w, http:\/\/www.strandvejen23.dk\/wp-content\/uploads\/2021\/11\/fullsizeoutput_3f86-scaled.jpeg 1920w\" sizes=\"auto, (max-width: 768px) 100vw, 768px\" \/><\/a><figcaption>Tom och dotter Anna p\u00e5 bes\u00f6k i \u00d6nnered \u2764\ufe0f<\/figcaption><\/figure>\n\n\n\n<figure class=\"wp-block-image size-full\"><a href=\"http:\/\/www.strandvejen23.dk\/wp-content\/uploads\/2021\/11\/Statshuset.jpg\"><img loading=\"lazy\" decoding=\"async\" width=\"453\" height=\"604\" src=\"http:\/\/www.strandvejen23.dk\/wp-content\/uploads\/2021\/11\/Statshuset.jpg\" alt=\"\" class=\"wp-image-2378\" srcset=\"http:\/\/www.strandvejen23.dk\/wp-content\/uploads\/2021\/11\/Statshuset.jpg 453w, http:\/\/www.strandvejen23.dk\/wp-content\/uploads\/2021\/11\/Statshuset-225x300.jpg 225w\" sizes=\"auto, (max-width: 453px) 100vw, 453px\" \/><\/a><figcaption>&#8221;Nobelmiddag&#8221; i stadshuset, Stockholm<\/figcaption><\/figure>\n\n\n\n<p><\/p>\n","protected":false},"excerpt":{"rendered":"<p>Denna speciella pandemi vinter har vi spenderat mycket tid p\u00e5 L\u00e6s\u00f8 eftersom Denise inte har kunnat komma in i Sverige men jag har kunnat komma in i Danmark (m\u00e4rkligt nog och inte tv\u00e4rt om). Jag har lyssnat p\u00e5 m\u00e5nga poddar &hellip; <a href=\"http:\/\/www.strandvejen23.dk\/?page_id=2229\">L\u00e4s mer <span class=\"meta-nav\">&rarr;<\/span><\/a><\/p>\n","protected":false},"author":3,"featured_media":0,"parent":0,"menu_order":0,"comment_status":"closed","ping_status":"closed","template":"","meta":{"footnotes":""},"class_list":["post-2229","page","type-page","status-publish","hentry"],"_links":{"self":[{"href":"http:\/\/www.strandvejen23.dk\/index.php?rest_route=\/wp\/v2\/pages\/2229","targetHints":{"allow":["GET"]}}],"collection":[{"href":"http:\/\/www.strandvejen23.dk\/index.php?rest_route=\/wp\/v2\/pages"}],"about":[{"href":"http:\/\/www.strandvejen23.dk\/index.php?rest_route=\/wp\/v2\/types\/page"}],"author":[{"embeddable":true,"href":"http:\/\/www.strandvejen23.dk\/index.php?rest_route=\/wp\/v2\/users\/3"}],"replies":[{"embeddable":true,"href":"http:\/\/www.strandvejen23.dk\/index.php?rest_route=%2Fwp%2Fv2%2Fcomments&post=2229"}],"version-history":[{"count":22,"href":"http:\/\/www.strandvejen23.dk\/index.php?rest_route=\/wp\/v2\/pages\/2229\/revisions"}],"predecessor-version":[{"id":2383,"href":"http:\/\/www.strandvejen23.dk\/index.php?rest_route=\/wp\/v2\/pages\/2229\/revisions\/2383"}],"wp:attachment":[{"href":"http:\/\/www.strandvejen23.dk\/index.php?rest_route=%2Fwp%2Fv2%2Fmedia&parent=2229"}],"curies":[{"name":"wp","href":"https:\/\/api.w.org\/{rel}","templated":true}]}}