{"id":2810,"date":"2025-02-07T22:05:10","date_gmt":"2025-02-07T21:05:10","guid":{"rendered":"https:\/\/www.strandvejen23.dk\/?page_id=2810"},"modified":"2026-03-23T11:52:14","modified_gmt":"2026-03-23T10:52:14","slug":"saga-325","status":"publish","type":"page","link":"https:\/\/www.strandvejen23.dk\/?page_id=2810","title":{"rendered":"Odyss\u00e9 2025 &#8211; Reseblogg"},"content":{"rendered":"\n<p><strong>Fr\u00e5n den 14 april till den 13 augusti 2025 har jag g\u00e5tt fr\u00e5n Str\u00e4ngn\u00e4s i M\u00e4laren, \u00d6stersj\u00f6n via Gotland, \u00d6land, Bornholm, Kattegatt via Sj\u00e4lland, K\u00f6penhamn, Ven, Sams\u00f8, Jylland, L\u00e6s\u00f8 till G\u00f6teborg. Det har varit en of\u00f6rgl\u00f6mlig resa d\u00e4r olika v\u00e4nner\/bes\u00e4ttning har kommit och g\u00e5tt under resans g\u00e5ng.<\/strong><\/p>\n\n\n\n<figure class=\"wp-block-image size-large\"><a href=\"https:\/\/www.strandvejen23.dk\/wp-content\/uploads\/2025\/02\/Skarmavbild-2025-02-08-kl.-14.55.44.png\"><img loading=\"lazy\" decoding=\"async\" width=\"1024\" height=\"789\" src=\"https:\/\/www.strandvejen23.dk\/wp-content\/uploads\/2025\/02\/Skarmavbild-2025-02-08-kl.-14.55.44-1024x789.png\" alt=\"\" class=\"wp-image-2825\" srcset=\"https:\/\/www.strandvejen23.dk\/wp-content\/uploads\/2025\/02\/Skarmavbild-2025-02-08-kl.-14.55.44-1024x789.png 1024w, https:\/\/www.strandvejen23.dk\/wp-content\/uploads\/2025\/02\/Skarmavbild-2025-02-08-kl.-14.55.44-300x231.png 300w, https:\/\/www.strandvejen23.dk\/wp-content\/uploads\/2025\/02\/Skarmavbild-2025-02-08-kl.-14.55.44-768x592.png 768w, https:\/\/www.strandvejen23.dk\/wp-content\/uploads\/2025\/02\/Skarmavbild-2025-02-08-kl.-14.55.44-1536x1184.png 1536w, https:\/\/www.strandvejen23.dk\/wp-content\/uploads\/2025\/02\/Skarmavbild-2025-02-08-kl.-14.55.44-389x300.png 389w, https:\/\/www.strandvejen23.dk\/wp-content\/uploads\/2025\/02\/Skarmavbild-2025-02-08-kl.-14.55.44.png 1744w\" sizes=\"auto, (max-width: 1024px) 100vw, 1024px\" \/><\/a><\/figure>\n\n\n\n<p><strong>April 2025<br><\/strong>H\u00e4r b\u00f6rjar en ny epok i mitt liv som du kan l\u00f6pande f\u00f6lja p\u00e5 min f\u00e4rd som <a href=\"https:\/\/svenskanomader.se\/vad-ar-en-digital-nomad\/\" target=\"_blank\" rel=\"noreferrer noopener\">&#8221;digital nomad&#8221;<\/a> ombord p\u00e5 m\/s Pura Vida (Det rena\/enkla livet).<\/p>\n\n\n\n<figure class=\"wp-block-image size-full\"><a href=\"https:\/\/www.strandvejen23.dk\/wp-content\/uploads\/2025\/02\/Saga-352-Pura-Vida.webp\"><img loading=\"lazy\" decoding=\"async\" width=\"1600\" height=\"1066\" src=\"https:\/\/www.strandvejen23.dk\/wp-content\/uploads\/2025\/02\/Saga-352-Pura-Vida.webp\" alt=\"\" class=\"wp-image-2862\" srcset=\"https:\/\/www.strandvejen23.dk\/wp-content\/uploads\/2025\/02\/Saga-352-Pura-Vida.webp 1600w, https:\/\/www.strandvejen23.dk\/wp-content\/uploads\/2025\/02\/Saga-352-Pura-Vida-300x200.webp 300w, https:\/\/www.strandvejen23.dk\/wp-content\/uploads\/2025\/02\/Saga-352-Pura-Vida-1024x682.webp 1024w, https:\/\/www.strandvejen23.dk\/wp-content\/uploads\/2025\/02\/Saga-352-Pura-Vida-768x512.webp 768w, https:\/\/www.strandvejen23.dk\/wp-content\/uploads\/2025\/02\/Saga-352-Pura-Vida-1536x1023.webp 1536w, https:\/\/www.strandvejen23.dk\/wp-content\/uploads\/2025\/02\/Saga-352-Pura-Vida-450x300.webp 450w\" sizes=\"auto, (max-width: 1600px) 100vw, 1600px\" \/><\/a><\/figure>\n\n\n\n<p class=\"has-text-align-center\">Saga 325 &#8211; 2017 \u00e5rs modell med en Volvo Penta 300 hk.<\/p>\n\n\n\n<p class=\"has-text-align-center\">K\u00f6pt vintern\/v\u00e5ren 2025. Sj\u00f6satt i april 2025 i Str\u00e4ngn\u00e4s i M\u00e4laren strax v\u00e4ster om Stockholm.<\/p>\n\n\n\n<figure class=\"wp-block-embed is-type-video is-provider-youtube wp-block-embed-youtube wp-embed-aspect-16-9 wp-has-aspect-ratio\"><div class=\"wp-block-embed__wrapper\">\n<iframe loading=\"lazy\" title=\"Saga 325\" width=\"584\" height=\"329\" src=\"https:\/\/www.youtube.com\/embed\/uYG3Db0-aZM?feature=oembed\" frameborder=\"0\" allow=\"accelerometer; autoplay; clipboard-write; encrypted-media; gyroscope; picture-in-picture; web-share\" referrerpolicy=\"strict-origin-when-cross-origin\" allowfullscreen><\/iframe>\n<\/div><\/figure>\n\n\n\n<p class=\"has-text-align-center\">Demovideo fr\u00e5n en liknade Saga 325<\/p>\n\n\n\n<p>Nedan \u00e4r en mer utf\u00f6rlig video p\u00e5 liknade b\u00e5t Saga 315, fast ett par \u00e5r \u00e4ldre:<\/p>\n\n\n\n<figure class=\"wp-block-embed is-type-video is-provider-youtube wp-block-embed-youtube wp-embed-aspect-16-9 wp-has-aspect-ratio\"><div class=\"wp-block-embed__wrapper\">\n<iframe loading=\"lazy\" title=\"SAGA 315 omvisning\" width=\"584\" height=\"329\" src=\"https:\/\/www.youtube.com\/embed\/8l4x578NA20?feature=oembed\" frameborder=\"0\" allow=\"accelerometer; autoplay; clipboard-write; encrypted-media; gyroscope; picture-in-picture; web-share\" referrerpolicy=\"strict-origin-when-cross-origin\" allowfullscreen><\/iframe>\n<\/div><\/figure>\n\n\n\n<p><\/p>\n\n\n\n<p class=\"has-text-align-center\"><strong>Odyss\u00e9 2025<\/strong> Stockholm &#8211; G\u00f6teborg via Danmark<\/p>\n\n\n\n<p class=\"has-text-align-center\"><strong>Episod 1<\/strong><\/p>\n\n\n\n<p><strong>April: M\u00e4laren &#8211; Stockholms sk\u00e4rg\u00e5rd<\/strong><br>Str\u00e4ngn\u00e4s, M\u00e4laren, Stockholm stad + Stockholms mellan- och yttre sk\u00e4rg\u00e5rd.<\/p>\n\n\n\n<p><strong>14 april:<br><\/strong>Jag bordade b\u00e5ten och \u00f6vernattade f\u00f6rsta natten strax utanf\u00f6r Str\u00e4ngn\u00e4s. Nu g\u00e4ller det att komma iordning och l\u00e4ra mig den &#8221;nya&#8221; (8 \u00e5r gammal) b\u00e5ten. M\u00e5nga knappar och funktioner att l\u00e4ra sig hantera. Fint v\u00e4der och har det underbart ombord! \ud83d\ude00<\/p>\n\n\n\n<figure class=\"wp-block-image size-large\"><a href=\"http:\/\/www.strandvejen23.dk\/wp-content\/uploads\/2025\/04\/91F12E89-71BC-45B8-AB87-1D260039C30F-scaled.jpeg\"><img loading=\"lazy\" decoding=\"async\" width=\"1024\" height=\"768\" src=\"http:\/\/www.strandvejen23.dk\/wp-content\/uploads\/2025\/04\/91F12E89-71BC-45B8-AB87-1D260039C30F-1024x768.jpeg\" alt=\"\" class=\"wp-image-2909\" srcset=\"https:\/\/www.strandvejen23.dk\/wp-content\/uploads\/2025\/04\/91F12E89-71BC-45B8-AB87-1D260039C30F-1024x768.jpeg 1024w, https:\/\/www.strandvejen23.dk\/wp-content\/uploads\/2025\/04\/91F12E89-71BC-45B8-AB87-1D260039C30F-300x225.jpeg 300w, https:\/\/www.strandvejen23.dk\/wp-content\/uploads\/2025\/04\/91F12E89-71BC-45B8-AB87-1D260039C30F-768x576.jpeg 768w, https:\/\/www.strandvejen23.dk\/wp-content\/uploads\/2025\/04\/91F12E89-71BC-45B8-AB87-1D260039C30F-1536x1152.jpeg 1536w, https:\/\/www.strandvejen23.dk\/wp-content\/uploads\/2025\/04\/91F12E89-71BC-45B8-AB87-1D260039C30F-2048x1536.jpeg 2048w, https:\/\/www.strandvejen23.dk\/wp-content\/uploads\/2025\/04\/91F12E89-71BC-45B8-AB87-1D260039C30F-400x300.jpeg 400w\" sizes=\"auto, (max-width: 1024px) 100vw, 1024px\" \/><\/a><\/figure>\n\n\n\n<p><strong>15 april Jungfrutur<br><\/strong>Jag vaknar upp p\u00e5 &#8221;Clas Yacht Club;s&#8221; (b\u00e5tens tidigare \u00e4gare) privata brygga med en kopp kaffe i en fantastisk milj\u00f6 och med naturen rakt utanf\u00f6r. Rikt f\u00e5gelliv! \ud83d\udc26\u200d\u2b1b \ud83c\udfb6<br><br>Clas och jag tar b\u00e5ten till Str\u00e4ngn\u00e4s centrum d\u00e4r jag f\u00e5r l\u00e5na en bryggplats. B\u00e5ten fungerar perfekt! N\u00e4stan inga andra b\u00e5tar i sj\u00f6n \u00e4nnu. Jag tr\u00e4ffade Maria von Beetzen, en tidigare kund och numera v\u00e4n (tandl\u00e4kare) och pratade om gemensamma intressen (tandv\u00e5rd, b\u00e5tliv, familjeliv, politik!, etc.)<\/p>\n\n\n\n<figure class=\"wp-block-image size-large\"><a href=\"http:\/\/www.strandvejen23.dk\/wp-content\/uploads\/2025\/04\/394100E8-B14D-41CE-B92B-8F302E0BC150-scaled.jpeg\"><img loading=\"lazy\" decoding=\"async\" width=\"1024\" height=\"768\" src=\"http:\/\/www.strandvejen23.dk\/wp-content\/uploads\/2025\/04\/394100E8-B14D-41CE-B92B-8F302E0BC150-1024x768.jpeg\" alt=\"\" class=\"wp-image-2910\" srcset=\"https:\/\/www.strandvejen23.dk\/wp-content\/uploads\/2025\/04\/394100E8-B14D-41CE-B92B-8F302E0BC150-1024x768.jpeg 1024w, https:\/\/www.strandvejen23.dk\/wp-content\/uploads\/2025\/04\/394100E8-B14D-41CE-B92B-8F302E0BC150-300x225.jpeg 300w, https:\/\/www.strandvejen23.dk\/wp-content\/uploads\/2025\/04\/394100E8-B14D-41CE-B92B-8F302E0BC150-768x576.jpeg 768w, https:\/\/www.strandvejen23.dk\/wp-content\/uploads\/2025\/04\/394100E8-B14D-41CE-B92B-8F302E0BC150-1536x1152.jpeg 1536w, https:\/\/www.strandvejen23.dk\/wp-content\/uploads\/2025\/04\/394100E8-B14D-41CE-B92B-8F302E0BC150-2048x1536.jpeg 2048w, https:\/\/www.strandvejen23.dk\/wp-content\/uploads\/2025\/04\/394100E8-B14D-41CE-B92B-8F302E0BC150-400x300.jpeg 400w\" sizes=\"auto, (max-width: 1024px) 100vw, 1024px\" \/><\/a><\/figure>\n\n\n\n<p><strong>16 april Bryggsegling<br><\/strong>V\u00e5rv\u00e4dret h\u00e5ller i sig (15-20 grader och \u2600\ufe0f). Jag &#8221;Bryggseglar&#8221; och ligger i Str\u00e4ngn\u00e4s hamn, g\u00f6r det jag gillar mest, lyssnar p\u00e5 musik, l\u00e4ser, lyssnar p\u00e5 poddar, tar det lugnt och kopplar upp mig\/kommunicerar med omv\u00e4rlden. \ud83d\ude03<\/p>\n\n\n\n<figure class=\"wp-block-image size-large\"><a href=\"http:\/\/www.strandvejen23.dk\/wp-content\/uploads\/2025\/04\/8DD24F2B-96A8-47DE-9DE4-0149EB27BE41-scaled.jpeg\"><img loading=\"lazy\" decoding=\"async\" width=\"1024\" height=\"768\" src=\"http:\/\/www.strandvejen23.dk\/wp-content\/uploads\/2025\/04\/8DD24F2B-96A8-47DE-9DE4-0149EB27BE41-1024x768.jpeg\" alt=\"\" class=\"wp-image-2924\" srcset=\"https:\/\/www.strandvejen23.dk\/wp-content\/uploads\/2025\/04\/8DD24F2B-96A8-47DE-9DE4-0149EB27BE41-1024x768.jpeg 1024w, https:\/\/www.strandvejen23.dk\/wp-content\/uploads\/2025\/04\/8DD24F2B-96A8-47DE-9DE4-0149EB27BE41-300x225.jpeg 300w, https:\/\/www.strandvejen23.dk\/wp-content\/uploads\/2025\/04\/8DD24F2B-96A8-47DE-9DE4-0149EB27BE41-768x576.jpeg 768w, https:\/\/www.strandvejen23.dk\/wp-content\/uploads\/2025\/04\/8DD24F2B-96A8-47DE-9DE4-0149EB27BE41-1536x1152.jpeg 1536w, https:\/\/www.strandvejen23.dk\/wp-content\/uploads\/2025\/04\/8DD24F2B-96A8-47DE-9DE4-0149EB27BE41-2048x1536.jpeg 2048w, https:\/\/www.strandvejen23.dk\/wp-content\/uploads\/2025\/04\/8DD24F2B-96A8-47DE-9DE4-0149EB27BE41-400x300.jpeg 400w\" sizes=\"auto, (max-width: 1024px) 100vw, 1024px\" \/><\/a><\/figure>\n\n\n\n<p><strong>17 april Klubbholme<br><\/strong>Idag \u00e4r det sk\u00e4rtorsdag och jag vaknar upp i en stilla hamn i Str\u00e4ngn\u00e4s. Planen \u00e4r att g\u00e5 och l\u00e4gga till vid Str\u00e4ngn\u00e4s Seglars\u00e4llskaps klubbholme, Askholmen inte s\u00e5 l\u00e5ngt h\u00e4rifr\u00e5n. H\u00e4r finns en fin brygga med el, klubbstuga, bastu (sommartid) men inget vatten \u00e4nnu, men det har jag ju redan ombord.<\/p>\n\n\n\n<p>Nu f\u00e5r jag \u00f6va p\u00e5 att l\u00e4gga till utan att ha n\u00e5gon bes\u00e4ttning som hj\u00e4lper till. \ud83d\ude00<\/p>\n\n\n\n<figure class=\"wp-block-image size-large\"><a href=\"http:\/\/www.strandvejen23.dk\/wp-content\/uploads\/2025\/04\/E078BCDA-60DD-4414-A90A-97954730FB59-scaled.jpeg\"><img loading=\"lazy\" decoding=\"async\" width=\"1024\" height=\"768\" src=\"http:\/\/www.strandvejen23.dk\/wp-content\/uploads\/2025\/04\/E078BCDA-60DD-4414-A90A-97954730FB59-1024x768.jpeg\" alt=\"\" class=\"wp-image-2923\" srcset=\"https:\/\/www.strandvejen23.dk\/wp-content\/uploads\/2025\/04\/E078BCDA-60DD-4414-A90A-97954730FB59-1024x768.jpeg 1024w, https:\/\/www.strandvejen23.dk\/wp-content\/uploads\/2025\/04\/E078BCDA-60DD-4414-A90A-97954730FB59-300x225.jpeg 300w, https:\/\/www.strandvejen23.dk\/wp-content\/uploads\/2025\/04\/E078BCDA-60DD-4414-A90A-97954730FB59-768x576.jpeg 768w, https:\/\/www.strandvejen23.dk\/wp-content\/uploads\/2025\/04\/E078BCDA-60DD-4414-A90A-97954730FB59-1536x1152.jpeg 1536w, https:\/\/www.strandvejen23.dk\/wp-content\/uploads\/2025\/04\/E078BCDA-60DD-4414-A90A-97954730FB59-2048x1536.jpeg 2048w, https:\/\/www.strandvejen23.dk\/wp-content\/uploads\/2025\/04\/E078BCDA-60DD-4414-A90A-97954730FB59-400x300.jpeg 400w\" sizes=\"auto, (max-width: 1024px) 100vw, 1024px\" \/><\/a><\/figure>\n\n\n\n<p><strong>18 april Mariefred<br><\/strong>Idag har jag g\u00e5tt c:a 3 timmar runt Sela\u00f6n till Mariefred. Sett m\u00e5nga fina &#8221;slott och kojor&#8221; utmed str\u00e4nderna.<br><br>Nu blir det att ligga p\u00e5 svaj ikv\u00e4ll\/natt p\u00e5 en av Svenska Kryssarklubbens (SXK) bojar.<\/p>\n\n\n<div class=\"wp-block-image\">\n<figure class=\"aligncenter size-large is-resized\"><a href=\"http:\/\/www.strandvejen23.dk\/wp-content\/uploads\/2025\/04\/C694C439-9CA2-4B43-B588-25E2BE1B52CF-scaled.jpeg\"><img loading=\"lazy\" decoding=\"async\" width=\"768\" height=\"1024\" src=\"http:\/\/www.strandvejen23.dk\/wp-content\/uploads\/2025\/04\/C694C439-9CA2-4B43-B588-25E2BE1B52CF-768x1024.jpeg\" alt=\"\" class=\"wp-image-2930\" style=\"width:240px;height:auto\" srcset=\"https:\/\/www.strandvejen23.dk\/wp-content\/uploads\/2025\/04\/C694C439-9CA2-4B43-B588-25E2BE1B52CF-768x1024.jpeg 768w, https:\/\/www.strandvejen23.dk\/wp-content\/uploads\/2025\/04\/C694C439-9CA2-4B43-B588-25E2BE1B52CF-225x300.jpeg 225w, https:\/\/www.strandvejen23.dk\/wp-content\/uploads\/2025\/04\/C694C439-9CA2-4B43-B588-25E2BE1B52CF-1152x1536.jpeg 1152w, https:\/\/www.strandvejen23.dk\/wp-content\/uploads\/2025\/04\/C694C439-9CA2-4B43-B588-25E2BE1B52CF-1536x2048.jpeg 1536w, https:\/\/www.strandvejen23.dk\/wp-content\/uploads\/2025\/04\/C694C439-9CA2-4B43-B588-25E2BE1B52CF-scaled.jpeg 1920w\" sizes=\"auto, (max-width: 768px) 100vw, 768px\" \/><\/a><\/figure>\n<\/div>\n\n<div class=\"wp-block-image\">\n<figure class=\"aligncenter size-large\"><a href=\"http:\/\/www.strandvejen23.dk\/wp-content\/uploads\/2025\/04\/63CA8C27-3481-4EBC-A8A7-67D655059F44-scaled.jpeg\"><img loading=\"lazy\" decoding=\"async\" width=\"1024\" height=\"768\" src=\"http:\/\/www.strandvejen23.dk\/wp-content\/uploads\/2025\/04\/63CA8C27-3481-4EBC-A8A7-67D655059F44-1024x768.jpeg\" alt=\"\" class=\"wp-image-2934\" srcset=\"https:\/\/www.strandvejen23.dk\/wp-content\/uploads\/2025\/04\/63CA8C27-3481-4EBC-A8A7-67D655059F44-1024x768.jpeg 1024w, https:\/\/www.strandvejen23.dk\/wp-content\/uploads\/2025\/04\/63CA8C27-3481-4EBC-A8A7-67D655059F44-300x225.jpeg 300w, https:\/\/www.strandvejen23.dk\/wp-content\/uploads\/2025\/04\/63CA8C27-3481-4EBC-A8A7-67D655059F44-768x576.jpeg 768w, https:\/\/www.strandvejen23.dk\/wp-content\/uploads\/2025\/04\/63CA8C27-3481-4EBC-A8A7-67D655059F44-1536x1152.jpeg 1536w, https:\/\/www.strandvejen23.dk\/wp-content\/uploads\/2025\/04\/63CA8C27-3481-4EBC-A8A7-67D655059F44-2048x1536.jpeg 2048w, https:\/\/www.strandvejen23.dk\/wp-content\/uploads\/2025\/04\/63CA8C27-3481-4EBC-A8A7-67D655059F44-400x300.jpeg 400w\" sizes=\"auto, (max-width: 1024px) 100vw, 1024px\" \/><\/a><figcaption class=\"wp-element-caption\">Gripsholms slott i Mariefred<\/figcaption><\/figure>\n<\/div>\n\n\n<p><strong>19 april P\u00e5skafton \ud83d\udc23<\/strong><br>Gick fr\u00e5n Mariefred tillbaka till Str\u00e4ngn\u00e4s d\u00e4r jag lade till p\u00e5 Maria von Beetzen och Lasses brygga samt blev bjuden p\u00e5 p\u00e5skmiddag! Trevligt!<\/p>\n\n\n\n<figure class=\"wp-block-image size-large\"><a href=\"http:\/\/www.strandvejen23.dk\/wp-content\/uploads\/2025\/04\/54B18D6C-D078-4945-B1AB-FD65FFFE5239-scaled.jpeg\"><img loading=\"lazy\" decoding=\"async\" width=\"1024\" height=\"768\" src=\"http:\/\/www.strandvejen23.dk\/wp-content\/uploads\/2025\/04\/54B18D6C-D078-4945-B1AB-FD65FFFE5239-1024x768.jpeg\" alt=\"\" class=\"wp-image-2939\" srcset=\"https:\/\/www.strandvejen23.dk\/wp-content\/uploads\/2025\/04\/54B18D6C-D078-4945-B1AB-FD65FFFE5239-1024x768.jpeg 1024w, https:\/\/www.strandvejen23.dk\/wp-content\/uploads\/2025\/04\/54B18D6C-D078-4945-B1AB-FD65FFFE5239-300x225.jpeg 300w, https:\/\/www.strandvejen23.dk\/wp-content\/uploads\/2025\/04\/54B18D6C-D078-4945-B1AB-FD65FFFE5239-768x576.jpeg 768w, https:\/\/www.strandvejen23.dk\/wp-content\/uploads\/2025\/04\/54B18D6C-D078-4945-B1AB-FD65FFFE5239-1536x1152.jpeg 1536w, https:\/\/www.strandvejen23.dk\/wp-content\/uploads\/2025\/04\/54B18D6C-D078-4945-B1AB-FD65FFFE5239-2048x1536.jpeg 2048w, https:\/\/www.strandvejen23.dk\/wp-content\/uploads\/2025\/04\/54B18D6C-D078-4945-B1AB-FD65FFFE5239-400x300.jpeg 400w\" sizes=\"auto, (max-width: 1024px) 100vw, 1024px\" \/><\/a><\/figure>\n\n\n<div class=\"wp-block-image\">\n<figure class=\"aligncenter size-large\"><a href=\"http:\/\/www.strandvejen23.dk\/wp-content\/uploads\/2025\/04\/742A657E-A2A7-4D18-8122-9FE1148E7387-scaled.jpeg\"><img loading=\"lazy\" decoding=\"async\" width=\"1024\" height=\"768\" src=\"http:\/\/www.strandvejen23.dk\/wp-content\/uploads\/2025\/04\/742A657E-A2A7-4D18-8122-9FE1148E7387-1024x768.jpeg\" alt=\"\" class=\"wp-image-2944\" srcset=\"https:\/\/www.strandvejen23.dk\/wp-content\/uploads\/2025\/04\/742A657E-A2A7-4D18-8122-9FE1148E7387-1024x768.jpeg 1024w, https:\/\/www.strandvejen23.dk\/wp-content\/uploads\/2025\/04\/742A657E-A2A7-4D18-8122-9FE1148E7387-300x225.jpeg 300w, https:\/\/www.strandvejen23.dk\/wp-content\/uploads\/2025\/04\/742A657E-A2A7-4D18-8122-9FE1148E7387-768x576.jpeg 768w, https:\/\/www.strandvejen23.dk\/wp-content\/uploads\/2025\/04\/742A657E-A2A7-4D18-8122-9FE1148E7387-1536x1152.jpeg 1536w, https:\/\/www.strandvejen23.dk\/wp-content\/uploads\/2025\/04\/742A657E-A2A7-4D18-8122-9FE1148E7387-2048x1536.jpeg 2048w, https:\/\/www.strandvejen23.dk\/wp-content\/uploads\/2025\/04\/742A657E-A2A7-4D18-8122-9FE1148E7387-400x300.jpeg 400w\" sizes=\"auto, (max-width: 1024px) 100vw, 1024px\" \/><\/a><figcaption class=\"wp-element-caption\">Ligger p\u00e5 privat brygga i Str\u00e4ngn\u00e4s<\/figcaption><\/figure>\n<\/div>\n\n\n<p><strong>20 april P\u00e5skdagen<br><\/strong>Lite praktiska bestyr, t\u00f6mma septitanken f\u00f6r f\u00f6rsta g\u00e5ngen. L\u00e4tt gjort bara man vet hur man g\u00f6r.<br>Lade till bredvid bastub\u00e5ten i hamnen och tog mig ett bad. \ud83d\udc4d<\/p>\n\n\n<div class=\"wp-block-image\">\n<figure class=\"aligncenter size-large\"><a href=\"http:\/\/www.strandvejen23.dk\/wp-content\/uploads\/2025\/04\/277BC939-EFCD-45EE-81DD-9C1B4CDE0B54-scaled.jpeg\"><img loading=\"lazy\" decoding=\"async\" width=\"1024\" height=\"768\" src=\"http:\/\/www.strandvejen23.dk\/wp-content\/uploads\/2025\/04\/277BC939-EFCD-45EE-81DD-9C1B4CDE0B54-1024x768.jpeg\" alt=\"\" class=\"wp-image-2943\" srcset=\"https:\/\/www.strandvejen23.dk\/wp-content\/uploads\/2025\/04\/277BC939-EFCD-45EE-81DD-9C1B4CDE0B54-1024x768.jpeg 1024w, https:\/\/www.strandvejen23.dk\/wp-content\/uploads\/2025\/04\/277BC939-EFCD-45EE-81DD-9C1B4CDE0B54-300x225.jpeg 300w, https:\/\/www.strandvejen23.dk\/wp-content\/uploads\/2025\/04\/277BC939-EFCD-45EE-81DD-9C1B4CDE0B54-768x576.jpeg 768w, https:\/\/www.strandvejen23.dk\/wp-content\/uploads\/2025\/04\/277BC939-EFCD-45EE-81DD-9C1B4CDE0B54-1536x1152.jpeg 1536w, https:\/\/www.strandvejen23.dk\/wp-content\/uploads\/2025\/04\/277BC939-EFCD-45EE-81DD-9C1B4CDE0B54-2048x1536.jpeg 2048w, https:\/\/www.strandvejen23.dk\/wp-content\/uploads\/2025\/04\/277BC939-EFCD-45EE-81DD-9C1B4CDE0B54-400x300.jpeg 400w\" sizes=\"auto, (max-width: 1024px) 100vw, 1024px\" \/><\/a><figcaption class=\"wp-element-caption\">Bastub\u00e5t i Str\u00e4ngn\u00e4s hamn. Bara bada bastu&#8230;\ud83c\udfb6<\/figcaption><\/figure>\n<\/div>\n\n\n<p><strong>21 april Klubbholme Kedje\u00f6n<\/strong><br>Gick vidare till Kedje\u00f6n, en mindre \u00f6 \u00f6ster om Rid\u00f6n och rakt s\u00f6derut fr\u00e5n Fr\u00f6holmens fyr s\u00f6der om V\u00e4ster\u00e5s n\u00e4ra Tid\u00f6 slott. \u00d6n \u00e4r en del Rid\u00f6arkipelagens naturreservat. N\u00e4stan ensam d\u00e4r.<\/p>\n\n\n\n<figure class=\"wp-block-image size-large\"><a href=\"http:\/\/www.strandvejen23.dk\/wp-content\/uploads\/2025\/04\/E652F1BA-9C9B-460B-846C-98D5CD0B81EB-scaled.jpeg\"><img loading=\"lazy\" decoding=\"async\" width=\"1024\" height=\"768\" src=\"http:\/\/www.strandvejen23.dk\/wp-content\/uploads\/2025\/04\/E652F1BA-9C9B-460B-846C-98D5CD0B81EB-1024x768.jpeg\" alt=\"\" class=\"wp-image-2948\" srcset=\"https:\/\/www.strandvejen23.dk\/wp-content\/uploads\/2025\/04\/E652F1BA-9C9B-460B-846C-98D5CD0B81EB-1024x768.jpeg 1024w, https:\/\/www.strandvejen23.dk\/wp-content\/uploads\/2025\/04\/E652F1BA-9C9B-460B-846C-98D5CD0B81EB-300x225.jpeg 300w, https:\/\/www.strandvejen23.dk\/wp-content\/uploads\/2025\/04\/E652F1BA-9C9B-460B-846C-98D5CD0B81EB-768x576.jpeg 768w, https:\/\/www.strandvejen23.dk\/wp-content\/uploads\/2025\/04\/E652F1BA-9C9B-460B-846C-98D5CD0B81EB-1536x1152.jpeg 1536w, https:\/\/www.strandvejen23.dk\/wp-content\/uploads\/2025\/04\/E652F1BA-9C9B-460B-846C-98D5CD0B81EB-2048x1536.jpeg 2048w, https:\/\/www.strandvejen23.dk\/wp-content\/uploads\/2025\/04\/E652F1BA-9C9B-460B-846C-98D5CD0B81EB-400x300.jpeg 400w\" sizes=\"auto, (max-width: 1024px) 100vw, 1024px\" \/><\/a><\/figure>\n\n\n<div class=\"wp-block-image\">\n<figure class=\"aligncenter size-large\"><a href=\"http:\/\/www.strandvejen23.dk\/wp-content\/uploads\/2025\/04\/E2A3BFBC-D35B-4FD9-8FCE-EA87629CF2BA-scaled.jpeg\"><img loading=\"lazy\" decoding=\"async\" width=\"1024\" height=\"768\" src=\"http:\/\/www.strandvejen23.dk\/wp-content\/uploads\/2025\/04\/E2A3BFBC-D35B-4FD9-8FCE-EA87629CF2BA-1024x768.jpeg\" alt=\"\" class=\"wp-image-2949\" srcset=\"https:\/\/www.strandvejen23.dk\/wp-content\/uploads\/2025\/04\/E2A3BFBC-D35B-4FD9-8FCE-EA87629CF2BA-1024x768.jpeg 1024w, https:\/\/www.strandvejen23.dk\/wp-content\/uploads\/2025\/04\/E2A3BFBC-D35B-4FD9-8FCE-EA87629CF2BA-300x225.jpeg 300w, https:\/\/www.strandvejen23.dk\/wp-content\/uploads\/2025\/04\/E2A3BFBC-D35B-4FD9-8FCE-EA87629CF2BA-768x576.jpeg 768w, https:\/\/www.strandvejen23.dk\/wp-content\/uploads\/2025\/04\/E2A3BFBC-D35B-4FD9-8FCE-EA87629CF2BA-1536x1152.jpeg 1536w, https:\/\/www.strandvejen23.dk\/wp-content\/uploads\/2025\/04\/E2A3BFBC-D35B-4FD9-8FCE-EA87629CF2BA-2048x1536.jpeg 2048w, https:\/\/www.strandvejen23.dk\/wp-content\/uploads\/2025\/04\/E2A3BFBC-D35B-4FD9-8FCE-EA87629CF2BA-400x300.jpeg 400w\" sizes=\"auto, (max-width: 1024px) 100vw, 1024px\" \/><\/a><figcaption class=\"wp-element-caption\">Kedje\u00f6n med fritt WiFi i hamnen<\/figcaption><\/figure>\n<\/div>\n\n\n<figure class=\"wp-block-image size-large\"><a href=\"http:\/\/www.strandvejen23.dk\/wp-content\/uploads\/2025\/04\/B242FF59-C117-4788-9EE6-5ACB08530F1A-scaled.jpeg\"><img loading=\"lazy\" decoding=\"async\" width=\"1024\" height=\"768\" src=\"http:\/\/www.strandvejen23.dk\/wp-content\/uploads\/2025\/04\/B242FF59-C117-4788-9EE6-5ACB08530F1A-1024x768.jpeg\" alt=\"\" class=\"wp-image-2925\" srcset=\"https:\/\/www.strandvejen23.dk\/wp-content\/uploads\/2025\/04\/B242FF59-C117-4788-9EE6-5ACB08530F1A-1024x768.jpeg 1024w, https:\/\/www.strandvejen23.dk\/wp-content\/uploads\/2025\/04\/B242FF59-C117-4788-9EE6-5ACB08530F1A-300x225.jpeg 300w, https:\/\/www.strandvejen23.dk\/wp-content\/uploads\/2025\/04\/B242FF59-C117-4788-9EE6-5ACB08530F1A-768x576.jpeg 768w, https:\/\/www.strandvejen23.dk\/wp-content\/uploads\/2025\/04\/B242FF59-C117-4788-9EE6-5ACB08530F1A-1536x1152.jpeg 1536w, https:\/\/www.strandvejen23.dk\/wp-content\/uploads\/2025\/04\/B242FF59-C117-4788-9EE6-5ACB08530F1A-2048x1536.jpeg 2048w, https:\/\/www.strandvejen23.dk\/wp-content\/uploads\/2025\/04\/B242FF59-C117-4788-9EE6-5ACB08530F1A-400x300.jpeg 400w\" sizes=\"auto, (max-width: 1024px) 100vw, 1024px\" \/><\/a><\/figure>\n\n\n\n<p class=\"has-text-align-center\">V\u00e5ren p\u00e5v\u00e4g&#8230;<\/p>\n\n\n\n<p><strong>22 april Livet som digital normad<\/strong><br>Arbetar lite ombord som digital normad. H\u00e4r p\u00e5 Kedje\u00f6n har jag full tillg\u00e5ng till WiFi i hamnen utan att beh\u00f6va &#8221;slita&#8221; p\u00e5 mitt mobila abonnemang.<br>V\u00e4dret \u00e4r lite trist\/fuktigt, men jag har det varmt och gott ombord. Har det jag beh\u00f6ver ombord och saknar knappast n\u00e5got. Kostnaden f\u00f6r kaffet \u00e4r st\u00f6rre \u00e4n f\u00f6r diesel!<\/p>\n\n\n\n<figure class=\"wp-block-gallery has-nested-images columns-default is-cropped wp-block-gallery-1 is-layout-flex wp-block-gallery-is-layout-flex\">\n<figure class=\"wp-block-image size-large\"><a href=\"https:\/\/www.strandvejen23.dk\/wp-content\/uploads\/2025\/04\/EA1AFB28-5B1F-4365-84A8-FB1ABCAA4458-scaled.jpeg\"><img loading=\"lazy\" decoding=\"async\" width=\"768\" height=\"1024\" data-id=\"2954\" src=\"https:\/\/www.strandvejen23.dk\/wp-content\/uploads\/2025\/04\/EA1AFB28-5B1F-4365-84A8-FB1ABCAA4458-768x1024.jpeg\" alt=\"\" class=\"wp-image-2954\" srcset=\"https:\/\/www.strandvejen23.dk\/wp-content\/uploads\/2025\/04\/EA1AFB28-5B1F-4365-84A8-FB1ABCAA4458-768x1024.jpeg 768w, https:\/\/www.strandvejen23.dk\/wp-content\/uploads\/2025\/04\/EA1AFB28-5B1F-4365-84A8-FB1ABCAA4458-225x300.jpeg 225w, https:\/\/www.strandvejen23.dk\/wp-content\/uploads\/2025\/04\/EA1AFB28-5B1F-4365-84A8-FB1ABCAA4458-1152x1536.jpeg 1152w, https:\/\/www.strandvejen23.dk\/wp-content\/uploads\/2025\/04\/EA1AFB28-5B1F-4365-84A8-FB1ABCAA4458-1536x2048.jpeg 1536w, https:\/\/www.strandvejen23.dk\/wp-content\/uploads\/2025\/04\/EA1AFB28-5B1F-4365-84A8-FB1ABCAA4458-scaled.jpeg 1920w\" sizes=\"auto, (max-width: 768px) 100vw, 768px\" \/><\/a><\/figure>\n\n\n\n<figure class=\"wp-block-image size-large\"><a href=\"https:\/\/www.strandvejen23.dk\/wp-content\/uploads\/2025\/04\/EAD12160-B5E0-4D2D-9E5C-E3360B3FB265-scaled.jpeg\"><img loading=\"lazy\" decoding=\"async\" width=\"1024\" height=\"768\" data-id=\"2956\" src=\"https:\/\/www.strandvejen23.dk\/wp-content\/uploads\/2025\/04\/EAD12160-B5E0-4D2D-9E5C-E3360B3FB265-1024x768.jpeg\" alt=\"\" class=\"wp-image-2956\" srcset=\"https:\/\/www.strandvejen23.dk\/wp-content\/uploads\/2025\/04\/EAD12160-B5E0-4D2D-9E5C-E3360B3FB265-1024x768.jpeg 1024w, https:\/\/www.strandvejen23.dk\/wp-content\/uploads\/2025\/04\/EAD12160-B5E0-4D2D-9E5C-E3360B3FB265-300x225.jpeg 300w, https:\/\/www.strandvejen23.dk\/wp-content\/uploads\/2025\/04\/EAD12160-B5E0-4D2D-9E5C-E3360B3FB265-768x576.jpeg 768w, https:\/\/www.strandvejen23.dk\/wp-content\/uploads\/2025\/04\/EAD12160-B5E0-4D2D-9E5C-E3360B3FB265-1536x1152.jpeg 1536w, https:\/\/www.strandvejen23.dk\/wp-content\/uploads\/2025\/04\/EAD12160-B5E0-4D2D-9E5C-E3360B3FB265-2048x1536.jpeg 2048w, https:\/\/www.strandvejen23.dk\/wp-content\/uploads\/2025\/04\/EAD12160-B5E0-4D2D-9E5C-E3360B3FB265-400x300.jpeg 400w\" sizes=\"auto, (max-width: 1024px) 100vw, 1024px\" \/><\/a><\/figure>\n\n\n\n<figure class=\"wp-block-image size-large\"><a href=\"https:\/\/www.strandvejen23.dk\/wp-content\/uploads\/2025\/04\/D4BCC69E-8D4D-46DE-8858-AC0086AE2BDE-scaled.jpeg\"><img loading=\"lazy\" decoding=\"async\" width=\"768\" height=\"1024\" data-id=\"2958\" src=\"https:\/\/www.strandvejen23.dk\/wp-content\/uploads\/2025\/04\/D4BCC69E-8D4D-46DE-8858-AC0086AE2BDE-768x1024.jpeg\" alt=\"\" class=\"wp-image-2958\" srcset=\"https:\/\/www.strandvejen23.dk\/wp-content\/uploads\/2025\/04\/D4BCC69E-8D4D-46DE-8858-AC0086AE2BDE-768x1024.jpeg 768w, https:\/\/www.strandvejen23.dk\/wp-content\/uploads\/2025\/04\/D4BCC69E-8D4D-46DE-8858-AC0086AE2BDE-225x300.jpeg 225w, https:\/\/www.strandvejen23.dk\/wp-content\/uploads\/2025\/04\/D4BCC69E-8D4D-46DE-8858-AC0086AE2BDE-1152x1536.jpeg 1152w, https:\/\/www.strandvejen23.dk\/wp-content\/uploads\/2025\/04\/D4BCC69E-8D4D-46DE-8858-AC0086AE2BDE-1536x2048.jpeg 1536w, https:\/\/www.strandvejen23.dk\/wp-content\/uploads\/2025\/04\/D4BCC69E-8D4D-46DE-8858-AC0086AE2BDE-scaled.jpeg 1920w\" sizes=\"auto, (max-width: 768px) 100vw, 768px\" \/><\/a><\/figure>\n\n\n\n<figure class=\"wp-block-image size-large\"><a href=\"https:\/\/www.strandvejen23.dk\/wp-content\/uploads\/2025\/04\/17CF833E-E12C-40D6-9933-A4696C6A4037-scaled.jpeg\"><img loading=\"lazy\" decoding=\"async\" width=\"1024\" height=\"768\" data-id=\"2957\" src=\"https:\/\/www.strandvejen23.dk\/wp-content\/uploads\/2025\/04\/17CF833E-E12C-40D6-9933-A4696C6A4037-1024x768.jpeg\" alt=\"\" class=\"wp-image-2957\" srcset=\"https:\/\/www.strandvejen23.dk\/wp-content\/uploads\/2025\/04\/17CF833E-E12C-40D6-9933-A4696C6A4037-1024x768.jpeg 1024w, https:\/\/www.strandvejen23.dk\/wp-content\/uploads\/2025\/04\/17CF833E-E12C-40D6-9933-A4696C6A4037-300x225.jpeg 300w, https:\/\/www.strandvejen23.dk\/wp-content\/uploads\/2025\/04\/17CF833E-E12C-40D6-9933-A4696C6A4037-768x576.jpeg 768w, https:\/\/www.strandvejen23.dk\/wp-content\/uploads\/2025\/04\/17CF833E-E12C-40D6-9933-A4696C6A4037-1536x1152.jpeg 1536w, https:\/\/www.strandvejen23.dk\/wp-content\/uploads\/2025\/04\/17CF833E-E12C-40D6-9933-A4696C6A4037-2048x1536.jpeg 2048w, https:\/\/www.strandvejen23.dk\/wp-content\/uploads\/2025\/04\/17CF833E-E12C-40D6-9933-A4696C6A4037-400x300.jpeg 400w\" sizes=\"auto, (max-width: 1024px) 100vw, 1024px\" \/><\/a><\/figure>\n\n\n\n<figure class=\"wp-block-image size-large\"><a href=\"https:\/\/www.strandvejen23.dk\/wp-content\/uploads\/2025\/04\/EA8BDA7A-DDF5-4C16-95AB-0F28539DFEFB-scaled.jpeg\"><img loading=\"lazy\" decoding=\"async\" width=\"768\" height=\"1024\" data-id=\"2955\" src=\"https:\/\/www.strandvejen23.dk\/wp-content\/uploads\/2025\/04\/EA8BDA7A-DDF5-4C16-95AB-0F28539DFEFB-768x1024.jpeg\" alt=\"\" class=\"wp-image-2955\" srcset=\"https:\/\/www.strandvejen23.dk\/wp-content\/uploads\/2025\/04\/EA8BDA7A-DDF5-4C16-95AB-0F28539DFEFB-768x1024.jpeg 768w, https:\/\/www.strandvejen23.dk\/wp-content\/uploads\/2025\/04\/EA8BDA7A-DDF5-4C16-95AB-0F28539DFEFB-225x300.jpeg 225w, https:\/\/www.strandvejen23.dk\/wp-content\/uploads\/2025\/04\/EA8BDA7A-DDF5-4C16-95AB-0F28539DFEFB-1152x1536.jpeg 1152w, https:\/\/www.strandvejen23.dk\/wp-content\/uploads\/2025\/04\/EA8BDA7A-DDF5-4C16-95AB-0F28539DFEFB-1536x2048.jpeg 1536w, https:\/\/www.strandvejen23.dk\/wp-content\/uploads\/2025\/04\/EA8BDA7A-DDF5-4C16-95AB-0F28539DFEFB-scaled.jpeg 1920w\" sizes=\"auto, (max-width: 768px) 100vw, 768px\" \/><\/a><\/figure>\n<\/figure>\n\n\n\n<p class=\"has-text-align-center\">En dag ombord<\/p>\n\n\n\n<p><strong>23 april Utmaning<\/strong><br>Idag vaknade jag upp till dimma men det klarnade p\u00e5 f\u00f6rmiddagen.<br>V\u00e4rre var det n\u00e4r jag skulle starta motorn. Helt d\u00f6d! Det skall normalt inte kunna h\u00e4nda d\u00e5 startbatteriet \u00e4r skilt fr\u00e5n underh\u00e5llsbatterierna. Nu g\u00e4ller det att var konstruktiv. Det finns fyra liknande batterier ombord p\u00e5 vardera 95 Ah. Det fj\u00e4rde batteriet \u00e4r till bogpropellarna. Det blev helt enkelt att flytta runt batterierna och vipps s\u00e5 startade motorn. Tur att jag har lite elkunskap och verktyg ombord. \ud83d\ude13<\/p>\n\n\n\n<p><strong>24 april P\u00e5 v\u00e4g mot Stockholm<\/strong><br>\u00d6vernattning i Herresta b\u00e5tklubbs hamn p\u00e5v\u00e4g mot Stockholm. Hoppas att motorn startar imorgon (det gjorde den! \ud83d\ude03).<\/p>\n\n\n\n<figure class=\"wp-block-image size-large\"><a href=\"http:\/\/www.strandvejen23.dk\/wp-content\/uploads\/2025\/04\/F87B9F13-8A1A-4106-99A5-CE9610C8BC0C-scaled.jpeg\"><img loading=\"lazy\" decoding=\"async\" width=\"1024\" height=\"768\" src=\"http:\/\/www.strandvejen23.dk\/wp-content\/uploads\/2025\/04\/F87B9F13-8A1A-4106-99A5-CE9610C8BC0C-1024x768.jpeg\" alt=\"\" class=\"wp-image-2962\" srcset=\"https:\/\/www.strandvejen23.dk\/wp-content\/uploads\/2025\/04\/F87B9F13-8A1A-4106-99A5-CE9610C8BC0C-1024x768.jpeg 1024w, https:\/\/www.strandvejen23.dk\/wp-content\/uploads\/2025\/04\/F87B9F13-8A1A-4106-99A5-CE9610C8BC0C-300x225.jpeg 300w, https:\/\/www.strandvejen23.dk\/wp-content\/uploads\/2025\/04\/F87B9F13-8A1A-4106-99A5-CE9610C8BC0C-768x576.jpeg 768w, https:\/\/www.strandvejen23.dk\/wp-content\/uploads\/2025\/04\/F87B9F13-8A1A-4106-99A5-CE9610C8BC0C-1536x1152.jpeg 1536w, https:\/\/www.strandvejen23.dk\/wp-content\/uploads\/2025\/04\/F87B9F13-8A1A-4106-99A5-CE9610C8BC0C-2048x1536.jpeg 2048w, https:\/\/www.strandvejen23.dk\/wp-content\/uploads\/2025\/04\/F87B9F13-8A1A-4106-99A5-CE9610C8BC0C-400x300.jpeg 400w\" sizes=\"auto, (max-width: 1024px) 100vw, 1024px\" \/><\/a><\/figure>\n\n\n\n<p class=\"has-text-align-center\">Inte m\u00e5nga fritidsb\u00e5tar i sj\u00f6n \u00e4nnu&#8230;<\/p>\n\n\n\n<figure class=\"wp-block-image size-large\"><a href=\"https:\/\/www.strandvejen23.dk\/wp-content\/uploads\/2025\/04\/IMG_8627-scaled.jpeg\"><img loading=\"lazy\" decoding=\"async\" width=\"1024\" height=\"768\" src=\"https:\/\/www.strandvejen23.dk\/wp-content\/uploads\/2025\/04\/IMG_8627-1024x768.jpeg\" alt=\"\" class=\"wp-image-2965\" srcset=\"https:\/\/www.strandvejen23.dk\/wp-content\/uploads\/2025\/04\/IMG_8627-1024x768.jpeg 1024w, https:\/\/www.strandvejen23.dk\/wp-content\/uploads\/2025\/04\/IMG_8627-300x225.jpeg 300w, https:\/\/www.strandvejen23.dk\/wp-content\/uploads\/2025\/04\/IMG_8627-768x576.jpeg 768w, https:\/\/www.strandvejen23.dk\/wp-content\/uploads\/2025\/04\/IMG_8627-1536x1152.jpeg 1536w, https:\/\/www.strandvejen23.dk\/wp-content\/uploads\/2025\/04\/IMG_8627-2048x1536.jpeg 2048w, https:\/\/www.strandvejen23.dk\/wp-content\/uploads\/2025\/04\/IMG_8627-400x300.jpeg 400w\" sizes=\"auto, (max-width: 1024px) 100vw, 1024px\" \/><\/a><\/figure>\n\n\n\n<p class=\"has-text-align-center\">En h\u00e4rlig tur genom M\u00e4laren. Passerar Drottningholms slott.<\/p>\n\n\n\n<p>Nu g\u00e5r jag mot Bromma\/Alvik f\u00f6r att tr\u00e4ffa en gammal bekant, IT-professor och filosofen Bo Dahlbom, som inspirerade mig till att starta Dental24 p\u00e5 00-talet (\u00e5r 2000 + 2007 dvs. f\u00f6re\/efter IT-kraschen).<\/p>\n\n\n\n<figure class=\"wp-block-image size-large\"><a href=\"https:\/\/www.strandvejen23.dk\/wp-content\/uploads\/2025\/04\/IMG_8630-scaled.jpeg\"><img loading=\"lazy\" decoding=\"async\" width=\"1024\" height=\"768\" src=\"https:\/\/www.strandvejen23.dk\/wp-content\/uploads\/2025\/04\/IMG_8630-1024x768.jpeg\" alt=\"\" class=\"wp-image-2966\" srcset=\"https:\/\/www.strandvejen23.dk\/wp-content\/uploads\/2025\/04\/IMG_8630-1024x768.jpeg 1024w, https:\/\/www.strandvejen23.dk\/wp-content\/uploads\/2025\/04\/IMG_8630-300x225.jpeg 300w, https:\/\/www.strandvejen23.dk\/wp-content\/uploads\/2025\/04\/IMG_8630-768x576.jpeg 768w, https:\/\/www.strandvejen23.dk\/wp-content\/uploads\/2025\/04\/IMG_8630-1536x1152.jpeg 1536w, https:\/\/www.strandvejen23.dk\/wp-content\/uploads\/2025\/04\/IMG_8630-2048x1536.jpeg 2048w, https:\/\/www.strandvejen23.dk\/wp-content\/uploads\/2025\/04\/IMG_8630-400x300.jpeg 400w\" sizes=\"auto, (max-width: 1024px) 100vw, 1024px\" \/><\/a><\/figure>\n\n\n\n<p>L\u00e4gger till p\u00e5 g\u00e4stbryggan vid Sj\u00f6paviljongen (sj\u00f6krog) i Alvik\/Bromma med Riddarfj\u00e4rden\/Stockholm stad i sikte. En av de allra f\u00f6rsta g\u00e4sterna som kommer sj\u00f6v\u00e4gen i \u00e5r. K\u00e4nns lite konstigt att se Stockholms alla f\u00f6rorter (Sk\u00e4rholmen, Bromma, Solna + Kungsholmen) fr\u00e5n sj\u00f6n. Men s\u00e5 \u00e4r ju Stockholm uppbyggd p\u00e5 m\u00e5nga \u00f6ar. Det \u00e4r ju bl.a. det som g\u00f6r Stockholm till en s\u00e5 trevlig stad.<\/p>\n\n\n\n<figure class=\"wp-block-image size-large\"><a href=\"https:\/\/www.strandvejen23.dk\/wp-content\/uploads\/2025\/04\/6B3816E3-85A7-4EF3-AD17-8C3952ABC28D-scaled.jpeg\"><img loading=\"lazy\" decoding=\"async\" width=\"1024\" height=\"768\" src=\"https:\/\/www.strandvejen23.dk\/wp-content\/uploads\/2025\/04\/6B3816E3-85A7-4EF3-AD17-8C3952ABC28D-1024x768.jpeg\" alt=\"\" class=\"wp-image-2969\" srcset=\"https:\/\/www.strandvejen23.dk\/wp-content\/uploads\/2025\/04\/6B3816E3-85A7-4EF3-AD17-8C3952ABC28D-1024x768.jpeg 1024w, https:\/\/www.strandvejen23.dk\/wp-content\/uploads\/2025\/04\/6B3816E3-85A7-4EF3-AD17-8C3952ABC28D-300x225.jpeg 300w, https:\/\/www.strandvejen23.dk\/wp-content\/uploads\/2025\/04\/6B3816E3-85A7-4EF3-AD17-8C3952ABC28D-768x576.jpeg 768w, https:\/\/www.strandvejen23.dk\/wp-content\/uploads\/2025\/04\/6B3816E3-85A7-4EF3-AD17-8C3952ABC28D-1536x1152.jpeg 1536w, https:\/\/www.strandvejen23.dk\/wp-content\/uploads\/2025\/04\/6B3816E3-85A7-4EF3-AD17-8C3952ABC28D-2048x1536.jpeg 2048w, https:\/\/www.strandvejen23.dk\/wp-content\/uploads\/2025\/04\/6B3816E3-85A7-4EF3-AD17-8C3952ABC28D-400x300.jpeg 400w\" sizes=\"auto, (max-width: 1024px) 100vw, 1024px\" \/><\/a><\/figure>\n\n\n\n<p class=\"has-text-align-center\">Ett trevligt m\u00f6te\/middag med IT-professor och filosofen, Bo Dahlbom<\/p>\n\n\n\n<p><strong>25 april Kungsholmen, Stockholm<\/strong><\/p>\n\n\n\n<figure class=\"wp-block-gallery has-nested-images columns-default is-cropped wp-block-gallery-2 is-layout-flex wp-block-gallery-is-layout-flex\">\n<figure class=\"wp-block-image size-large\"><a href=\"https:\/\/www.strandvejen23.dk\/wp-content\/uploads\/2025\/04\/FEFF017E-F45F-4D26-BFAB-D52704A94376.jpeg\"><img loading=\"lazy\" decoding=\"async\" width=\"1008\" height=\"756\" data-id=\"2972\" src=\"https:\/\/www.strandvejen23.dk\/wp-content\/uploads\/2025\/04\/FEFF017E-F45F-4D26-BFAB-D52704A94376.jpeg\" alt=\"\" class=\"wp-image-2972\" srcset=\"https:\/\/www.strandvejen23.dk\/wp-content\/uploads\/2025\/04\/FEFF017E-F45F-4D26-BFAB-D52704A94376.jpeg 1008w, https:\/\/www.strandvejen23.dk\/wp-content\/uploads\/2025\/04\/FEFF017E-F45F-4D26-BFAB-D52704A94376-300x225.jpeg 300w, https:\/\/www.strandvejen23.dk\/wp-content\/uploads\/2025\/04\/FEFF017E-F45F-4D26-BFAB-D52704A94376-768x576.jpeg 768w, https:\/\/www.strandvejen23.dk\/wp-content\/uploads\/2025\/04\/FEFF017E-F45F-4D26-BFAB-D52704A94376-400x300.jpeg 400w\" sizes=\"auto, (max-width: 1008px) 100vw, 1008px\" \/><\/a><\/figure>\n\n\n\n<figure class=\"wp-block-image size-large\"><a href=\"https:\/\/www.strandvejen23.dk\/wp-content\/uploads\/2025\/04\/095F7E32-292D-43AA-89D6-81EE9D892D09.jpeg\"><img loading=\"lazy\" decoding=\"async\" width=\"756\" height=\"1008\" data-id=\"2974\" src=\"https:\/\/www.strandvejen23.dk\/wp-content\/uploads\/2025\/04\/095F7E32-292D-43AA-89D6-81EE9D892D09.jpeg\" alt=\"\" class=\"wp-image-2974\" srcset=\"https:\/\/www.strandvejen23.dk\/wp-content\/uploads\/2025\/04\/095F7E32-292D-43AA-89D6-81EE9D892D09.jpeg 756w, https:\/\/www.strandvejen23.dk\/wp-content\/uploads\/2025\/04\/095F7E32-292D-43AA-89D6-81EE9D892D09-225x300.jpeg 225w\" sizes=\"auto, (max-width: 756px) 100vw, 756px\" \/><\/a><\/figure>\n\n\n\n<figure class=\"wp-block-image size-large\"><a href=\"https:\/\/www.strandvejen23.dk\/wp-content\/uploads\/2025\/04\/0DFB779E-8414-46F9-B62A-C9AF4B323A0B-scaled.jpeg\"><img loading=\"lazy\" decoding=\"async\" width=\"1024\" height=\"768\" data-id=\"2973\" src=\"https:\/\/www.strandvejen23.dk\/wp-content\/uploads\/2025\/04\/0DFB779E-8414-46F9-B62A-C9AF4B323A0B-1024x768.jpeg\" alt=\"\" class=\"wp-image-2973\" srcset=\"https:\/\/www.strandvejen23.dk\/wp-content\/uploads\/2025\/04\/0DFB779E-8414-46F9-B62A-C9AF4B323A0B-1024x768.jpeg 1024w, https:\/\/www.strandvejen23.dk\/wp-content\/uploads\/2025\/04\/0DFB779E-8414-46F9-B62A-C9AF4B323A0B-300x225.jpeg 300w, https:\/\/www.strandvejen23.dk\/wp-content\/uploads\/2025\/04\/0DFB779E-8414-46F9-B62A-C9AF4B323A0B-768x576.jpeg 768w, https:\/\/www.strandvejen23.dk\/wp-content\/uploads\/2025\/04\/0DFB779E-8414-46F9-B62A-C9AF4B323A0B-1536x1152.jpeg 1536w, https:\/\/www.strandvejen23.dk\/wp-content\/uploads\/2025\/04\/0DFB779E-8414-46F9-B62A-C9AF4B323A0B-2048x1536.jpeg 2048w, https:\/\/www.strandvejen23.dk\/wp-content\/uploads\/2025\/04\/0DFB779E-8414-46F9-B62A-C9AF4B323A0B-400x300.jpeg 400w\" sizes=\"auto, (max-width: 1024px) 100vw, 1024px\" \/><\/a><\/figure>\n<\/figure>\n\n\n\n<p>Stopp p\u00e5 Kungsholmen med lite ink\u00f6p och dusch hemma hos broder Hans von Rietberg. \u00d6vernattade p\u00e5 Kristinestrands Strand (NV Kungsholmen), d\u00e4r min dotter Anna bodde tidigare. Trevligt att se alla joggare, hund\u00e4gare och morgonbadare p\u00e5 kajen.<\/p>\n\n\n\n<p>Nyttjar allemansr\u00e4tten och ligger gratis en natt p\u00e5 allm\u00e4n kaj. B\u00e5ten \u00e4r utrustad med solceller p\u00e5 taket, s\u00e5 jag beh\u00f6ver inte landstr\u00f6m (220V). \ud83d\udc4d<\/p>\n\n\n\n<p><strong>26 april Stockholm under broarna<\/strong><\/p>\n\n\n\n<figure class=\"wp-block-gallery has-nested-images columns-default is-cropped wp-block-gallery-3 is-layout-flex wp-block-gallery-is-layout-flex\">\n<figure class=\"wp-block-image size-large\"><a href=\"https:\/\/www.strandvejen23.dk\/wp-content\/uploads\/2025\/04\/52A04A5D-326F-4DCB-8222-A295B9EE8C06-scaled.jpeg\"><img loading=\"lazy\" decoding=\"async\" width=\"1024\" height=\"768\" data-id=\"2982\" src=\"https:\/\/www.strandvejen23.dk\/wp-content\/uploads\/2025\/04\/52A04A5D-326F-4DCB-8222-A295B9EE8C06-1024x768.jpeg\" alt=\"\" class=\"wp-image-2982\" srcset=\"https:\/\/www.strandvejen23.dk\/wp-content\/uploads\/2025\/04\/52A04A5D-326F-4DCB-8222-A295B9EE8C06-1024x768.jpeg 1024w, https:\/\/www.strandvejen23.dk\/wp-content\/uploads\/2025\/04\/52A04A5D-326F-4DCB-8222-A295B9EE8C06-300x225.jpeg 300w, https:\/\/www.strandvejen23.dk\/wp-content\/uploads\/2025\/04\/52A04A5D-326F-4DCB-8222-A295B9EE8C06-768x576.jpeg 768w, https:\/\/www.strandvejen23.dk\/wp-content\/uploads\/2025\/04\/52A04A5D-326F-4DCB-8222-A295B9EE8C06-1536x1152.jpeg 1536w, https:\/\/www.strandvejen23.dk\/wp-content\/uploads\/2025\/04\/52A04A5D-326F-4DCB-8222-A295B9EE8C06-2048x1536.jpeg 2048w, https:\/\/www.strandvejen23.dk\/wp-content\/uploads\/2025\/04\/52A04A5D-326F-4DCB-8222-A295B9EE8C06-400x300.jpeg 400w\" sizes=\"auto, (max-width: 1024px) 100vw, 1024px\" \/><\/a><\/figure>\n\n\n\n<figure class=\"wp-block-image size-large\"><a href=\"https:\/\/www.strandvejen23.dk\/wp-content\/uploads\/2025\/04\/89DA36EC-C36C-42EE-944A-22C67B1B1BFF_1_201_a-scaled.jpeg\"><img loading=\"lazy\" decoding=\"async\" width=\"1024\" height=\"797\" data-id=\"2996\" src=\"https:\/\/www.strandvejen23.dk\/wp-content\/uploads\/2025\/04\/89DA36EC-C36C-42EE-944A-22C67B1B1BFF_1_201_a-1024x797.jpeg\" alt=\"\" class=\"wp-image-2996\" srcset=\"https:\/\/www.strandvejen23.dk\/wp-content\/uploads\/2025\/04\/89DA36EC-C36C-42EE-944A-22C67B1B1BFF_1_201_a-1024x797.jpeg 1024w, https:\/\/www.strandvejen23.dk\/wp-content\/uploads\/2025\/04\/89DA36EC-C36C-42EE-944A-22C67B1B1BFF_1_201_a-300x233.jpeg 300w, https:\/\/www.strandvejen23.dk\/wp-content\/uploads\/2025\/04\/89DA36EC-C36C-42EE-944A-22C67B1B1BFF_1_201_a-768x598.jpeg 768w, https:\/\/www.strandvejen23.dk\/wp-content\/uploads\/2025\/04\/89DA36EC-C36C-42EE-944A-22C67B1B1BFF_1_201_a-1536x1195.jpeg 1536w, https:\/\/www.strandvejen23.dk\/wp-content\/uploads\/2025\/04\/89DA36EC-C36C-42EE-944A-22C67B1B1BFF_1_201_a-2048x1593.jpeg 2048w, https:\/\/www.strandvejen23.dk\/wp-content\/uploads\/2025\/04\/89DA36EC-C36C-42EE-944A-22C67B1B1BFF_1_201_a-386x300.jpeg 386w\" sizes=\"auto, (max-width: 1024px) 100vw, 1024px\" \/><\/a><\/figure>\n<figcaption class=\"blocks-gallery-caption wp-element-caption\">H\u00f6ga och l\u00e5ga broar i Stockholm city<\/figcaption><\/figure>\n\n\n\n<p>Idag blir det att &#8221;cruisa&#8221; runt i vackert v\u00e4der i \u00f6stra M\u00e4laren kring Lov\u00f6n med Drottningholms slott, V\u00e4llingby, H\u00e4sselby Strand och Ekrer\u00f6, som ligger alla strax v\u00e4ster om Stockholm stad.<\/p>\n\n\n\n<p><strong>27 april Diverse sysslor ombord under broarna<br><\/strong>\u00d6vernattning samt p\u00e5fyllande av 400 liter vatten i b\u00e5tklubb\/g\u00e4sthamn under V\u00e4sterbron i Riddarfj\u00e4rden med utsikt mot Stadshuset; Riksdagshuset och Gamla Stan.<br>H\u00e4mtade upp Anna p\u00e5 M\u00e4larstrand och l\u00e4mnade henne vid Hammarbyslussen p\u00e5 S\u00f6dern.<\/p>\n\n\n\n<p><strong>28 april Denise och Bella ansluter i Stockholm C.<\/strong><\/p>\n\n\n<div class=\"wp-block-image\">\n<figure class=\"aligncenter size-large\"><a href=\"http:\/\/www.strandvejen23.dk\/wp-content\/uploads\/2025\/04\/3F691F33-E740-444C-BD45-61C56FD2F61C-scaled.jpeg\"><img loading=\"lazy\" decoding=\"async\" width=\"768\" height=\"1024\" src=\"http:\/\/www.strandvejen23.dk\/wp-content\/uploads\/2025\/04\/3F691F33-E740-444C-BD45-61C56FD2F61C-768x1024.jpeg\" alt=\"\" class=\"wp-image-2994\" srcset=\"https:\/\/www.strandvejen23.dk\/wp-content\/uploads\/2025\/04\/3F691F33-E740-444C-BD45-61C56FD2F61C-768x1024.jpeg 768w, https:\/\/www.strandvejen23.dk\/wp-content\/uploads\/2025\/04\/3F691F33-E740-444C-BD45-61C56FD2F61C-225x300.jpeg 225w, https:\/\/www.strandvejen23.dk\/wp-content\/uploads\/2025\/04\/3F691F33-E740-444C-BD45-61C56FD2F61C-1152x1536.jpeg 1152w, https:\/\/www.strandvejen23.dk\/wp-content\/uploads\/2025\/04\/3F691F33-E740-444C-BD45-61C56FD2F61C-1536x2048.jpeg 1536w, https:\/\/www.strandvejen23.dk\/wp-content\/uploads\/2025\/04\/3F691F33-E740-444C-BD45-61C56FD2F61C-scaled.jpeg 1920w\" sizes=\"auto, (max-width: 768px) 100vw, 768px\" \/><\/a><figcaption class=\"wp-element-caption\">Bella \u00f6var sig p\u00e5 att g\u00e5 ombord och iland vid Standv\u00e4gen\/Djurg\u00e5r\u00b4n<\/figcaption><\/figure>\n<\/div>\n\n<div class=\"wp-block-image\">\n<figure class=\"aligncenter size-large\"><a href=\"http:\/\/www.strandvejen23.dk\/wp-content\/uploads\/2025\/04\/55B04352-0374-49E7-8CD6-C3F05F0F86BD_1_201_a-scaled.jpeg\"><img loading=\"lazy\" decoding=\"async\" width=\"1024\" height=\"606\" src=\"http:\/\/www.strandvejen23.dk\/wp-content\/uploads\/2025\/04\/55B04352-0374-49E7-8CD6-C3F05F0F86BD_1_201_a-1024x606.jpeg\" alt=\"\" class=\"wp-image-2987\" srcset=\"https:\/\/www.strandvejen23.dk\/wp-content\/uploads\/2025\/04\/55B04352-0374-49E7-8CD6-C3F05F0F86BD_1_201_a-1024x606.jpeg 1024w, https:\/\/www.strandvejen23.dk\/wp-content\/uploads\/2025\/04\/55B04352-0374-49E7-8CD6-C3F05F0F86BD_1_201_a-300x178.jpeg 300w, https:\/\/www.strandvejen23.dk\/wp-content\/uploads\/2025\/04\/55B04352-0374-49E7-8CD6-C3F05F0F86BD_1_201_a-768x455.jpeg 768w, https:\/\/www.strandvejen23.dk\/wp-content\/uploads\/2025\/04\/55B04352-0374-49E7-8CD6-C3F05F0F86BD_1_201_a-1536x909.jpeg 1536w, https:\/\/www.strandvejen23.dk\/wp-content\/uploads\/2025\/04\/55B04352-0374-49E7-8CD6-C3F05F0F86BD_1_201_a-2048x1212.jpeg 2048w, https:\/\/www.strandvejen23.dk\/wp-content\/uploads\/2025\/04\/55B04352-0374-49E7-8CD6-C3F05F0F86BD_1_201_a-500x296.jpeg 500w\" sizes=\"auto, (max-width: 1024px) 100vw, 1024px\" \/><\/a><figcaption class=\"wp-element-caption\">Nova p\u00e5 Riddarfj\u00e4rden<\/figcaption><\/figure>\n<\/div>\n\n\n<p>Nova, SL testar i ett pilotprojekt testar en elektrisk b\u00e4rplansb\u00e5t som drar upp till 80 procent mindre energi \u00e4n m\u00e5nga av dagens f\u00e4rjor. Nova k\u00f6r som en direktlinje mellan Klara M\u00e4larstrand vid Stadshuset och Tappstr\u00f6m p\u00e5 Eker\u00f6. Den tar upp till 25 personer och har d\u00e5 en r\u00e4ckvidd p\u00e5 cirka 40 sj\u00f6mil i 25 knop. Toppfarten \u00e4r cirka 27 knop och med sin r\u00e4ckvidd g\u00f6r det fartyget till v\u00e4rldens energieffektivaste och snabbaste elektriska passagerarfartyg i dagsl\u00e4get.<\/p>\n\n\n\n<p>Morgondagens fossilfria motorb\u00e5t kanske?<\/p>\n\n\n\n<p><a href=\"https:\/\/www.svt.se\/nyheter\/lokalt\/stockholm\/snart-flyger-pendelbaten-nova-igen-sa-gar-pilotprojektet-i-stockholm\">Mer om Nova &gt;&gt;<\/a><\/p>\n\n\n<div class=\"wp-block-image\">\n<figure class=\"aligncenter size-large is-resized\"><a href=\"http:\/\/www.strandvejen23.dk\/wp-content\/uploads\/2025\/04\/A0CED533-36CE-4C7C-A32C-D9B3DE749446_1_201_a-scaled.jpeg\"><img loading=\"lazy\" decoding=\"async\" width=\"833\" height=\"1024\" src=\"http:\/\/www.strandvejen23.dk\/wp-content\/uploads\/2025\/04\/A0CED533-36CE-4C7C-A32C-D9B3DE749446_1_201_a-833x1024.jpeg\" alt=\"\" class=\"wp-image-3000\" style=\"width:226px;height:auto\" srcset=\"https:\/\/www.strandvejen23.dk\/wp-content\/uploads\/2025\/04\/A0CED533-36CE-4C7C-A32C-D9B3DE749446_1_201_a-833x1024.jpeg 833w, https:\/\/www.strandvejen23.dk\/wp-content\/uploads\/2025\/04\/A0CED533-36CE-4C7C-A32C-D9B3DE749446_1_201_a-244x300.jpeg 244w, https:\/\/www.strandvejen23.dk\/wp-content\/uploads\/2025\/04\/A0CED533-36CE-4C7C-A32C-D9B3DE749446_1_201_a-768x945.jpeg 768w, https:\/\/www.strandvejen23.dk\/wp-content\/uploads\/2025\/04\/A0CED533-36CE-4C7C-A32C-D9B3DE749446_1_201_a-1249x1536.jpeg 1249w, https:\/\/www.strandvejen23.dk\/wp-content\/uploads\/2025\/04\/A0CED533-36CE-4C7C-A32C-D9B3DE749446_1_201_a-1665x2048.jpeg 1665w\" sizes=\"auto, (max-width: 833px) 100vw, 833px\" \/><\/a><\/figure>\n<\/div>\n\n\n<p class=\"has-text-align-center\">Gr\u00f6nt Coldin kors (gammalt sj\u00f6m\u00e4rke innan fyrarna) vid V\u00e4sterbron, Stockholm<\/p>\n\n\n\n<p><strong>29 april \u00d6stersj\u00f6n\/Stockholm city<\/strong><\/p>\n\n\n\n<figure class=\"wp-block-gallery has-nested-images columns-default is-cropped wp-block-gallery-4 is-layout-flex wp-block-gallery-is-layout-flex\">\n<figure class=\"wp-block-image size-large\"><a href=\"https:\/\/www.strandvejen23.dk\/wp-content\/uploads\/2025\/04\/2D3C75B7-2119-4B3A-90E0-97CC1427975B_1_201_a-scaled.jpeg\"><img loading=\"lazy\" decoding=\"async\" width=\"652\" height=\"1024\" data-id=\"2997\" src=\"https:\/\/www.strandvejen23.dk\/wp-content\/uploads\/2025\/04\/2D3C75B7-2119-4B3A-90E0-97CC1427975B_1_201_a-652x1024.jpeg\" alt=\"\" class=\"wp-image-2997\" srcset=\"https:\/\/www.strandvejen23.dk\/wp-content\/uploads\/2025\/04\/2D3C75B7-2119-4B3A-90E0-97CC1427975B_1_201_a-652x1024.jpeg 652w, https:\/\/www.strandvejen23.dk\/wp-content\/uploads\/2025\/04\/2D3C75B7-2119-4B3A-90E0-97CC1427975B_1_201_a-191x300.jpeg 191w, https:\/\/www.strandvejen23.dk\/wp-content\/uploads\/2025\/04\/2D3C75B7-2119-4B3A-90E0-97CC1427975B_1_201_a-768x1207.jpeg 768w, https:\/\/www.strandvejen23.dk\/wp-content\/uploads\/2025\/04\/2D3C75B7-2119-4B3A-90E0-97CC1427975B_1_201_a-978x1536.jpeg 978w, https:\/\/www.strandvejen23.dk\/wp-content\/uploads\/2025\/04\/2D3C75B7-2119-4B3A-90E0-97CC1427975B_1_201_a-1303x2048.jpeg 1303w, https:\/\/www.strandvejen23.dk\/wp-content\/uploads\/2025\/04\/2D3C75B7-2119-4B3A-90E0-97CC1427975B_1_201_a-scaled.jpeg 1629w\" sizes=\"auto, (max-width: 652px) 100vw, 652px\" \/><\/a><figcaption class=\"wp-element-caption\">Djurg\u00e5rdskanalen<\/figcaption><\/figure>\n<\/figure>\n\n\n\n<figure class=\"wp-block-gallery has-nested-images columns-default is-cropped wp-block-gallery-5 is-layout-flex wp-block-gallery-is-layout-flex\">\n<figure class=\"wp-block-image size-large\"><a href=\"https:\/\/www.strandvejen23.dk\/wp-content\/uploads\/2025\/04\/9B60F9E1-14D2-4D03-B8CD-67FE27A3C272-scaled.jpeg\"><img loading=\"lazy\" decoding=\"async\" width=\"1024\" height=\"768\" data-id=\"2993\" src=\"https:\/\/www.strandvejen23.dk\/wp-content\/uploads\/2025\/04\/9B60F9E1-14D2-4D03-B8CD-67FE27A3C272-1024x768.jpeg\" alt=\"\" class=\"wp-image-2993\" srcset=\"https:\/\/www.strandvejen23.dk\/wp-content\/uploads\/2025\/04\/9B60F9E1-14D2-4D03-B8CD-67FE27A3C272-1024x768.jpeg 1024w, https:\/\/www.strandvejen23.dk\/wp-content\/uploads\/2025\/04\/9B60F9E1-14D2-4D03-B8CD-67FE27A3C272-300x225.jpeg 300w, https:\/\/www.strandvejen23.dk\/wp-content\/uploads\/2025\/04\/9B60F9E1-14D2-4D03-B8CD-67FE27A3C272-768x576.jpeg 768w, https:\/\/www.strandvejen23.dk\/wp-content\/uploads\/2025\/04\/9B60F9E1-14D2-4D03-B8CD-67FE27A3C272-1536x1152.jpeg 1536w, https:\/\/www.strandvejen23.dk\/wp-content\/uploads\/2025\/04\/9B60F9E1-14D2-4D03-B8CD-67FE27A3C272-2048x1536.jpeg 2048w, https:\/\/www.strandvejen23.dk\/wp-content\/uploads\/2025\/04\/9B60F9E1-14D2-4D03-B8CD-67FE27A3C272-400x300.jpeg 400w\" sizes=\"auto, (max-width: 1024px) 100vw, 1024px\" \/><\/a><figcaption class=\"wp-element-caption\">KMK p\u00e5 Strandv\u00e4gen i Stockholm<\/figcaption><\/figure>\n\n\n\n<figure class=\"wp-block-image size-large\"><a href=\"https:\/\/www.strandvejen23.dk\/wp-content\/uploads\/2025\/04\/B94BD40D-CCB2-4DF6-A110-5CC8663C5919-scaled.jpeg\"><img loading=\"lazy\" decoding=\"async\" width=\"1024\" height=\"768\" data-id=\"3004\" src=\"https:\/\/www.strandvejen23.dk\/wp-content\/uploads\/2025\/04\/B94BD40D-CCB2-4DF6-A110-5CC8663C5919-1024x768.jpeg\" alt=\"\" class=\"wp-image-3004\" srcset=\"https:\/\/www.strandvejen23.dk\/wp-content\/uploads\/2025\/04\/B94BD40D-CCB2-4DF6-A110-5CC8663C5919-1024x768.jpeg 1024w, https:\/\/www.strandvejen23.dk\/wp-content\/uploads\/2025\/04\/B94BD40D-CCB2-4DF6-A110-5CC8663C5919-300x225.jpeg 300w, https:\/\/www.strandvejen23.dk\/wp-content\/uploads\/2025\/04\/B94BD40D-CCB2-4DF6-A110-5CC8663C5919-768x576.jpeg 768w, https:\/\/www.strandvejen23.dk\/wp-content\/uploads\/2025\/04\/B94BD40D-CCB2-4DF6-A110-5CC8663C5919-1536x1152.jpeg 1536w, https:\/\/www.strandvejen23.dk\/wp-content\/uploads\/2025\/04\/B94BD40D-CCB2-4DF6-A110-5CC8663C5919-2048x1536.jpeg 2048w, https:\/\/www.strandvejen23.dk\/wp-content\/uploads\/2025\/04\/B94BD40D-CCB2-4DF6-A110-5CC8663C5919-400x300.jpeg 400w\" sizes=\"auto, (max-width: 1024px) 100vw, 1024px\" \/><\/a><\/figure>\n<\/figure>\n\n\n\n<p class=\"has-text-align-center\">Middag med Anna, Tom och Tom\u00b4s f\u00f6r\u00e4dlar Mia och Anders i Diplomatstaden p\u00e5 \u00d6stermalm.<\/p>\n\n\n\n<p><strong>30 april, Valborgsm\u00e4ssoafton<\/strong><\/p>\n\n\n\n<figure class=\"wp-block-image size-large\"><a href=\"http:\/\/www.strandvejen23.dk\/wp-content\/uploads\/2025\/04\/2CCDB227-FF40-4E83-AE32-72C7AF11B1A5-scaled.jpeg\"><img loading=\"lazy\" decoding=\"async\" width=\"768\" height=\"1024\" src=\"http:\/\/www.strandvejen23.dk\/wp-content\/uploads\/2025\/04\/2CCDB227-FF40-4E83-AE32-72C7AF11B1A5-768x1024.jpeg\" alt=\"\" class=\"wp-image-3005\" srcset=\"https:\/\/www.strandvejen23.dk\/wp-content\/uploads\/2025\/04\/2CCDB227-FF40-4E83-AE32-72C7AF11B1A5-768x1024.jpeg 768w, https:\/\/www.strandvejen23.dk\/wp-content\/uploads\/2025\/04\/2CCDB227-FF40-4E83-AE32-72C7AF11B1A5-225x300.jpeg 225w, https:\/\/www.strandvejen23.dk\/wp-content\/uploads\/2025\/04\/2CCDB227-FF40-4E83-AE32-72C7AF11B1A5-1152x1536.jpeg 1152w, https:\/\/www.strandvejen23.dk\/wp-content\/uploads\/2025\/04\/2CCDB227-FF40-4E83-AE32-72C7AF11B1A5-1536x2048.jpeg 1536w, https:\/\/www.strandvejen23.dk\/wp-content\/uploads\/2025\/04\/2CCDB227-FF40-4E83-AE32-72C7AF11B1A5-scaled.jpeg 1920w\" sizes=\"auto, (max-width: 768px) 100vw, 768px\" \/><\/a><\/figure>\n\n\n\n<p class=\"has-text-align-center\">Denise, Bella och jag tog en h\u00e4rlig promenad p\u00e5 Djurg\u00e5rden.<\/p>\n\n\n\n<figure class=\"wp-block-image size-large\"><a href=\"http:\/\/www.strandvejen23.dk\/wp-content\/uploads\/2025\/04\/FF568FC2-74E3-4EF0-8CC0-BB39E2C3A384-scaled.jpeg\"><img loading=\"lazy\" decoding=\"async\" width=\"768\" height=\"1024\" src=\"http:\/\/www.strandvejen23.dk\/wp-content\/uploads\/2025\/04\/FF568FC2-74E3-4EF0-8CC0-BB39E2C3A384-768x1024.jpeg\" alt=\"\" class=\"wp-image-3003\" srcset=\"https:\/\/www.strandvejen23.dk\/wp-content\/uploads\/2025\/04\/FF568FC2-74E3-4EF0-8CC0-BB39E2C3A384-768x1024.jpeg 768w, https:\/\/www.strandvejen23.dk\/wp-content\/uploads\/2025\/04\/FF568FC2-74E3-4EF0-8CC0-BB39E2C3A384-225x300.jpeg 225w, https:\/\/www.strandvejen23.dk\/wp-content\/uploads\/2025\/04\/FF568FC2-74E3-4EF0-8CC0-BB39E2C3A384-1152x1536.jpeg 1152w, https:\/\/www.strandvejen23.dk\/wp-content\/uploads\/2025\/04\/FF568FC2-74E3-4EF0-8CC0-BB39E2C3A384-1536x2048.jpeg 1536w, https:\/\/www.strandvejen23.dk\/wp-content\/uploads\/2025\/04\/FF568FC2-74E3-4EF0-8CC0-BB39E2C3A384-scaled.jpeg 1920w\" sizes=\"auto, (max-width: 768px) 100vw, 768px\" \/><\/a><\/figure>\n\n\n\n<p class=\"has-text-align-center\">Mytteri! Bes\u00e4ttningen h\u00e5ller p\u00e5 med att ta \u00f6ver skepparns g\u00f6rom\u00e5l. \ud83d\ude00<\/p>\n\n\n\n<p>2 timmars cruising till Vaxholm och bes\u00f6k p\u00e5 Vaxholms Hembygdsg\u00e5rds Caf\u00e9 med live jazz. \ud83c\udfb6<\/p>\n\n\n\n<figure class=\"wp-block-gallery has-nested-images columns-default is-cropped wp-block-gallery-6 is-layout-flex wp-block-gallery-is-layout-flex\">\n<figure class=\"wp-block-image size-large\"><a href=\"https:\/\/www.strandvejen23.dk\/wp-content\/uploads\/2025\/05\/6C161CA7-CC05-4455-B0F8-04BCA5FB4EF7-scaled.jpeg\"><img loading=\"lazy\" decoding=\"async\" width=\"1024\" height=\"768\" data-id=\"3011\" src=\"https:\/\/www.strandvejen23.dk\/wp-content\/uploads\/2025\/05\/6C161CA7-CC05-4455-B0F8-04BCA5FB4EF7-1024x768.jpeg\" alt=\"\" class=\"wp-image-3011\" srcset=\"https:\/\/www.strandvejen23.dk\/wp-content\/uploads\/2025\/05\/6C161CA7-CC05-4455-B0F8-04BCA5FB4EF7-1024x768.jpeg 1024w, https:\/\/www.strandvejen23.dk\/wp-content\/uploads\/2025\/05\/6C161CA7-CC05-4455-B0F8-04BCA5FB4EF7-300x225.jpeg 300w, https:\/\/www.strandvejen23.dk\/wp-content\/uploads\/2025\/05\/6C161CA7-CC05-4455-B0F8-04BCA5FB4EF7-768x576.jpeg 768w, https:\/\/www.strandvejen23.dk\/wp-content\/uploads\/2025\/05\/6C161CA7-CC05-4455-B0F8-04BCA5FB4EF7-1536x1152.jpeg 1536w, https:\/\/www.strandvejen23.dk\/wp-content\/uploads\/2025\/05\/6C161CA7-CC05-4455-B0F8-04BCA5FB4EF7-2048x1536.jpeg 2048w, https:\/\/www.strandvejen23.dk\/wp-content\/uploads\/2025\/05\/6C161CA7-CC05-4455-B0F8-04BCA5FB4EF7-400x300.jpeg 400w\" sizes=\"auto, (max-width: 1024px) 100vw, 1024px\" \/><\/a><\/figure>\n\n\n\n<figure class=\"wp-block-image size-large\"><a href=\"https:\/\/www.strandvejen23.dk\/wp-content\/uploads\/2025\/05\/A9FA9513-BE0C-412E-B9E6-ED2898466322-scaled.jpeg\"><img loading=\"lazy\" decoding=\"async\" width=\"1024\" height=\"768\" data-id=\"3010\" src=\"https:\/\/www.strandvejen23.dk\/wp-content\/uploads\/2025\/05\/A9FA9513-BE0C-412E-B9E6-ED2898466322-1024x768.jpeg\" alt=\"\" class=\"wp-image-3010\" srcset=\"https:\/\/www.strandvejen23.dk\/wp-content\/uploads\/2025\/05\/A9FA9513-BE0C-412E-B9E6-ED2898466322-1024x768.jpeg 1024w, https:\/\/www.strandvejen23.dk\/wp-content\/uploads\/2025\/05\/A9FA9513-BE0C-412E-B9E6-ED2898466322-300x225.jpeg 300w, https:\/\/www.strandvejen23.dk\/wp-content\/uploads\/2025\/05\/A9FA9513-BE0C-412E-B9E6-ED2898466322-768x576.jpeg 768w, https:\/\/www.strandvejen23.dk\/wp-content\/uploads\/2025\/05\/A9FA9513-BE0C-412E-B9E6-ED2898466322-1536x1152.jpeg 1536w, https:\/\/www.strandvejen23.dk\/wp-content\/uploads\/2025\/05\/A9FA9513-BE0C-412E-B9E6-ED2898466322-2048x1536.jpeg 2048w, https:\/\/www.strandvejen23.dk\/wp-content\/uploads\/2025\/05\/A9FA9513-BE0C-412E-B9E6-ED2898466322-400x300.jpeg 400w\" sizes=\"auto, (max-width: 1024px) 100vw, 1024px\" \/><\/a><\/figure>\n<\/figure>\n\n\n\n<figure class=\"wp-block-image size-large\"><a href=\"https:\/\/www.strandvejen23.dk\/wp-content\/uploads\/2025\/05\/28FB61EF-A0F9-4BB4-9580-1898F4508E34-scaled.jpeg\"><img loading=\"lazy\" decoding=\"async\" width=\"1024\" height=\"768\" src=\"https:\/\/www.strandvejen23.dk\/wp-content\/uploads\/2025\/05\/28FB61EF-A0F9-4BB4-9580-1898F4508E34-1024x768.jpeg\" alt=\"\" class=\"wp-image-3012\" srcset=\"https:\/\/www.strandvejen23.dk\/wp-content\/uploads\/2025\/05\/28FB61EF-A0F9-4BB4-9580-1898F4508E34-1024x768.jpeg 1024w, https:\/\/www.strandvejen23.dk\/wp-content\/uploads\/2025\/05\/28FB61EF-A0F9-4BB4-9580-1898F4508E34-300x225.jpeg 300w, https:\/\/www.strandvejen23.dk\/wp-content\/uploads\/2025\/05\/28FB61EF-A0F9-4BB4-9580-1898F4508E34-768x576.jpeg 768w, https:\/\/www.strandvejen23.dk\/wp-content\/uploads\/2025\/05\/28FB61EF-A0F9-4BB4-9580-1898F4508E34-1536x1152.jpeg 1536w, https:\/\/www.strandvejen23.dk\/wp-content\/uploads\/2025\/05\/28FB61EF-A0F9-4BB4-9580-1898F4508E34-2048x1536.jpeg 2048w, https:\/\/www.strandvejen23.dk\/wp-content\/uploads\/2025\/05\/28FB61EF-A0F9-4BB4-9580-1898F4508E34-400x300.jpeg 400w\" sizes=\"auto, (max-width: 1024px) 100vw, 1024px\" \/><\/a><\/figure>\n\n\n\n<p><strong>1 maj<\/strong><br>Nu g\u00e5r vi mot V\u00e4rmd\u00f6 och tr\u00e4ffar Jan &amp; Frin\u00e9&#8230; Trevlig middag!<\/p>\n\n\n\n<p><strong>2 maj Next stop, Grinda<br><\/strong>Grinda \u00e4r en trevlig \u00f6 utanf\u00f6r V\u00e4rmd\u00f6 i Stockholms sk\u00e4rg\u00e5rd (natureservat) med v\u00e4rdshus och fin hamn \u00e4ven om det skvalpade lite i stark v\u00e4stanvind.<\/p>\n\n\n\n<figure class=\"wp-block-image size-large\"><a href=\"http:\/\/www.strandvejen23.dk\/wp-content\/uploads\/2025\/05\/97E9A9FF-4AAF-483D-9212-DCA51F871F07_1_201_a-scaled.jpeg\"><img loading=\"lazy\" decoding=\"async\" width=\"1024\" height=\"625\" src=\"http:\/\/www.strandvejen23.dk\/wp-content\/uploads\/2025\/05\/97E9A9FF-4AAF-483D-9212-DCA51F871F07_1_201_a-1024x625.jpeg\" alt=\"\" class=\"wp-image-3017\" srcset=\"https:\/\/www.strandvejen23.dk\/wp-content\/uploads\/2025\/05\/97E9A9FF-4AAF-483D-9212-DCA51F871F07_1_201_a-1024x625.jpeg 1024w, https:\/\/www.strandvejen23.dk\/wp-content\/uploads\/2025\/05\/97E9A9FF-4AAF-483D-9212-DCA51F871F07_1_201_a-300x183.jpeg 300w, https:\/\/www.strandvejen23.dk\/wp-content\/uploads\/2025\/05\/97E9A9FF-4AAF-483D-9212-DCA51F871F07_1_201_a-768x469.jpeg 768w, https:\/\/www.strandvejen23.dk\/wp-content\/uploads\/2025\/05\/97E9A9FF-4AAF-483D-9212-DCA51F871F07_1_201_a-1536x938.jpeg 1536w, https:\/\/www.strandvejen23.dk\/wp-content\/uploads\/2025\/05\/97E9A9FF-4AAF-483D-9212-DCA51F871F07_1_201_a-2048x1250.jpeg 2048w, https:\/\/www.strandvejen23.dk\/wp-content\/uploads\/2025\/05\/97E9A9FF-4AAF-483D-9212-DCA51F871F07_1_201_a-491x300.jpeg 491w\" sizes=\"auto, (max-width: 1024px) 100vw, 1024px\" \/><\/a><\/figure>\n\n\n<div class=\"wp-block-image\">\n<figure class=\"aligncenter size-large\"><a href=\"http:\/\/www.strandvejen23.dk\/wp-content\/uploads\/2025\/05\/9B5261F4-78A7-4C95-91B2-9D34242EB6D8-scaled.jpeg\"><img loading=\"lazy\" decoding=\"async\" width=\"768\" height=\"1024\" src=\"http:\/\/www.strandvejen23.dk\/wp-content\/uploads\/2025\/05\/9B5261F4-78A7-4C95-91B2-9D34242EB6D8-768x1024.jpeg\" alt=\"\" class=\"wp-image-3020\" srcset=\"https:\/\/www.strandvejen23.dk\/wp-content\/uploads\/2025\/05\/9B5261F4-78A7-4C95-91B2-9D34242EB6D8-768x1024.jpeg 768w, https:\/\/www.strandvejen23.dk\/wp-content\/uploads\/2025\/05\/9B5261F4-78A7-4C95-91B2-9D34242EB6D8-225x300.jpeg 225w, https:\/\/www.strandvejen23.dk\/wp-content\/uploads\/2025\/05\/9B5261F4-78A7-4C95-91B2-9D34242EB6D8-1152x1536.jpeg 1152w, https:\/\/www.strandvejen23.dk\/wp-content\/uploads\/2025\/05\/9B5261F4-78A7-4C95-91B2-9D34242EB6D8-1536x2048.jpeg 1536w, https:\/\/www.strandvejen23.dk\/wp-content\/uploads\/2025\/05\/9B5261F4-78A7-4C95-91B2-9D34242EB6D8-scaled.jpeg 1920w\" sizes=\"auto, (max-width: 768px) 100vw, 768px\" \/><\/a><\/figure>\n<\/div>\n\n\n<p class=\"has-text-align-center\">Hygge<\/p>\n\n\n\n<p><strong>3 maj P\u00e5 v\u00e4g s\u00f6der ut i Stockholms sk\u00e4rg\u00e5rd<br><\/strong>Idag gick vi fr\u00e5n Grinda till Svenska Kryssarklubbens (SXK) fina uthamn p\u00e5 R\u00f6nmar\u00f6 via Bulland\u00f6 och Stavsn\u00e4s p\u00e5 \u00f6stra V\u00e4rmd\u00f6. <br>Fint v\u00e4der och fortfarande n\u00e4stan inga b\u00e5tar ute och hamnarna \u00e4r n\u00e4stan tomma.<\/p>\n\n\n\n<figure class=\"wp-block-gallery has-nested-images columns-default is-cropped wp-block-gallery-7 is-layout-flex wp-block-gallery-is-layout-flex\">\n<figure class=\"wp-block-image size-large\"><a href=\"https:\/\/www.strandvejen23.dk\/wp-content\/uploads\/2025\/05\/8A908638-CC59-457E-A865-4C859D6A1EE4-scaled.jpeg\"><img loading=\"lazy\" decoding=\"async\" width=\"1024\" height=\"768\" data-id=\"3022\" src=\"https:\/\/www.strandvejen23.dk\/wp-content\/uploads\/2025\/05\/8A908638-CC59-457E-A865-4C859D6A1EE4-1024x768.jpeg\" alt=\"\" class=\"wp-image-3022\" srcset=\"https:\/\/www.strandvejen23.dk\/wp-content\/uploads\/2025\/05\/8A908638-CC59-457E-A865-4C859D6A1EE4-1024x768.jpeg 1024w, https:\/\/www.strandvejen23.dk\/wp-content\/uploads\/2025\/05\/8A908638-CC59-457E-A865-4C859D6A1EE4-300x225.jpeg 300w, https:\/\/www.strandvejen23.dk\/wp-content\/uploads\/2025\/05\/8A908638-CC59-457E-A865-4C859D6A1EE4-768x576.jpeg 768w, https:\/\/www.strandvejen23.dk\/wp-content\/uploads\/2025\/05\/8A908638-CC59-457E-A865-4C859D6A1EE4-1536x1152.jpeg 1536w, https:\/\/www.strandvejen23.dk\/wp-content\/uploads\/2025\/05\/8A908638-CC59-457E-A865-4C859D6A1EE4-2048x1536.jpeg 2048w, https:\/\/www.strandvejen23.dk\/wp-content\/uploads\/2025\/05\/8A908638-CC59-457E-A865-4C859D6A1EE4-400x300.jpeg 400w\" sizes=\"auto, (max-width: 1024px) 100vw, 1024px\" \/><\/a><\/figure>\n\n\n\n<figure class=\"wp-block-image size-large\"><a href=\"https:\/\/www.strandvejen23.dk\/wp-content\/uploads\/2025\/05\/E5BE9209-8FDA-4630-9AD8-32794468832E-scaled.jpeg\"><img loading=\"lazy\" decoding=\"async\" width=\"768\" height=\"1024\" data-id=\"3021\" src=\"https:\/\/www.strandvejen23.dk\/wp-content\/uploads\/2025\/05\/E5BE9209-8FDA-4630-9AD8-32794468832E-768x1024.jpeg\" alt=\"\" class=\"wp-image-3021\" srcset=\"https:\/\/www.strandvejen23.dk\/wp-content\/uploads\/2025\/05\/E5BE9209-8FDA-4630-9AD8-32794468832E-768x1024.jpeg 768w, https:\/\/www.strandvejen23.dk\/wp-content\/uploads\/2025\/05\/E5BE9209-8FDA-4630-9AD8-32794468832E-225x300.jpeg 225w, https:\/\/www.strandvejen23.dk\/wp-content\/uploads\/2025\/05\/E5BE9209-8FDA-4630-9AD8-32794468832E-1152x1536.jpeg 1152w, https:\/\/www.strandvejen23.dk\/wp-content\/uploads\/2025\/05\/E5BE9209-8FDA-4630-9AD8-32794468832E-1536x2048.jpeg 1536w, https:\/\/www.strandvejen23.dk\/wp-content\/uploads\/2025\/05\/E5BE9209-8FDA-4630-9AD8-32794468832E-scaled.jpeg 1920w\" sizes=\"auto, (max-width: 768px) 100vw, 768px\" \/><\/a><\/figure>\n<\/figure>\n\n\n\n<p>&#8221;After sail&#8221;. N\u00f6jd skeppare p\u00e5 fin brygga och badplats f\u00f6r Bella som fick testa sin nya flytv\u00e4st f\u00f6r f\u00f6rsta g\u00e5ngen.<\/p>\n\n\n\n<p><strong>N\u00e4sta stopp: Ut\u00f6<\/strong><br>Ut\u00f6 \u00e4r en ganska stor \u00f6 i Stockholms s\u00f6dra sk\u00e4rg\u00e5rd. H\u00e4r finns bra service s\u00e5som fina duschar och bastu. Just nu har man dock inte riktigt kommit ig\u00e5ng i g\u00e4sthamnen med caf\u00e9 och bageri. Personalen gick ocks\u00e5 hem lite tidigt (kl. 15:00) och brydde sig inte s\u00e4rskilt om det l\u00e5g n\u00e5gon i hamnen, eller inte. \ud83e\udd14 Men s\u00e5 var det bara oss som l\u00e5g kvar \u00f6ver natten i hamnen. \ud83d\ude04<\/p>\n\n\n\n<figure class=\"wp-block-image size-large\"><a href=\"http:\/\/www.strandvejen23.dk\/wp-content\/uploads\/2025\/05\/400A5567-325B-497F-B05F-2B3891A69131-scaled.jpeg\"><img loading=\"lazy\" decoding=\"async\" width=\"1024\" height=\"768\" src=\"http:\/\/www.strandvejen23.dk\/wp-content\/uploads\/2025\/05\/400A5567-325B-497F-B05F-2B3891A69131-1024x768.jpeg\" alt=\"\" class=\"wp-image-3027\" srcset=\"https:\/\/www.strandvejen23.dk\/wp-content\/uploads\/2025\/05\/400A5567-325B-497F-B05F-2B3891A69131-1024x768.jpeg 1024w, https:\/\/www.strandvejen23.dk\/wp-content\/uploads\/2025\/05\/400A5567-325B-497F-B05F-2B3891A69131-300x225.jpeg 300w, https:\/\/www.strandvejen23.dk\/wp-content\/uploads\/2025\/05\/400A5567-325B-497F-B05F-2B3891A69131-768x576.jpeg 768w, https:\/\/www.strandvejen23.dk\/wp-content\/uploads\/2025\/05\/400A5567-325B-497F-B05F-2B3891A69131-1536x1152.jpeg 1536w, https:\/\/www.strandvejen23.dk\/wp-content\/uploads\/2025\/05\/400A5567-325B-497F-B05F-2B3891A69131-2048x1536.jpeg 2048w, https:\/\/www.strandvejen23.dk\/wp-content\/uploads\/2025\/05\/400A5567-325B-497F-B05F-2B3891A69131-400x300.jpeg 400w\" sizes=\"auto, (max-width: 1024px) 100vw, 1024px\" \/><\/a><\/figure>\n\n\n\n<p><strong>M\u00e5ndag 5 maj Nyn\u00e4shamn<br><\/strong>H\u00e4r slutar episod 1 av Odyss\u00e9 2025 och vi parkerar, l\u00e4mnar b\u00e5ten i tre veckor och tar t\u00e5get till G\u00f6teborg via Stockholm C.<\/p>\n\n\n\n<figure class=\"wp-block-gallery has-nested-images columns-default is-cropped wp-block-gallery-8 is-layout-flex wp-block-gallery-is-layout-flex\">\n<figure class=\"wp-block-image size-large\"><a href=\"https:\/\/www.strandvejen23.dk\/wp-content\/uploads\/2025\/05\/E41E6927-646F-4999-98D8-13F0518FC1C5-scaled.jpeg\"><img loading=\"lazy\" decoding=\"async\" width=\"1024\" height=\"768\" data-id=\"3028\" src=\"https:\/\/www.strandvejen23.dk\/wp-content\/uploads\/2025\/05\/E41E6927-646F-4999-98D8-13F0518FC1C5-1024x768.jpeg\" alt=\"\" class=\"wp-image-3028\" srcset=\"https:\/\/www.strandvejen23.dk\/wp-content\/uploads\/2025\/05\/E41E6927-646F-4999-98D8-13F0518FC1C5-1024x768.jpeg 1024w, https:\/\/www.strandvejen23.dk\/wp-content\/uploads\/2025\/05\/E41E6927-646F-4999-98D8-13F0518FC1C5-300x225.jpeg 300w, https:\/\/www.strandvejen23.dk\/wp-content\/uploads\/2025\/05\/E41E6927-646F-4999-98D8-13F0518FC1C5-768x576.jpeg 768w, https:\/\/www.strandvejen23.dk\/wp-content\/uploads\/2025\/05\/E41E6927-646F-4999-98D8-13F0518FC1C5-1536x1152.jpeg 1536w, https:\/\/www.strandvejen23.dk\/wp-content\/uploads\/2025\/05\/E41E6927-646F-4999-98D8-13F0518FC1C5-2048x1536.jpeg 2048w, https:\/\/www.strandvejen23.dk\/wp-content\/uploads\/2025\/05\/E41E6927-646F-4999-98D8-13F0518FC1C5-400x300.jpeg 400w\" sizes=\"auto, (max-width: 1024px) 100vw, 1024px\" \/><\/a><\/figure>\n\n\n\n<figure class=\"wp-block-image size-large\"><a href=\"https:\/\/www.strandvejen23.dk\/wp-content\/uploads\/2025\/05\/73B2244D-712F-4B6F-8195-DAF14FC9F1C3_1_105_c.jpeg\"><img loading=\"lazy\" decoding=\"async\" width=\"1024\" height=\"768\" data-id=\"3047\" src=\"https:\/\/www.strandvejen23.dk\/wp-content\/uploads\/2025\/05\/73B2244D-712F-4B6F-8195-DAF14FC9F1C3_1_105_c.jpeg\" alt=\"\" class=\"wp-image-3047\" srcset=\"https:\/\/www.strandvejen23.dk\/wp-content\/uploads\/2025\/05\/73B2244D-712F-4B6F-8195-DAF14FC9F1C3_1_105_c.jpeg 1024w, https:\/\/www.strandvejen23.dk\/wp-content\/uploads\/2025\/05\/73B2244D-712F-4B6F-8195-DAF14FC9F1C3_1_105_c-300x225.jpeg 300w, https:\/\/www.strandvejen23.dk\/wp-content\/uploads\/2025\/05\/73B2244D-712F-4B6F-8195-DAF14FC9F1C3_1_105_c-768x576.jpeg 768w, https:\/\/www.strandvejen23.dk\/wp-content\/uploads\/2025\/05\/73B2244D-712F-4B6F-8195-DAF14FC9F1C3_1_105_c-400x300.jpeg 400w\" sizes=\"auto, (max-width: 1024px) 100vw, 1024px\" \/><\/a><\/figure>\n<\/figure>\n\n\n\n<p class=\"has-text-align-center\">J\u00e4ttefin g\u00e4sthamn i Nyn\u00e4shamn med allt man beh\u00f6ver f\u00f6r stunden inkl. tv\u00e4ttmaskin.<\/p>\n\n\n\n<p>En h\u00e4rlig odyss\u00e9 med nya vyer varje dag. B\u00e5ten har fungerat bra \u00e4ven om jag inte har hunnit\/beh\u00f6vt anv\u00e4nda alla funktioner (t.ex. akterspelet\/ankaret, b\u00e5t-WiFi, etc.). B\u00e5ten \u00e4r l\u00e4tt att man\u00f6vrera mha autopiloten och bogpropellrarna inkl. fj\u00e4rrkontroll som g\u00f6r att man st\u00e5 p\u00e5 d\u00e4ck och enkelt l\u00e4gga till sj\u00e4lv.<br>Man sover ocks\u00e5 gott ombord i sk\u00f6na s\u00e4ngar. V\u00e4rmaren g\u00f6r att det \u00e4r varmt och sk\u00f6nt ombord.<br><br>Mycket fin natur med m\u00e5nga sj\u00f6f\u00e5glar har jag sett. T\u00e4nk att f\u00e5 ha allt detta n\u00e4stan f\u00f6r sig sj\u00e4lv.<\/p>\n\n\n\n<p><\/p>\n\n\n\n<p class=\"has-text-align-center\"><strong>Episod 2<\/strong><\/p>\n\n\n\n<p><strong>S\u00f6ndag 25 maj \u00c5ter i Nyn\u00e4shamn<br><\/strong>Tillbaka i den fina g\u00e4sthamnen i Nyn\u00e4shamn efter tre intensiva veckor i G\u00f6teborg med gradgivning i sj\u00f6fararordern Coldin, styrelsem\u00f6te och bolagst\u00e4mma i Per Capita AB, bes\u00f6k av mina familjemedlemmar ifr\u00e5n Kalifornien sedan 50 \u00e5r, live pop-, jazz- och bluesmusik, b\u00e5tunderh\u00e5ll av den gamla b\u00e5ten som fortfarande s\u00f6ker ny \u00e4gare samt f\u00e4rdigst\u00e4llande av ny altan.<\/p>\n\n\n\n<figure class=\"wp-block-gallery has-nested-images columns-default is-cropped wp-block-gallery-9 is-layout-flex wp-block-gallery-is-layout-flex\">\n<figure class=\"wp-block-image size-large\"><a href=\"https:\/\/www.strandvejen23.dk\/wp-content\/uploads\/2025\/05\/F474D6CD-7E84-4492-8590-F6D4843BD4EB-scaled.jpeg\"><img loading=\"lazy\" decoding=\"async\" width=\"1024\" height=\"768\" data-id=\"3043\" src=\"https:\/\/www.strandvejen23.dk\/wp-content\/uploads\/2025\/05\/F474D6CD-7E84-4492-8590-F6D4843BD4EB-1024x768.jpeg\" alt=\"\" class=\"wp-image-3043\" srcset=\"https:\/\/www.strandvejen23.dk\/wp-content\/uploads\/2025\/05\/F474D6CD-7E84-4492-8590-F6D4843BD4EB-1024x768.jpeg 1024w, https:\/\/www.strandvejen23.dk\/wp-content\/uploads\/2025\/05\/F474D6CD-7E84-4492-8590-F6D4843BD4EB-300x225.jpeg 300w, https:\/\/www.strandvejen23.dk\/wp-content\/uploads\/2025\/05\/F474D6CD-7E84-4492-8590-F6D4843BD4EB-768x576.jpeg 768w, https:\/\/www.strandvejen23.dk\/wp-content\/uploads\/2025\/05\/F474D6CD-7E84-4492-8590-F6D4843BD4EB-1536x1152.jpeg 1536w, https:\/\/www.strandvejen23.dk\/wp-content\/uploads\/2025\/05\/F474D6CD-7E84-4492-8590-F6D4843BD4EB-2048x1536.jpeg 2048w, https:\/\/www.strandvejen23.dk\/wp-content\/uploads\/2025\/05\/F474D6CD-7E84-4492-8590-F6D4843BD4EB-400x300.jpeg 400w\" sizes=\"auto, (max-width: 1024px) 100vw, 1024px\" \/><\/a><\/figure>\n\n\n\n<figure class=\"wp-block-image size-large\"><a href=\"https:\/\/www.strandvejen23.dk\/wp-content\/uploads\/2025\/05\/656CF9E5-F30A-47DF-9D8A-1A5A1A2F379B-scaled.jpeg\"><img loading=\"lazy\" decoding=\"async\" width=\"768\" height=\"1024\" data-id=\"3044\" src=\"https:\/\/www.strandvejen23.dk\/wp-content\/uploads\/2025\/05\/656CF9E5-F30A-47DF-9D8A-1A5A1A2F379B-768x1024.jpeg\" alt=\"\" class=\"wp-image-3044\" srcset=\"https:\/\/www.strandvejen23.dk\/wp-content\/uploads\/2025\/05\/656CF9E5-F30A-47DF-9D8A-1A5A1A2F379B-768x1024.jpeg 768w, https:\/\/www.strandvejen23.dk\/wp-content\/uploads\/2025\/05\/656CF9E5-F30A-47DF-9D8A-1A5A1A2F379B-225x300.jpeg 225w, https:\/\/www.strandvejen23.dk\/wp-content\/uploads\/2025\/05\/656CF9E5-F30A-47DF-9D8A-1A5A1A2F379B-1152x1536.jpeg 1152w, https:\/\/www.strandvejen23.dk\/wp-content\/uploads\/2025\/05\/656CF9E5-F30A-47DF-9D8A-1A5A1A2F379B-1536x2048.jpeg 1536w, https:\/\/www.strandvejen23.dk\/wp-content\/uploads\/2025\/05\/656CF9E5-F30A-47DF-9D8A-1A5A1A2F379B-scaled.jpeg 1920w\" sizes=\"auto, (max-width: 768px) 100vw, 768px\" \/><\/a><\/figure>\n<\/figure>\n\n\n\n<p>Nyn\u00e4shamn \u00e4r en riktig \u00f6verraskning f\u00f6r mig. Fin t\u00e4tort med c:a 16 000 inv\u00e5nare som allt man beh\u00f6ver innan man g\u00e5r vidare ut i \u00d6stersj\u00f6n. Detta \u00e4r ocks\u00e5 en f\u00e4rjehamn till Gotland, Lettland Polen och stora kryssningskepp. H\u00e4r finns f\u00f6rutom en fin g\u00e4sthamn, promenadstr\u00e5k, livsmedel, systembolag, pendelt\u00e5g till Stockholm C (1 tim), m\u00e5nga restauranger, m.m.<\/p>\n\n\n\n<p>Fortfarande relativt lite fritidsb\u00e5tar i hamnen.<\/p>\n\n\n\n<p><strong>M\u00e5ndag 26 maj Proviantering<br><\/strong>Proviantering i Nyn\u00e4shamn inf\u00f6r kommande vecka p\u00e5 mindre \u00f6ar och en kort tur ut p\u00e5 Mysingen till Lacka, Nyn\u00e4shamns segels\u00e4llskaps klubbholme, som ligger mellan Musk\u00f6 och Ut\u00f6. J\u00e4ttefin hamn med plasts f\u00f6r c:a 50 b\u00e5tar men idag, liksom m\u00e5nga andra dagar, \u00e4r jag h\u00e4r helt sj\u00e4lv.<\/p>\n\n\n<div class=\"wp-block-image\">\n<figure class=\"aligncenter size-large is-resized\"><a href=\"https:\/\/www.strandvejen23.dk\/wp-content\/uploads\/2025\/05\/7DE36B2D-B597-4BFD-BF2F-B401F2822F83-scaled.jpeg\"><img loading=\"lazy\" decoding=\"async\" width=\"768\" height=\"1024\" src=\"https:\/\/www.strandvejen23.dk\/wp-content\/uploads\/2025\/05\/7DE36B2D-B597-4BFD-BF2F-B401F2822F83-768x1024.jpeg\" alt=\"\" class=\"wp-image-3042\" style=\"width:320px;height:auto\" srcset=\"https:\/\/www.strandvejen23.dk\/wp-content\/uploads\/2025\/05\/7DE36B2D-B597-4BFD-BF2F-B401F2822F83-768x1024.jpeg 768w, https:\/\/www.strandvejen23.dk\/wp-content\/uploads\/2025\/05\/7DE36B2D-B597-4BFD-BF2F-B401F2822F83-225x300.jpeg 225w, https:\/\/www.strandvejen23.dk\/wp-content\/uploads\/2025\/05\/7DE36B2D-B597-4BFD-BF2F-B401F2822F83-1152x1536.jpeg 1152w, https:\/\/www.strandvejen23.dk\/wp-content\/uploads\/2025\/05\/7DE36B2D-B597-4BFD-BF2F-B401F2822F83-1536x2048.jpeg 1536w, https:\/\/www.strandvejen23.dk\/wp-content\/uploads\/2025\/05\/7DE36B2D-B597-4BFD-BF2F-B401F2822F83-scaled.jpeg 1920w\" sizes=\"auto, (max-width: 768px) 100vw, 768px\" \/><\/a><\/figure>\n<\/div>\n\n\n<p class=\"has-text-align-center\">Ja, inte riktigt. Jag delar hamnen med denna svan.<\/p>\n\n\n\n<p class=\"has-text-align-left\"><strong>Tisdag 27 maj Bastu och nakenbad<br><\/strong>B\u00f6rjade dagen med ett nakenbad fr\u00e5n bryggan. \ud83d\ude04<br>Planen var att g\u00e5 c:a 25 Nm (c:a 45 km) norr ut till Bruno Liljefors gamla \u00f6, Buller\u00f6. Idag \u00e4r Buller\u00f6 ett naturreservat som h\u00e5ller p\u00e5 att bli en nationalpark (2025). P\u00e5 v\u00e4gen passerade jag L\u00e5ngskk\u00e4rs Naturreservat, klart i klass med Koster eller V\u00e4der\u00f6arna p\u00e5 v\u00e4stkusten! V\u00e4l framme p\u00e5 Buller\u00f6 fanns det n\u00e4stan ingen brygga men med av Naturv\u00e5rdverket nybyggd bastu. Inte s\u00e5 l\u00e4tt att veta p\u00e5 f\u00f6rhand trotts p\u00e5l\u00e4sning innan. Jag verkar vara \u00e5rets f\u00f6rsta g\u00e4st, ingen annan d\u00e4r, inte ens Naturv\u00e5rdsverkets gubbar som renoverat\/byggt bastun och hus. \ud83e\udd14 Gick vidare 10 Nm (1 tim) mot Sandhamn. Lade till i KSSS (Kungliga Stockholms Seglar S\u00e4llskap) G\u00e4sthamn <strong>L\u00f6kholmen<\/strong> Trollsundet. Lugn och fin hamn bara 10 minuter fr\u00e5n i Sandhamn. Pris 150:-\/natt inkl. vedeldad bastu (help your self: dvs hugg ved och elda\/v\u00e4rm upp bastun sj\u00e4lv). Men vad g\u00f6r man inte f\u00f6r en fantastisk upplevelse? \ud83d\ude01<br>I natt \u00e4r vi treb\u00e5tar i g\u00e4sthamnen!<\/p>\n\n\n\n<figure class=\"wp-block-image size-full\"><a href=\"http:\/\/www.strandvejen23.dk\/wp-content\/uploads\/2025\/05\/489F4517-D390-435D-82F6-C13491E0D9E6_1_105_c.jpeg\"><img loading=\"lazy\" decoding=\"async\" width=\"1024\" height=\"768\" src=\"http:\/\/www.strandvejen23.dk\/wp-content\/uploads\/2025\/05\/489F4517-D390-435D-82F6-C13491E0D9E6_1_105_c.jpeg\" alt=\"\" class=\"wp-image-3054\" srcset=\"https:\/\/www.strandvejen23.dk\/wp-content\/uploads\/2025\/05\/489F4517-D390-435D-82F6-C13491E0D9E6_1_105_c.jpeg 1024w, https:\/\/www.strandvejen23.dk\/wp-content\/uploads\/2025\/05\/489F4517-D390-435D-82F6-C13491E0D9E6_1_105_c-300x225.jpeg 300w, https:\/\/www.strandvejen23.dk\/wp-content\/uploads\/2025\/05\/489F4517-D390-435D-82F6-C13491E0D9E6_1_105_c-768x576.jpeg 768w, https:\/\/www.strandvejen23.dk\/wp-content\/uploads\/2025\/05\/489F4517-D390-435D-82F6-C13491E0D9E6_1_105_c-400x300.jpeg 400w\" sizes=\"auto, (max-width: 1024px) 100vw, 1024px\" \/><\/a><\/figure>\n\n\n\n<p class=\"has-text-align-center\">Badade ensam i en vedeldad bastu med utsikt \u00f6ver \u00d6stersj\u00f6n.<\/p>\n\n\n\n<p class=\"has-text-align-left\"><strong>Onsdag 28 maj Ny utmaning<br><\/strong>Vaknade upp till lite l\u00e4tt regn och ligger kvar p\u00e5 L\u00f6kholmens g\u00e4sthamn.<br>Ig\u00e5r utanf\u00f6r Buller\u00f6 slutade autopiloten att fungera. Det \u00e4r ju lite trist n\u00e4r det \u00e4r l\u00e5ng v\u00e4g kvar till G\u00f6teborg. S\u00e5, fram med Raymarins instruktionsbok som bara g\u00f6r en mer f\u00f6rvirrad (inte skriven f\u00f6r oss d\u00f6dliga). Hittade dock till telefonnummer till en hj\u00e4lpsam tekniker\/\u00e5terf\u00f6rs\u00e4ljare i Stavsn\u00e4s inte s\u00e5 l\u00e5ngt fr\u00e5n d\u00e4r jag \u00e4r just nu. Han var fullbokad men f\u00f6rs\u00f6kte hitta en tid att tr\u00e4ffas i Stavsn\u00e4s, \u00e5terkopplade och passade p\u00e5 att fels\u00f6ka guida mig via telefon. Ledde mig till en kompass enhet placerad i g\u00e4stkojen. Drog ut sladden och \u00e5teransl\u00f6t enheten igen och vipps s\u00e5 fungerade allt igen! Superbra telefonsupport! Tyv\u00e4rr inte s\u00e5 vanligt nuf\u00f6rtiden. Detta sparade mig mycket tid och en del pengar d\u00e5 jag inte beh\u00f6vda k\u00f6pa en ny kompassenhet. \ud83d\ude00<br><br>Kv\u00e4llen avslutas med lite grillat p\u00e5 kajen tillsammans med en Nimbus b\u00e5t\u00e4gare fr\u00e5n Bulland\u00f6, Stockholm.<\/p>\n\n\n\n<figure class=\"wp-block-gallery has-nested-images columns-default is-cropped wp-block-gallery-10 is-layout-flex wp-block-gallery-is-layout-flex\">\n<figure class=\"wp-block-image size-large\"><a href=\"https:\/\/www.strandvejen23.dk\/wp-content\/uploads\/2025\/05\/B0AD1A93-C795-49FE-A0C1-63FB726DF9B1-scaled.jpeg\"><img loading=\"lazy\" decoding=\"async\" width=\"1024\" height=\"768\" data-id=\"3060\" src=\"https:\/\/www.strandvejen23.dk\/wp-content\/uploads\/2025\/05\/B0AD1A93-C795-49FE-A0C1-63FB726DF9B1-1024x768.jpeg\" alt=\"\" class=\"wp-image-3060\" srcset=\"https:\/\/www.strandvejen23.dk\/wp-content\/uploads\/2025\/05\/B0AD1A93-C795-49FE-A0C1-63FB726DF9B1-1024x768.jpeg 1024w, https:\/\/www.strandvejen23.dk\/wp-content\/uploads\/2025\/05\/B0AD1A93-C795-49FE-A0C1-63FB726DF9B1-300x225.jpeg 300w, https:\/\/www.strandvejen23.dk\/wp-content\/uploads\/2025\/05\/B0AD1A93-C795-49FE-A0C1-63FB726DF9B1-768x576.jpeg 768w, https:\/\/www.strandvejen23.dk\/wp-content\/uploads\/2025\/05\/B0AD1A93-C795-49FE-A0C1-63FB726DF9B1-1536x1152.jpeg 1536w, https:\/\/www.strandvejen23.dk\/wp-content\/uploads\/2025\/05\/B0AD1A93-C795-49FE-A0C1-63FB726DF9B1-2048x1536.jpeg 2048w, https:\/\/www.strandvejen23.dk\/wp-content\/uploads\/2025\/05\/B0AD1A93-C795-49FE-A0C1-63FB726DF9B1-400x300.jpeg 400w\" sizes=\"auto, (max-width: 1024px) 100vw, 1024px\" \/><\/a><\/figure>\n\n\n\n<figure class=\"wp-block-image size-large\"><a href=\"https:\/\/www.strandvejen23.dk\/wp-content\/uploads\/2025\/05\/4223B8C0-996B-42C3-A7D2-605502A0D1B9-scaled.jpeg\"><img loading=\"lazy\" decoding=\"async\" width=\"1024\" height=\"768\" data-id=\"3059\" src=\"https:\/\/www.strandvejen23.dk\/wp-content\/uploads\/2025\/05\/4223B8C0-996B-42C3-A7D2-605502A0D1B9-1024x768.jpeg\" alt=\"\" class=\"wp-image-3059\" srcset=\"https:\/\/www.strandvejen23.dk\/wp-content\/uploads\/2025\/05\/4223B8C0-996B-42C3-A7D2-605502A0D1B9-1024x768.jpeg 1024w, https:\/\/www.strandvejen23.dk\/wp-content\/uploads\/2025\/05\/4223B8C0-996B-42C3-A7D2-605502A0D1B9-300x225.jpeg 300w, https:\/\/www.strandvejen23.dk\/wp-content\/uploads\/2025\/05\/4223B8C0-996B-42C3-A7D2-605502A0D1B9-768x576.jpeg 768w, https:\/\/www.strandvejen23.dk\/wp-content\/uploads\/2025\/05\/4223B8C0-996B-42C3-A7D2-605502A0D1B9-1536x1152.jpeg 1536w, https:\/\/www.strandvejen23.dk\/wp-content\/uploads\/2025\/05\/4223B8C0-996B-42C3-A7D2-605502A0D1B9-2048x1536.jpeg 2048w, https:\/\/www.strandvejen23.dk\/wp-content\/uploads\/2025\/05\/4223B8C0-996B-42C3-A7D2-605502A0D1B9-400x300.jpeg 400w\" sizes=\"auto, (max-width: 1024px) 100vw, 1024px\" \/><\/a><\/figure>\n<\/figure>\n\n\n\n<p class=\"has-text-align-center\">Dagens utsikt fr\u00e5n b\u00e5ten\/hamnen p\u00e5 L\u00f6kholmen<br><\/p>\n\n\n\n<p class=\"has-text-align-left\"><strong>29 maj Kristi himmelf\u00e4rdsdag KMK,s klubbholme H\u00f6gb\u00f6te<\/strong><\/p>\n\n\n\n<p class=\"has-text-align-left\">N\u00e4sta stopp KMK:s (Kungliga Motorb\u00e5t Klubben) klubbholme H\u00f6gb\u00f6te sydost om M\u00f6ja (10 Nm om Sandhamn) som SXK (Svenska Kryssarklubben) samarbete med och d\u00e4r jag \u00e4r medlem.<\/p>\n\n\n\n<p class=\"has-text-align-left\">F\u00f6rmiddags tur bland skogsbekl\u00e4dda kobbar och sk\u00e4r i l\u00e5g fart. Fortfarande n\u00e4stan ensam ute trotts att det \u00e4r Kristi himmelf\u00e4rdshelg, men s\u00e5 \u00e4r jag i den yttre delen av Stockholms sk\u00e4rg\u00e5rd med \u00f6ver 24 000 \u00f6ar. Otroligt vacker natur!<br><\/p>\n\n\n\n<figure class=\"wp-block-gallery has-nested-images columns-default is-cropped wp-block-gallery-11 is-layout-flex wp-block-gallery-is-layout-flex\">\n<figure class=\"wp-block-image size-large\"><a href=\"https:\/\/www.strandvejen23.dk\/wp-content\/uploads\/2025\/05\/978AB286-89DC-4821-A1F3-22882BB6A448-scaled.jpeg\"><img loading=\"lazy\" decoding=\"async\" width=\"768\" height=\"1024\" data-id=\"3064\" src=\"https:\/\/www.strandvejen23.dk\/wp-content\/uploads\/2025\/05\/978AB286-89DC-4821-A1F3-22882BB6A448-768x1024.jpeg\" alt=\"\" class=\"wp-image-3064\" srcset=\"https:\/\/www.strandvejen23.dk\/wp-content\/uploads\/2025\/05\/978AB286-89DC-4821-A1F3-22882BB6A448-768x1024.jpeg 768w, https:\/\/www.strandvejen23.dk\/wp-content\/uploads\/2025\/05\/978AB286-89DC-4821-A1F3-22882BB6A448-225x300.jpeg 225w, https:\/\/www.strandvejen23.dk\/wp-content\/uploads\/2025\/05\/978AB286-89DC-4821-A1F3-22882BB6A448-1152x1536.jpeg 1152w, https:\/\/www.strandvejen23.dk\/wp-content\/uploads\/2025\/05\/978AB286-89DC-4821-A1F3-22882BB6A448-1536x2048.jpeg 1536w, https:\/\/www.strandvejen23.dk\/wp-content\/uploads\/2025\/05\/978AB286-89DC-4821-A1F3-22882BB6A448-scaled.jpeg 1920w\" sizes=\"auto, (max-width: 768px) 100vw, 768px\" \/><\/a><\/figure>\n<\/figure>\n\n\n\n<figure class=\"wp-block-image size-large\"><a href=\"http:\/\/www.strandvejen23.dk\/wp-content\/uploads\/2025\/05\/5F4FBF39-8441-4668-8548-8AD6DDC655E9-scaled.jpeg\"><img loading=\"lazy\" decoding=\"async\" width=\"1024\" height=\"768\" src=\"http:\/\/www.strandvejen23.dk\/wp-content\/uploads\/2025\/05\/5F4FBF39-8441-4668-8548-8AD6DDC655E9-1024x768.jpeg\" alt=\"\" class=\"wp-image-3063\" srcset=\"https:\/\/www.strandvejen23.dk\/wp-content\/uploads\/2025\/05\/5F4FBF39-8441-4668-8548-8AD6DDC655E9-1024x768.jpeg 1024w, https:\/\/www.strandvejen23.dk\/wp-content\/uploads\/2025\/05\/5F4FBF39-8441-4668-8548-8AD6DDC655E9-300x225.jpeg 300w, https:\/\/www.strandvejen23.dk\/wp-content\/uploads\/2025\/05\/5F4FBF39-8441-4668-8548-8AD6DDC655E9-768x576.jpeg 768w, https:\/\/www.strandvejen23.dk\/wp-content\/uploads\/2025\/05\/5F4FBF39-8441-4668-8548-8AD6DDC655E9-1536x1152.jpeg 1536w, https:\/\/www.strandvejen23.dk\/wp-content\/uploads\/2025\/05\/5F4FBF39-8441-4668-8548-8AD6DDC655E9-2048x1536.jpeg 2048w, https:\/\/www.strandvejen23.dk\/wp-content\/uploads\/2025\/05\/5F4FBF39-8441-4668-8548-8AD6DDC655E9-400x300.jpeg 400w\" sizes=\"auto, (max-width: 1024px) 100vw, 1024px\" \/><\/a><\/figure>\n\n\n\n<p class=\"has-text-align-left\">Fantastiskt fin hamn och trevligt mottagande, kanske n\u00e5got av de finaste jag sett\/upplevt. Tv\u00e5 olika bastu att v\u00e4lja p\u00e5 (el alt. ved) och flera fasta grillar typ den jag h\u00e5ller p\u00e5 med att uppf\u00f6ra hemma i \u00d6nnered.<br><br>Solen skiner, det \u00e4r n\u00e4stan vindstilla och c:a 20 grader. Perfekt v\u00e4der allts\u00e5! Man kan knappast ha det b\u00e4ttre!<\/p>\n\n\n\n<p>Under eftermiddagen kom det flera trevliga KMK-medlemmar som alla hade stora b\u00e5tar (min 32-fotare var n\u00e4st minst!). Alla verkar k\u00e4nna alla och spendera en hel del tid h\u00e4r under sommarhalv\u00e5ret.<\/p>\n\n\n\n<p><strong>30 maj M\u00f6ja, proviantering<br><\/strong>Gick en kort tur till <strong>M\u00f6ja<\/strong> g\u00e4sthamn, Kyrkviken p\u00e5 f\u00f6r att proviantera lite. Till\u00e4ggning med ankarspel f\u00f6r f\u00f6rsta g\u00e5ngen. Som alltid, l\u00e4tt n\u00e4r man vet hur man g\u00f6r med fj\u00e4rrkontrollen. \ud83d\ude0a Gr\u00f6n och fin \u00f6 med en del fasta \u00e5retruntboende, lite liknande Koster eller Br\u00e4nn\u00f6 kanske? P\u00e5 M\u00f6ja infinner det sig en viss \u00f6-livs k\u00e4nsla med flakmoppar, 4-hjulingar och cyklar. Tre b\u00e5tar i hamnen varav en schweiziskt \u00e4gd Hallberg Rassy 32-fots segelb\u00e5t fr\u00e5n Basel \u00e4gd av en schweizisk arkitekt och hans fru som jobbar med marknadsf\u00f6ring av l\u00e4kemedel. Varje \u00e5r firar de semester i sin segelb\u00e5t som finns i den tempererade och vackra stockholms sk\u00e4rg\u00e5rd.<\/p>\n\n\n\n<figure class=\"wp-block-gallery has-nested-images columns-default is-cropped wp-block-gallery-12 is-layout-flex wp-block-gallery-is-layout-flex\">\n<figure class=\"wp-block-image size-large\"><a href=\"https:\/\/www.strandvejen23.dk\/wp-content\/uploads\/2025\/05\/36EAC68B-EE3D-4865-883A-53326DC43E4E-scaled.jpeg\"><img loading=\"lazy\" decoding=\"async\" width=\"1024\" height=\"768\" data-id=\"3067\" src=\"https:\/\/www.strandvejen23.dk\/wp-content\/uploads\/2025\/05\/36EAC68B-EE3D-4865-883A-53326DC43E4E-1024x768.jpeg\" alt=\"\" class=\"wp-image-3067\" srcset=\"https:\/\/www.strandvejen23.dk\/wp-content\/uploads\/2025\/05\/36EAC68B-EE3D-4865-883A-53326DC43E4E-1024x768.jpeg 1024w, https:\/\/www.strandvejen23.dk\/wp-content\/uploads\/2025\/05\/36EAC68B-EE3D-4865-883A-53326DC43E4E-300x225.jpeg 300w, https:\/\/www.strandvejen23.dk\/wp-content\/uploads\/2025\/05\/36EAC68B-EE3D-4865-883A-53326DC43E4E-768x576.jpeg 768w, https:\/\/www.strandvejen23.dk\/wp-content\/uploads\/2025\/05\/36EAC68B-EE3D-4865-883A-53326DC43E4E-1536x1152.jpeg 1536w, https:\/\/www.strandvejen23.dk\/wp-content\/uploads\/2025\/05\/36EAC68B-EE3D-4865-883A-53326DC43E4E-2048x1536.jpeg 2048w, https:\/\/www.strandvejen23.dk\/wp-content\/uploads\/2025\/05\/36EAC68B-EE3D-4865-883A-53326DC43E4E-400x300.jpeg 400w\" sizes=\"auto, (max-width: 1024px) 100vw, 1024px\" \/><\/a><figcaption class=\"wp-element-caption\">M\u00f6ja<\/figcaption><\/figure>\n\n\n\n<figure class=\"wp-block-image size-large\"><a href=\"https:\/\/www.strandvejen23.dk\/wp-content\/uploads\/2025\/06\/6E1AE946-BF8E-4BB2-B70F-F2E9458D6B5C-scaled.jpeg\"><img loading=\"lazy\" decoding=\"async\" width=\"1024\" height=\"768\" data-id=\"3071\" src=\"https:\/\/www.strandvejen23.dk\/wp-content\/uploads\/2025\/06\/6E1AE946-BF8E-4BB2-B70F-F2E9458D6B5C-1024x768.jpeg\" alt=\"\" class=\"wp-image-3071\" srcset=\"https:\/\/www.strandvejen23.dk\/wp-content\/uploads\/2025\/06\/6E1AE946-BF8E-4BB2-B70F-F2E9458D6B5C-1024x768.jpeg 1024w, https:\/\/www.strandvejen23.dk\/wp-content\/uploads\/2025\/06\/6E1AE946-BF8E-4BB2-B70F-F2E9458D6B5C-300x225.jpeg 300w, https:\/\/www.strandvejen23.dk\/wp-content\/uploads\/2025\/06\/6E1AE946-BF8E-4BB2-B70F-F2E9458D6B5C-768x576.jpeg 768w, https:\/\/www.strandvejen23.dk\/wp-content\/uploads\/2025\/06\/6E1AE946-BF8E-4BB2-B70F-F2E9458D6B5C-1536x1152.jpeg 1536w, https:\/\/www.strandvejen23.dk\/wp-content\/uploads\/2025\/06\/6E1AE946-BF8E-4BB2-B70F-F2E9458D6B5C-2048x1536.jpeg 2048w, https:\/\/www.strandvejen23.dk\/wp-content\/uploads\/2025\/06\/6E1AE946-BF8E-4BB2-B70F-F2E9458D6B5C-400x300.jpeg 400w\" sizes=\"auto, (max-width: 1024px) 100vw, 1024px\" \/><\/a><\/figure>\n<\/figure>\n\n\n\n<p class=\"has-text-align-center\">P\u00e5 M\u00f6ja \u00e4r det 4-hjulingar och cyklar till Coop p\u00e5 grusv\u00e4gar som g\u00e4ller<\/p>\n\n\n\n<p><strong>L\u00f6rdag 31 maj<\/strong> <\/p>\n\n\n<div class=\"wp-block-image\">\n<figure class=\"aligncenter size-large is-resized\"><a href=\"http:\/\/www.strandvejen23.dk\/wp-content\/uploads\/2025\/06\/CFA29AC8-CCBE-4212-A4E0-67202029E89A-scaled.jpeg\"><img loading=\"lazy\" decoding=\"async\" width=\"768\" height=\"1024\" src=\"http:\/\/www.strandvejen23.dk\/wp-content\/uploads\/2025\/06\/CFA29AC8-CCBE-4212-A4E0-67202029E89A-768x1024.jpeg\" alt=\"\" class=\"wp-image-3069\" style=\"width:335px;height:auto\" srcset=\"https:\/\/www.strandvejen23.dk\/wp-content\/uploads\/2025\/06\/CFA29AC8-CCBE-4212-A4E0-67202029E89A-768x1024.jpeg 768w, https:\/\/www.strandvejen23.dk\/wp-content\/uploads\/2025\/06\/CFA29AC8-CCBE-4212-A4E0-67202029E89A-225x300.jpeg 225w, https:\/\/www.strandvejen23.dk\/wp-content\/uploads\/2025\/06\/CFA29AC8-CCBE-4212-A4E0-67202029E89A-1152x1536.jpeg 1152w, https:\/\/www.strandvejen23.dk\/wp-content\/uploads\/2025\/06\/CFA29AC8-CCBE-4212-A4E0-67202029E89A-1536x2048.jpeg 1536w, https:\/\/www.strandvejen23.dk\/wp-content\/uploads\/2025\/06\/CFA29AC8-CCBE-4212-A4E0-67202029E89A-scaled.jpeg 1920w\" sizes=\"auto, (max-width: 768px) 100vw, 768px\" \/><\/a><\/figure>\n<\/div>\n\n\n<p>Stannade till p\u00e5 <strong>Edes\u00f6n<\/strong> utanf\u00f6r Dalar\u00f6 hos Owe Bj\u00f6rkman (min f.d. optikerkund, snowboardkompis och numera biodlare) samt Nettan (ocks\u00e5 f.d. optiker och numera privatdetektiv). Mycket snack med gamla goda minnen fr\u00e5n mina tio \u00e5r som f\u00f6rs\u00e4ljnings- och marknadschef i optikerbranschen.<\/p>\n\n\n\n<figure class=\"wp-block-gallery has-nested-images columns-default is-cropped wp-block-gallery-13 is-layout-flex wp-block-gallery-is-layout-flex\">\n<figure class=\"wp-block-image size-large\"><a href=\"https:\/\/www.strandvejen23.dk\/wp-content\/uploads\/2025\/06\/2F94DB0E-CD9D-49FB-AA40-136E1C0D0181-scaled.jpeg\"><img loading=\"lazy\" decoding=\"async\" width=\"1024\" height=\"768\" data-id=\"3070\" src=\"https:\/\/www.strandvejen23.dk\/wp-content\/uploads\/2025\/06\/2F94DB0E-CD9D-49FB-AA40-136E1C0D0181-1024x768.jpeg\" alt=\"\" class=\"wp-image-3070\" srcset=\"https:\/\/www.strandvejen23.dk\/wp-content\/uploads\/2025\/06\/2F94DB0E-CD9D-49FB-AA40-136E1C0D0181-1024x768.jpeg 1024w, https:\/\/www.strandvejen23.dk\/wp-content\/uploads\/2025\/06\/2F94DB0E-CD9D-49FB-AA40-136E1C0D0181-300x225.jpeg 300w, https:\/\/www.strandvejen23.dk\/wp-content\/uploads\/2025\/06\/2F94DB0E-CD9D-49FB-AA40-136E1C0D0181-768x576.jpeg 768w, https:\/\/www.strandvejen23.dk\/wp-content\/uploads\/2025\/06\/2F94DB0E-CD9D-49FB-AA40-136E1C0D0181-1536x1152.jpeg 1536w, https:\/\/www.strandvejen23.dk\/wp-content\/uploads\/2025\/06\/2F94DB0E-CD9D-49FB-AA40-136E1C0D0181-2048x1536.jpeg 2048w, https:\/\/www.strandvejen23.dk\/wp-content\/uploads\/2025\/06\/2F94DB0E-CD9D-49FB-AA40-136E1C0D0181-400x300.jpeg 400w\" sizes=\"auto, (max-width: 1024px) 100vw, 1024px\" \/><\/a><figcaption class=\"wp-element-caption\">Edes\u00f6<\/figcaption><\/figure>\n<\/figure>\n\n\n\n<figure class=\"wp-block-embed is-type-video is-provider-youtube wp-block-embed-youtube wp-embed-aspect-16-9 wp-has-aspect-ratio\"><div class=\"wp-block-embed__wrapper\">\n<iframe loading=\"lazy\" title=\"Stockholm Archipelago Sailing - 4K\" width=\"584\" height=\"329\" src=\"https:\/\/www.youtube.com\/embed\/jLBqc7TVvdA?feature=oembed\" frameborder=\"0\" allow=\"accelerometer; autoplay; clipboard-write; encrypted-media; gyroscope; picture-in-picture; web-share\" referrerpolicy=\"strict-origin-when-cross-origin\" allowfullscreen><\/iframe>\n<\/div><\/figure>\n\n\n\n<figure class=\"wp-block-embed is-type-video is-provider-youtube wp-block-embed-youtube wp-embed-aspect-16-9 wp-has-aspect-ratio\"><div class=\"wp-block-embed__wrapper\">\n<iframe loading=\"lazy\" title=\"Stockholms ska\u0308rga\u030ard pa\u030a 1 min (Bergin Media 2017)\" width=\"584\" height=\"329\" src=\"https:\/\/www.youtube.com\/embed\/fAuI25fsFoQ?feature=oembed\" frameborder=\"0\" allow=\"accelerometer; autoplay; clipboard-write; encrypted-media; gyroscope; picture-in-picture; web-share\" referrerpolicy=\"strict-origin-when-cross-origin\" allowfullscreen><\/iframe>\n<\/div><\/figure>\n\n\n\n<p><strong>Juni: Gotland\/\u00d6land\/Blekinge\/Sk\u00e5ne\/och ev. Bornholm<\/strong><\/p>\n\n\n\n<p><strong>L\u00f6ndag 1 juni S\u00f6der ut<br><\/strong>Nu g\u00e5r f\u00e4rden s\u00f6der ut. Passerar milit\u00e4r\u00f6n Musk\u00f6 och l\u00e4gger till p\u00e5 den fina <strong>Lacka<\/strong>, Nyn\u00e4shamns segels\u00e4llskaps klubbholme d\u00e4r jag lade till tidigare. Tog fram grillen och tillagade mig en god middag.<\/p>\n\n\n<div class=\"wp-block-image\">\n<figure class=\"aligncenter size-large is-resized\"><a href=\"https:\/\/www.strandvejen23.dk\/wp-content\/uploads\/2025\/06\/4DC14A06-9E7F-420E-872E-A433D86DC3FD_1_201_a.jpeg\"><img loading=\"lazy\" decoding=\"async\" width=\"917\" height=\"1024\" src=\"https:\/\/www.strandvejen23.dk\/wp-content\/uploads\/2025\/06\/4DC14A06-9E7F-420E-872E-A433D86DC3FD_1_201_a-917x1024.jpeg\" alt=\"\" class=\"wp-image-3072\" style=\"width:449px;height:auto\" srcset=\"https:\/\/www.strandvejen23.dk\/wp-content\/uploads\/2025\/06\/4DC14A06-9E7F-420E-872E-A433D86DC3FD_1_201_a-917x1024.jpeg 917w, https:\/\/www.strandvejen23.dk\/wp-content\/uploads\/2025\/06\/4DC14A06-9E7F-420E-872E-A433D86DC3FD_1_201_a-269x300.jpeg 269w, https:\/\/www.strandvejen23.dk\/wp-content\/uploads\/2025\/06\/4DC14A06-9E7F-420E-872E-A433D86DC3FD_1_201_a-768x858.jpeg 768w, https:\/\/www.strandvejen23.dk\/wp-content\/uploads\/2025\/06\/4DC14A06-9E7F-420E-872E-A433D86DC3FD_1_201_a-1375x1536.jpeg 1375w, https:\/\/www.strandvejen23.dk\/wp-content\/uploads\/2025\/06\/4DC14A06-9E7F-420E-872E-A433D86DC3FD_1_201_a-1834x2048.jpeg 1834w, https:\/\/www.strandvejen23.dk\/wp-content\/uploads\/2025\/06\/4DC14A06-9E7F-420E-872E-A433D86DC3FD_1_201_a.jpeg 2001w\" sizes=\"auto, (max-width: 917px) 100vw, 917px\" \/><\/a><\/figure>\n<\/div>\n\n\n<p class=\"has-text-align-left\"><strong>M\u00e5ndag 2 juni Trosa<\/strong><br>Nu blir det att g\u00e5 till pittoreska <strong>Trosa<\/strong> och proviantera till doften av syren.<\/p>\n\n\n\n<figure class=\"wp-block-gallery has-nested-images columns-default is-cropped wp-block-gallery-14 is-layout-flex wp-block-gallery-is-layout-flex\">\n<figure class=\"wp-block-image size-large\"><a href=\"https:\/\/www.strandvejen23.dk\/wp-content\/uploads\/2025\/06\/973E08DF-0495-4764-A9B8-814F41131031-scaled.jpeg\"><img loading=\"lazy\" decoding=\"async\" width=\"1024\" height=\"768\" data-id=\"3078\" src=\"https:\/\/www.strandvejen23.dk\/wp-content\/uploads\/2025\/06\/973E08DF-0495-4764-A9B8-814F41131031-1024x768.jpeg\" alt=\"\" class=\"wp-image-3078\" srcset=\"https:\/\/www.strandvejen23.dk\/wp-content\/uploads\/2025\/06\/973E08DF-0495-4764-A9B8-814F41131031-1024x768.jpeg 1024w, https:\/\/www.strandvejen23.dk\/wp-content\/uploads\/2025\/06\/973E08DF-0495-4764-A9B8-814F41131031-300x225.jpeg 300w, https:\/\/www.strandvejen23.dk\/wp-content\/uploads\/2025\/06\/973E08DF-0495-4764-A9B8-814F41131031-768x576.jpeg 768w, https:\/\/www.strandvejen23.dk\/wp-content\/uploads\/2025\/06\/973E08DF-0495-4764-A9B8-814F41131031-1536x1152.jpeg 1536w, https:\/\/www.strandvejen23.dk\/wp-content\/uploads\/2025\/06\/973E08DF-0495-4764-A9B8-814F41131031-2048x1536.jpeg 2048w, https:\/\/www.strandvejen23.dk\/wp-content\/uploads\/2025\/06\/973E08DF-0495-4764-A9B8-814F41131031-400x300.jpeg 400w\" sizes=\"auto, (max-width: 1024px) 100vw, 1024px\" \/><\/a><\/figure>\n\n\n\n<figure class=\"wp-block-image size-large\"><a href=\"https:\/\/www.strandvejen23.dk\/wp-content\/uploads\/2025\/06\/C5776219-3615-4434-AB48-79A46C6E8DC2-scaled.jpeg\"><img loading=\"lazy\" decoding=\"async\" width=\"1024\" height=\"768\" data-id=\"3079\" src=\"https:\/\/www.strandvejen23.dk\/wp-content\/uploads\/2025\/06\/C5776219-3615-4434-AB48-79A46C6E8DC2-1024x768.jpeg\" alt=\"\" class=\"wp-image-3079\" srcset=\"https:\/\/www.strandvejen23.dk\/wp-content\/uploads\/2025\/06\/C5776219-3615-4434-AB48-79A46C6E8DC2-1024x768.jpeg 1024w, https:\/\/www.strandvejen23.dk\/wp-content\/uploads\/2025\/06\/C5776219-3615-4434-AB48-79A46C6E8DC2-300x225.jpeg 300w, https:\/\/www.strandvejen23.dk\/wp-content\/uploads\/2025\/06\/C5776219-3615-4434-AB48-79A46C6E8DC2-768x576.jpeg 768w, https:\/\/www.strandvejen23.dk\/wp-content\/uploads\/2025\/06\/C5776219-3615-4434-AB48-79A46C6E8DC2-1536x1152.jpeg 1536w, https:\/\/www.strandvejen23.dk\/wp-content\/uploads\/2025\/06\/C5776219-3615-4434-AB48-79A46C6E8DC2-2048x1536.jpeg 2048w, https:\/\/www.strandvejen23.dk\/wp-content\/uploads\/2025\/06\/C5776219-3615-4434-AB48-79A46C6E8DC2-400x300.jpeg 400w\" sizes=\"auto, (max-width: 1024px) 100vw, 1024px\" \/><\/a><\/figure>\n\n\n\n<figure class=\"wp-block-image size-large\"><a href=\"https:\/\/www.strandvejen23.dk\/wp-content\/uploads\/2025\/06\/FB0F234F-6104-4F96-A007-023119773691-scaled.jpeg\"><img loading=\"lazy\" decoding=\"async\" width=\"768\" height=\"1024\" data-id=\"3080\" src=\"https:\/\/www.strandvejen23.dk\/wp-content\/uploads\/2025\/06\/FB0F234F-6104-4F96-A007-023119773691-768x1024.jpeg\" alt=\"\" class=\"wp-image-3080\" srcset=\"https:\/\/www.strandvejen23.dk\/wp-content\/uploads\/2025\/06\/FB0F234F-6104-4F96-A007-023119773691-768x1024.jpeg 768w, https:\/\/www.strandvejen23.dk\/wp-content\/uploads\/2025\/06\/FB0F234F-6104-4F96-A007-023119773691-225x300.jpeg 225w, https:\/\/www.strandvejen23.dk\/wp-content\/uploads\/2025\/06\/FB0F234F-6104-4F96-A007-023119773691-1152x1536.jpeg 1152w, https:\/\/www.strandvejen23.dk\/wp-content\/uploads\/2025\/06\/FB0F234F-6104-4F96-A007-023119773691-1536x2048.jpeg 1536w, https:\/\/www.strandvejen23.dk\/wp-content\/uploads\/2025\/06\/FB0F234F-6104-4F96-A007-023119773691-scaled.jpeg 1920w\" sizes=\"auto, (max-width: 768px) 100vw, 768px\" \/><\/a><\/figure>\n\n\n\n<figure class=\"wp-block-image size-large\"><a href=\"https:\/\/www.strandvejen23.dk\/wp-content\/uploads\/2025\/06\/15C67194-6320-4693-869E-3BCF95FE272E-1-scaled.jpeg\"><img loading=\"lazy\" decoding=\"async\" width=\"768\" height=\"1024\" data-id=\"3081\" src=\"https:\/\/www.strandvejen23.dk\/wp-content\/uploads\/2025\/06\/15C67194-6320-4693-869E-3BCF95FE272E-1-768x1024.jpeg\" alt=\"\" class=\"wp-image-3081\" srcset=\"https:\/\/www.strandvejen23.dk\/wp-content\/uploads\/2025\/06\/15C67194-6320-4693-869E-3BCF95FE272E-1-768x1024.jpeg 768w, https:\/\/www.strandvejen23.dk\/wp-content\/uploads\/2025\/06\/15C67194-6320-4693-869E-3BCF95FE272E-1-225x300.jpeg 225w, https:\/\/www.strandvejen23.dk\/wp-content\/uploads\/2025\/06\/15C67194-6320-4693-869E-3BCF95FE272E-1-1152x1536.jpeg 1152w, https:\/\/www.strandvejen23.dk\/wp-content\/uploads\/2025\/06\/15C67194-6320-4693-869E-3BCF95FE272E-1-1536x2048.jpeg 1536w, https:\/\/www.strandvejen23.dk\/wp-content\/uploads\/2025\/06\/15C67194-6320-4693-869E-3BCF95FE272E-1-scaled.jpeg 1920w\" sizes=\"auto, (max-width: 768px) 100vw, 768px\" \/><\/a><\/figure>\n<\/figure>\n\n\n\n<p>Fint v\u00e4der med sydliga vindar 8-10 m\/s och c:a 20 grader p\u00e5 dagen. Fin kv\u00e4ll i Trosa hamn.<\/p>\n\n\n\n<p><strong>Tisdag 3 juni Cruising i 7 knop till Sant Annas sk\u00e4rg\u00e5rd<br><\/strong>Idag passerade jag Lansdsort och Oxel\u00f6sund (\u00f6ster om Nyk\u00f6ping, Norrk\u00f6ping, S\u00f6derk\u00f6ping och Valdemarsvik) till <strong>Sant Annas sk\u00e4rg\u00e5rd<\/strong>. Detta \u00e4r kanske en av Sveriges finaste sk\u00e4rg\u00e5rd? Mycket gr\u00f6na\/bevuxna \u00f6ar. Lite som en labyrint, s\u00e5 det g\u00e4ller att vara p\u00e5 t\u00e5 n\u00e4r man navigerar utanf\u00f6r farlederna. B\u00e4sta upplevelserna f\u00e5r man n\u00e4r man g\u00e5r d\u00e4r det tr\u00e5ngt och ibland lite grunt.<\/p>\n\n\n\n<p>Oftast g\u00e5r jag i 7 knop \u00e4ven om b\u00e5ten g\u00e5r att k\u00f6ra i 20 knop. Delvis en ekonomifr\u00e5ga, men vill man se naturen glida f\u00f6rbi s\u00e5 \u00e4r 7 knop optimalt, f\u00f6rutsatt att man har tid.<\/p>\n\n\n\n<p>Mot b\u00e4ttre vetande, har jag inga sj\u00f6kort i papper ombord. D\u00e4remot har jag tv\u00e5 olika plottrar, en Raymarine med stor sk\u00e4rm, GPS och autopilot samt en app i min telefon, Skippo (tidigare P\u00e5 sj\u00f6ss\/Eniro) med GPS\/plotter inkl. AIS (positionering och info fr\u00e5n andra b\u00e5tar med AIS-s\u00e4ndare) f\u00f6r bara 295:-\/\u00e5r. De tv\u00e5 olika navigationsinstrument som kompletterar varandra. Skippo \u00e4r mer \u00f6versk\u00e5dlig och har t.ex. detaljerad koll p\u00e5 natur-\/g\u00e4sthamnar, hamnbeskrivningar, sj\u00f6mackar (inkl. aktuellt pris p\u00e5 diesel), etc.<\/p>\n\n\n\n<figure class=\"wp-block-image size-large\"><a href=\"https:\/\/www.strandvejen23.dk\/wp-content\/uploads\/2025\/06\/B0FBF860-E076-4CBA-AEF3-CF9DB0E875ED_1_201_a-scaled.jpeg\"><img loading=\"lazy\" decoding=\"async\" width=\"1024\" height=\"768\" src=\"https:\/\/www.strandvejen23.dk\/wp-content\/uploads\/2025\/06\/B0FBF860-E076-4CBA-AEF3-CF9DB0E875ED_1_201_a-1024x768.jpeg\" alt=\"\" class=\"wp-image-3088\" srcset=\"https:\/\/www.strandvejen23.dk\/wp-content\/uploads\/2025\/06\/B0FBF860-E076-4CBA-AEF3-CF9DB0E875ED_1_201_a-1024x768.jpeg 1024w, https:\/\/www.strandvejen23.dk\/wp-content\/uploads\/2025\/06\/B0FBF860-E076-4CBA-AEF3-CF9DB0E875ED_1_201_a-300x225.jpeg 300w, https:\/\/www.strandvejen23.dk\/wp-content\/uploads\/2025\/06\/B0FBF860-E076-4CBA-AEF3-CF9DB0E875ED_1_201_a-768x576.jpeg 768w, https:\/\/www.strandvejen23.dk\/wp-content\/uploads\/2025\/06\/B0FBF860-E076-4CBA-AEF3-CF9DB0E875ED_1_201_a-1536x1152.jpeg 1536w, https:\/\/www.strandvejen23.dk\/wp-content\/uploads\/2025\/06\/B0FBF860-E076-4CBA-AEF3-CF9DB0E875ED_1_201_a-2048x1536.jpeg 2048w, https:\/\/www.strandvejen23.dk\/wp-content\/uploads\/2025\/06\/B0FBF860-E076-4CBA-AEF3-CF9DB0E875ED_1_201_a-400x300.jpeg 400w\" sizes=\"auto, (max-width: 1024px) 100vw, 1024px\" \/><\/a><\/figure>\n\n\n\n<p>I natt ligger jag ensam p\u00e5 svaj i en fin vik p\u00e5 en SXK-boj vid <strong>L\u00e5ngn\u00e4set<\/strong> i Sant Annas sk\u00e4rg\u00e5rd. Sk\u00f6nt att ligga still och s\u00e4kert. Det \u00e4r n\u00e4stan som att campa under bar himmel mitt i naturen. F\u00e5gellivet och utsikten fr\u00e5n b\u00e5ten \u00e4r fantastiskt. Nu v\u00e4ntar jag bara p\u00e5 se en havs\u00f6rn. D\u00e4r \u00e4r den! \ud83d\ude2e<\/p>\n\n\n\n<p><strong>Onsdag 4 juni Gryts sk\u00e4rg\u00e5rd<br><\/strong>SXK uthamn p\u00e5 <strong>Stora \u00c5l\u00f6 <\/strong>i Gryts sk\u00e4rg\u00e5rd. Beh\u00f6ver knappast inte bes\u00f6ka n\u00e5gra g\u00e4sthamnar, sj\u00f6krogar, landstr\u00f6m (b\u00e5ten laddas under g\u00e5ng och med tv\u00e5 solpaneler \u00e1 150W) eller restauranger f\u00f6rutom n\u00e4r jag beh\u00f6ver proviantera mat eller fylla p\u00e5 med vatten. Klarar mig flera dagar\/n\u00e4tter i rad till sj\u00f6ss utan n\u00e5gon hamn med service. Denna cruiser \u00e4r n\u00e4stan helt sj\u00e4lvf\u00f6rs\u00f6rjande och har &#8221;all inclusive&#8221;. \ud83d\ude00<\/p>\n\n\n\n<p>Idag h\u00e4nde det som inte f\u00e5r h\u00e4nda. N\u00e4r jag skulle l\u00e4gga till strulade aktertampen som skulle ligga p\u00e5 en boj l\u00e5ngt ute och fastnade i propellern. Klantigt av mig! S\u00e5 det blev att slita av sig kl\u00e4derna, hoppa i, dyka  och lossa aktertampen som hade snurrat sig fast runt propellern. Fick l\u00e5na ett cyklop av n\u00e5gra v\u00e4nliga klubbmedlemmar i SXK. Stor hj\u00e4lp!<\/p>\n\n\n\n<figure class=\"wp-block-image size-large\"><a href=\"https:\/\/www.strandvejen23.dk\/wp-content\/uploads\/2025\/06\/F95F0749-AF1A-4493-AEFF-142007271E88-scaled.jpeg\"><img loading=\"lazy\" decoding=\"async\" width=\"1024\" height=\"768\" src=\"https:\/\/www.strandvejen23.dk\/wp-content\/uploads\/2025\/06\/F95F0749-AF1A-4493-AEFF-142007271E88-1024x768.jpeg\" alt=\"\" class=\"wp-image-3090\" srcset=\"https:\/\/www.strandvejen23.dk\/wp-content\/uploads\/2025\/06\/F95F0749-AF1A-4493-AEFF-142007271E88-1024x768.jpeg 1024w, https:\/\/www.strandvejen23.dk\/wp-content\/uploads\/2025\/06\/F95F0749-AF1A-4493-AEFF-142007271E88-300x225.jpeg 300w, https:\/\/www.strandvejen23.dk\/wp-content\/uploads\/2025\/06\/F95F0749-AF1A-4493-AEFF-142007271E88-768x576.jpeg 768w, https:\/\/www.strandvejen23.dk\/wp-content\/uploads\/2025\/06\/F95F0749-AF1A-4493-AEFF-142007271E88-1536x1152.jpeg 1536w, https:\/\/www.strandvejen23.dk\/wp-content\/uploads\/2025\/06\/F95F0749-AF1A-4493-AEFF-142007271E88-2048x1536.jpeg 2048w, https:\/\/www.strandvejen23.dk\/wp-content\/uploads\/2025\/06\/F95F0749-AF1A-4493-AEFF-142007271E88-400x300.jpeg 400w\" sizes=\"auto, (max-width: 1024px) 100vw, 1024px\" \/><\/a><\/figure>\n\n\n\n<p class=\"has-text-align-center\">SXK uthamn i Gryts sk\u00e4rg\u00e5rd<\/p>\n\n\n\n<p class=\"has-text-align-left\"><strong>Torsdag 5 juni V\u00e4stervik<br><\/strong>Idag fortsatte jag genom Gryts sk\u00e4rg\u00e5rd till V\u00e4stervik d\u00e4r Denise m\u00f6ter upp efter en trasslig resa med t\u00e5g och buss fr\u00e5n G\u00f6teborg.<\/p>\n\n\n\n<p class=\"has-text-align-left\"><strong>V\u00e4stervik<\/strong> \u00e4r en idyllisk liten stad med fina promenadstr\u00e5k l\u00e4ngs vattnet. Gick \u00f6ver 10 000 steg i stan. Rent och snyggt! Stan blommar upp p\u00e5 sommaren. Liknar Trosa och Str\u00e4ngn\u00e4s men \u00e4ven Varberg, Alings\u00e5s, Kungsbacka eller Grebbestad, m.fl. st\u00e4der. M\u00e5nga fina fastigheter och snabbmat restauranger. \ud83e\udd14 Folk flanerar och gottar sig i solen. \ud83c\udf1e<br>Vi ligger i den fina g\u00e4sthamnen p\u00e5 Slottsholmen mitt i stan (som Bj\u00f6rn Ulvaeus i ABBA har st\u00f6ttat d\u00e5 det \u00e4r hans hemstad).<\/p>\n\n\n\n<figure class=\"wp-block-image size-large\"><a href=\"http:\/\/www.strandvejen23.dk\/wp-content\/uploads\/2025\/06\/79C7532A-0F5F-4334-88F4-C68748DFF35A-scaled.jpeg\"><img loading=\"lazy\" decoding=\"async\" width=\"1024\" height=\"768\" src=\"http:\/\/www.strandvejen23.dk\/wp-content\/uploads\/2025\/06\/79C7532A-0F5F-4334-88F4-C68748DFF35A-1024x768.jpeg\" alt=\"\" class=\"wp-image-3089\" srcset=\"https:\/\/www.strandvejen23.dk\/wp-content\/uploads\/2025\/06\/79C7532A-0F5F-4334-88F4-C68748DFF35A-1024x768.jpeg 1024w, https:\/\/www.strandvejen23.dk\/wp-content\/uploads\/2025\/06\/79C7532A-0F5F-4334-88F4-C68748DFF35A-300x225.jpeg 300w, https:\/\/www.strandvejen23.dk\/wp-content\/uploads\/2025\/06\/79C7532A-0F5F-4334-88F4-C68748DFF35A-768x576.jpeg 768w, https:\/\/www.strandvejen23.dk\/wp-content\/uploads\/2025\/06\/79C7532A-0F5F-4334-88F4-C68748DFF35A-1536x1152.jpeg 1536w, https:\/\/www.strandvejen23.dk\/wp-content\/uploads\/2025\/06\/79C7532A-0F5F-4334-88F4-C68748DFF35A-2048x1536.jpeg 2048w, https:\/\/www.strandvejen23.dk\/wp-content\/uploads\/2025\/06\/79C7532A-0F5F-4334-88F4-C68748DFF35A-400x300.jpeg 400w\" sizes=\"auto, (max-width: 1024px) 100vw, 1024px\" \/><\/a><\/figure>\n\n\n\n<p class=\"has-text-align-center\">V\u00e4stervik<\/p>\n\n\n\n<p><strong>Fredag 6 juni En nationaldag till sj\u00f6ss<br><\/strong>Mot <strong>Visby<\/strong> och Gottland (55 Nm p\u00e5 \u00f6ppet hav). Vind 6-8 m\/s fr\u00e5n sydost (snett framifr\u00e5n). 7 timmar till havs i gropig sj\u00f6. Lite jobbigt!<\/p>\n\n\n\n<p>V\u00e4l framme i Visby hamnade vi mitt i Hansadagarna med live musik p\u00e5 tre scener i 3 dagar.<br>Vandrade runt (7 800+ steg) i fin milj\u00f6 s\u00e5som Almedalen, Donners plats och Stora torget.<\/p>\n\n\n\n<p><strong>L\u00f6rdag 7 juni p\u00e5 Hansadagarna i Visby<br><\/strong>G\u00e5r runt i Visby stad innanf\u00f6r ringmuren fr\u00e5n den ena bra live konserten till den andra. H\u00e4rligt v\u00e4der, solen skiner, bl\u00e5ser ute tills havs men inte inne stan. Lagom m\u00e5nga bes\u00f6kare\/turister fr\u00e5n n\u00e4r och fj\u00e4rran, mest fr\u00e5n andra Hansast\u00e4der runt om i norra Europa.<\/p>\n\n\n\n<figure class=\"wp-block-image size-large\"><a href=\"http:\/\/www.strandvejen23.dk\/wp-content\/uploads\/2025\/06\/38F2DE70-C730-4B73-B5C5-07CB807BA441_1_201_a-scaled.jpeg\"><img loading=\"lazy\" decoding=\"async\" width=\"1024\" height=\"768\" src=\"http:\/\/www.strandvejen23.dk\/wp-content\/uploads\/2025\/06\/38F2DE70-C730-4B73-B5C5-07CB807BA441_1_201_a-1024x768.jpeg\" alt=\"\" class=\"wp-image-3105\" srcset=\"https:\/\/www.strandvejen23.dk\/wp-content\/uploads\/2025\/06\/38F2DE70-C730-4B73-B5C5-07CB807BA441_1_201_a-1024x768.jpeg 1024w, https:\/\/www.strandvejen23.dk\/wp-content\/uploads\/2025\/06\/38F2DE70-C730-4B73-B5C5-07CB807BA441_1_201_a-300x225.jpeg 300w, https:\/\/www.strandvejen23.dk\/wp-content\/uploads\/2025\/06\/38F2DE70-C730-4B73-B5C5-07CB807BA441_1_201_a-768x576.jpeg 768w, https:\/\/www.strandvejen23.dk\/wp-content\/uploads\/2025\/06\/38F2DE70-C730-4B73-B5C5-07CB807BA441_1_201_a-1536x1152.jpeg 1536w, https:\/\/www.strandvejen23.dk\/wp-content\/uploads\/2025\/06\/38F2DE70-C730-4B73-B5C5-07CB807BA441_1_201_a-2048x1536.jpeg 2048w, https:\/\/www.strandvejen23.dk\/wp-content\/uploads\/2025\/06\/38F2DE70-C730-4B73-B5C5-07CB807BA441_1_201_a-400x300.jpeg 400w\" sizes=\"auto, (max-width: 1024px) 100vw, 1024px\" \/><\/a><\/figure>\n\n\n\n<figure class=\"wp-block-gallery has-nested-images columns-default is-cropped wp-block-gallery-15 is-layout-flex wp-block-gallery-is-layout-flex\">\n<figure class=\"wp-block-image size-large\"><a href=\"https:\/\/www.strandvejen23.dk\/wp-content\/uploads\/2025\/06\/E8D3553D-7174-4CD6-8864-881FC0C891F3-scaled.jpeg\"><img loading=\"lazy\" decoding=\"async\" width=\"1024\" height=\"768\" data-id=\"3103\" src=\"https:\/\/www.strandvejen23.dk\/wp-content\/uploads\/2025\/06\/E8D3553D-7174-4CD6-8864-881FC0C891F3-1024x768.jpeg\" alt=\"\" class=\"wp-image-3103\" srcset=\"https:\/\/www.strandvejen23.dk\/wp-content\/uploads\/2025\/06\/E8D3553D-7174-4CD6-8864-881FC0C891F3-1024x768.jpeg 1024w, https:\/\/www.strandvejen23.dk\/wp-content\/uploads\/2025\/06\/E8D3553D-7174-4CD6-8864-881FC0C891F3-300x225.jpeg 300w, https:\/\/www.strandvejen23.dk\/wp-content\/uploads\/2025\/06\/E8D3553D-7174-4CD6-8864-881FC0C891F3-768x576.jpeg 768w, https:\/\/www.strandvejen23.dk\/wp-content\/uploads\/2025\/06\/E8D3553D-7174-4CD6-8864-881FC0C891F3-1536x1152.jpeg 1536w, https:\/\/www.strandvejen23.dk\/wp-content\/uploads\/2025\/06\/E8D3553D-7174-4CD6-8864-881FC0C891F3-2048x1536.jpeg 2048w, https:\/\/www.strandvejen23.dk\/wp-content\/uploads\/2025\/06\/E8D3553D-7174-4CD6-8864-881FC0C891F3-400x300.jpeg 400w\" sizes=\"auto, (max-width: 1024px) 100vw, 1024px\" \/><\/a><\/figure>\n\n\n\n<figure class=\"wp-block-image size-large\"><a href=\"https:\/\/www.strandvejen23.dk\/wp-content\/uploads\/2025\/06\/87A1C9D1-2826-4482-B049-EBB30B9547E2-scaled.jpeg\"><img loading=\"lazy\" decoding=\"async\" width=\"768\" height=\"1024\" data-id=\"3099\" src=\"https:\/\/www.strandvejen23.dk\/wp-content\/uploads\/2025\/06\/87A1C9D1-2826-4482-B049-EBB30B9547E2-768x1024.jpeg\" alt=\"\" class=\"wp-image-3099\" srcset=\"https:\/\/www.strandvejen23.dk\/wp-content\/uploads\/2025\/06\/87A1C9D1-2826-4482-B049-EBB30B9547E2-768x1024.jpeg 768w, https:\/\/www.strandvejen23.dk\/wp-content\/uploads\/2025\/06\/87A1C9D1-2826-4482-B049-EBB30B9547E2-225x300.jpeg 225w, https:\/\/www.strandvejen23.dk\/wp-content\/uploads\/2025\/06\/87A1C9D1-2826-4482-B049-EBB30B9547E2-1152x1536.jpeg 1152w, https:\/\/www.strandvejen23.dk\/wp-content\/uploads\/2025\/06\/87A1C9D1-2826-4482-B049-EBB30B9547E2-1536x2048.jpeg 1536w, https:\/\/www.strandvejen23.dk\/wp-content\/uploads\/2025\/06\/87A1C9D1-2826-4482-B049-EBB30B9547E2-scaled.jpeg 1920w\" sizes=\"auto, (max-width: 768px) 100vw, 768px\" \/><\/a><\/figure>\n\n\n\n<figure class=\"wp-block-image size-large\"><a href=\"https:\/\/www.strandvejen23.dk\/wp-content\/uploads\/2025\/06\/8CC7D960-1B35-4141-8A25-F82041841933-scaled.jpeg\"><img loading=\"lazy\" decoding=\"async\" width=\"768\" height=\"1024\" data-id=\"3104\" src=\"https:\/\/www.strandvejen23.dk\/wp-content\/uploads\/2025\/06\/8CC7D960-1B35-4141-8A25-F82041841933-768x1024.jpeg\" alt=\"\" class=\"wp-image-3104\" srcset=\"https:\/\/www.strandvejen23.dk\/wp-content\/uploads\/2025\/06\/8CC7D960-1B35-4141-8A25-F82041841933-768x1024.jpeg 768w, https:\/\/www.strandvejen23.dk\/wp-content\/uploads\/2025\/06\/8CC7D960-1B35-4141-8A25-F82041841933-225x300.jpeg 225w, https:\/\/www.strandvejen23.dk\/wp-content\/uploads\/2025\/06\/8CC7D960-1B35-4141-8A25-F82041841933-1152x1536.jpeg 1152w, https:\/\/www.strandvejen23.dk\/wp-content\/uploads\/2025\/06\/8CC7D960-1B35-4141-8A25-F82041841933-1536x2048.jpeg 1536w, https:\/\/www.strandvejen23.dk\/wp-content\/uploads\/2025\/06\/8CC7D960-1B35-4141-8A25-F82041841933-scaled.jpeg 1920w\" sizes=\"auto, (max-width: 768px) 100vw, 768px\" \/><\/a><\/figure>\n\n\n\n<figure class=\"wp-block-image size-large\"><a href=\"https:\/\/www.strandvejen23.dk\/wp-content\/uploads\/2025\/06\/C6BAB812-2687-4D6E-BEFE-EF52FE02BE3F-scaled.jpeg\"><img loading=\"lazy\" decoding=\"async\" width=\"768\" height=\"1024\" data-id=\"3101\" src=\"https:\/\/www.strandvejen23.dk\/wp-content\/uploads\/2025\/06\/C6BAB812-2687-4D6E-BEFE-EF52FE02BE3F-768x1024.jpeg\" alt=\"\" class=\"wp-image-3101\" srcset=\"https:\/\/www.strandvejen23.dk\/wp-content\/uploads\/2025\/06\/C6BAB812-2687-4D6E-BEFE-EF52FE02BE3F-768x1024.jpeg 768w, https:\/\/www.strandvejen23.dk\/wp-content\/uploads\/2025\/06\/C6BAB812-2687-4D6E-BEFE-EF52FE02BE3F-225x300.jpeg 225w, https:\/\/www.strandvejen23.dk\/wp-content\/uploads\/2025\/06\/C6BAB812-2687-4D6E-BEFE-EF52FE02BE3F-1152x1536.jpeg 1152w, https:\/\/www.strandvejen23.dk\/wp-content\/uploads\/2025\/06\/C6BAB812-2687-4D6E-BEFE-EF52FE02BE3F-1536x2048.jpeg 1536w, https:\/\/www.strandvejen23.dk\/wp-content\/uploads\/2025\/06\/C6BAB812-2687-4D6E-BEFE-EF52FE02BE3F-scaled.jpeg 1920w\" sizes=\"auto, (max-width: 768px) 100vw, 768px\" \/><\/a><\/figure>\n\n\n\n<figure class=\"wp-block-image size-large\"><a href=\"https:\/\/www.strandvejen23.dk\/wp-content\/uploads\/2025\/06\/9A82E5C0-F074-4692-8101-DA3AE9AD916C-scaled.jpeg\"><img loading=\"lazy\" decoding=\"async\" width=\"1024\" height=\"768\" data-id=\"3106\" src=\"https:\/\/www.strandvejen23.dk\/wp-content\/uploads\/2025\/06\/9A82E5C0-F074-4692-8101-DA3AE9AD916C-1024x768.jpeg\" alt=\"\" class=\"wp-image-3106\" srcset=\"https:\/\/www.strandvejen23.dk\/wp-content\/uploads\/2025\/06\/9A82E5C0-F074-4692-8101-DA3AE9AD916C-1024x768.jpeg 1024w, https:\/\/www.strandvejen23.dk\/wp-content\/uploads\/2025\/06\/9A82E5C0-F074-4692-8101-DA3AE9AD916C-300x225.jpeg 300w, https:\/\/www.strandvejen23.dk\/wp-content\/uploads\/2025\/06\/9A82E5C0-F074-4692-8101-DA3AE9AD916C-768x576.jpeg 768w, https:\/\/www.strandvejen23.dk\/wp-content\/uploads\/2025\/06\/9A82E5C0-F074-4692-8101-DA3AE9AD916C-1536x1152.jpeg 1536w, https:\/\/www.strandvejen23.dk\/wp-content\/uploads\/2025\/06\/9A82E5C0-F074-4692-8101-DA3AE9AD916C-2048x1536.jpeg 2048w, https:\/\/www.strandvejen23.dk\/wp-content\/uploads\/2025\/06\/9A82E5C0-F074-4692-8101-DA3AE9AD916C-400x300.jpeg 400w\" sizes=\"auto, (max-width: 1024px) 100vw, 1024px\" \/><\/a><\/figure>\n\n\n\n<figure class=\"wp-block-image size-large\"><a href=\"https:\/\/www.strandvejen23.dk\/wp-content\/uploads\/2025\/06\/6F8376E8-2B42-48B4-9504-203B4880C59B-scaled.jpeg\"><img loading=\"lazy\" decoding=\"async\" width=\"1024\" height=\"768\" data-id=\"3102\" src=\"https:\/\/www.strandvejen23.dk\/wp-content\/uploads\/2025\/06\/6F8376E8-2B42-48B4-9504-203B4880C59B-1024x768.jpeg\" alt=\"\" class=\"wp-image-3102\" srcset=\"https:\/\/www.strandvejen23.dk\/wp-content\/uploads\/2025\/06\/6F8376E8-2B42-48B4-9504-203B4880C59B-1024x768.jpeg 1024w, https:\/\/www.strandvejen23.dk\/wp-content\/uploads\/2025\/06\/6F8376E8-2B42-48B4-9504-203B4880C59B-300x225.jpeg 300w, https:\/\/www.strandvejen23.dk\/wp-content\/uploads\/2025\/06\/6F8376E8-2B42-48B4-9504-203B4880C59B-768x576.jpeg 768w, https:\/\/www.strandvejen23.dk\/wp-content\/uploads\/2025\/06\/6F8376E8-2B42-48B4-9504-203B4880C59B-1536x1152.jpeg 1536w, https:\/\/www.strandvejen23.dk\/wp-content\/uploads\/2025\/06\/6F8376E8-2B42-48B4-9504-203B4880C59B-2048x1536.jpeg 2048w, https:\/\/www.strandvejen23.dk\/wp-content\/uploads\/2025\/06\/6F8376E8-2B42-48B4-9504-203B4880C59B-400x300.jpeg 400w\" sizes=\"auto, (max-width: 1024px) 100vw, 1024px\" \/><\/a><\/figure>\n\n\n\n<figure class=\"wp-block-image size-large\"><a href=\"https:\/\/www.strandvejen23.dk\/wp-content\/uploads\/2025\/06\/AB2B44A3-A5B3-4699-BDCA-C5193CBD6367-scaled.jpeg\"><img loading=\"lazy\" decoding=\"async\" width=\"1024\" height=\"768\" data-id=\"3098\" src=\"https:\/\/www.strandvejen23.dk\/wp-content\/uploads\/2025\/06\/AB2B44A3-A5B3-4699-BDCA-C5193CBD6367-1024x768.jpeg\" alt=\"\" class=\"wp-image-3098\" srcset=\"https:\/\/www.strandvejen23.dk\/wp-content\/uploads\/2025\/06\/AB2B44A3-A5B3-4699-BDCA-C5193CBD6367-1024x768.jpeg 1024w, https:\/\/www.strandvejen23.dk\/wp-content\/uploads\/2025\/06\/AB2B44A3-A5B3-4699-BDCA-C5193CBD6367-300x225.jpeg 300w, https:\/\/www.strandvejen23.dk\/wp-content\/uploads\/2025\/06\/AB2B44A3-A5B3-4699-BDCA-C5193CBD6367-768x576.jpeg 768w, https:\/\/www.strandvejen23.dk\/wp-content\/uploads\/2025\/06\/AB2B44A3-A5B3-4699-BDCA-C5193CBD6367-1536x1152.jpeg 1536w, https:\/\/www.strandvejen23.dk\/wp-content\/uploads\/2025\/06\/AB2B44A3-A5B3-4699-BDCA-C5193CBD6367-2048x1536.jpeg 2048w, https:\/\/www.strandvejen23.dk\/wp-content\/uploads\/2025\/06\/AB2B44A3-A5B3-4699-BDCA-C5193CBD6367-400x300.jpeg 400w\" sizes=\"auto, (max-width: 1024px) 100vw, 1024px\" \/><\/a><\/figure>\n<\/figure>\n\n\n\n<p><strong>S\u00f6ndag 8 juni F\u00e5r\u00f6<br><\/strong>Vi tar bussen t\/r Visby &#8211; F\u00e5r\u00f6sund. V\u00e4l p\u00e5 <strong>F\u00e5r\u00f6<\/strong> hyrde vi ett par cyklar f\u00f6r att njuta av den fina naturen.<\/p>\n\n\n\n<p>F\u00e5r\u00f6 \u00e4r ungef\u00e4r lika stor som L\u00e6s\u00f8 men har bara 500 innev\u00e5nare som \u00e4r skrivna d\u00e4r samt en massa turister p\u00e5 sommaren. Det var h\u00e4r Ingmar Bergman och Olof Palme hade sina sommarst\u00e4llen.<\/p>\n\n\n\n<figure class=\"wp-block-image size-large\"><a href=\"http:\/\/www.strandvejen23.dk\/wp-content\/uploads\/2025\/06\/A99385E7-751A-4690-8E02-2ED91D07AF64-scaled.jpeg\"><img loading=\"lazy\" decoding=\"async\" width=\"1024\" height=\"768\" src=\"http:\/\/www.strandvejen23.dk\/wp-content\/uploads\/2025\/06\/A99385E7-751A-4690-8E02-2ED91D07AF64-1024x768.jpeg\" alt=\"\" class=\"wp-image-3111\" srcset=\"https:\/\/www.strandvejen23.dk\/wp-content\/uploads\/2025\/06\/A99385E7-751A-4690-8E02-2ED91D07AF64-1024x768.jpeg 1024w, https:\/\/www.strandvejen23.dk\/wp-content\/uploads\/2025\/06\/A99385E7-751A-4690-8E02-2ED91D07AF64-300x225.jpeg 300w, https:\/\/www.strandvejen23.dk\/wp-content\/uploads\/2025\/06\/A99385E7-751A-4690-8E02-2ED91D07AF64-768x576.jpeg 768w, https:\/\/www.strandvejen23.dk\/wp-content\/uploads\/2025\/06\/A99385E7-751A-4690-8E02-2ED91D07AF64-1536x1152.jpeg 1536w, https:\/\/www.strandvejen23.dk\/wp-content\/uploads\/2025\/06\/A99385E7-751A-4690-8E02-2ED91D07AF64-2048x1536.jpeg 2048w, https:\/\/www.strandvejen23.dk\/wp-content\/uploads\/2025\/06\/A99385E7-751A-4690-8E02-2ED91D07AF64-400x300.jpeg 400w\" sizes=\"auto, (max-width: 1024px) 100vw, 1024px\" \/><\/a><\/figure>\n\n\n\n<p>N\u00e4sta vecka g\u00e5r jag s\u00f6der ut mot Borgholm p\u00e5 \u00d6land, Kalmar, Karlskrona, Blekinge sk\u00e4rg\u00e5rd och Anna och Toms br\u00f6llop n\u00e4ra Ronneby.<\/p>\n\n\n\n<p><strong>M\u00e5ndag 9 juni Byxelkrok<\/strong><br>Efter tre fina dagar p\u00e5 Gotland flyger Denise hem till \u00d6nnered och jag g\u00e5r med b\u00e5ten till <strong>Byxelkrok<\/strong> (6 tim i 7 knop) p\u00e5 norra \u00d6land.<\/p>\n\n\n\n<p><strong>Tisdag 10 juni Borgholm<br><\/strong>\u00d6land \u00e4r l\u00e5ngt! Idag gick jag fr\u00e5n Byxelkrok i norr till Borgholm (5 timmar) p\u00e5 mellersta \u00d6land till <strong>Borgholm<\/strong>.<br>Lite motvind men n\u00e4stan ingen h\u00f6g sj\u00f6.<br>H\u00e4r har hovet sitt sommarresidens. M\u00e5nga stora &#8221;fritidsb\u00e5tar&#8221; i hamnen.<\/p>\n\n\n\n<p><strong>Onsdag 11 juni Kalmar<\/strong><br>En kort tur (2 timmar) till <strong>Kalmar<\/strong> d\u00e4r min v\u00e4n och tidigare klasskamrat, Christer Hermansson m\u00f6ter upp.<br>Christer \u00e4r en gammal klasskamrat f\u00f6r 50 \u00e5r sedan som sedan var del\u00e4gare i en husbil som vi k\u00f6pte tillsammans i Long Island, New York 1979. D\u00e5 visste man knappast vad en husbil h\u00e4r hemma i Sverige.<br>Nu blir det gott &#8221;tj\u00f6t&#8221; ombord p\u00e5v\u00e4g till Karlskrona och Blekinges sk\u00e4rg\u00e5rd.<\/p>\n\n\n\n<p><strong>Torsdag 12 juni Till sj\u00f6ss<br><\/strong>Vi g\u00e5r s\u00f6der ut och \u00f6vernattade p\u00e5 p\u00e5 <strong>Utl\u00e4ngan<\/strong>, l\u00e4ngst SO i Blekinge sk\u00e4rg\u00e5rd.<\/p>\n\n\n\n<figure class=\"wp-block-image size-large\"><a href=\"https:\/\/www.strandvejen23.dk\/wp-content\/uploads\/2025\/06\/01652935-D5D7-438D-93C0-1AD833CA460A-scaled.jpeg\"><img loading=\"lazy\" decoding=\"async\" width=\"1024\" height=\"768\" src=\"https:\/\/www.strandvejen23.dk\/wp-content\/uploads\/2025\/06\/01652935-D5D7-438D-93C0-1AD833CA460A-1024x768.jpeg\" alt=\"\" class=\"wp-image-3124\" srcset=\"https:\/\/www.strandvejen23.dk\/wp-content\/uploads\/2025\/06\/01652935-D5D7-438D-93C0-1AD833CA460A-1024x768.jpeg 1024w, https:\/\/www.strandvejen23.dk\/wp-content\/uploads\/2025\/06\/01652935-D5D7-438D-93C0-1AD833CA460A-300x225.jpeg 300w, https:\/\/www.strandvejen23.dk\/wp-content\/uploads\/2025\/06\/01652935-D5D7-438D-93C0-1AD833CA460A-768x576.jpeg 768w, https:\/\/www.strandvejen23.dk\/wp-content\/uploads\/2025\/06\/01652935-D5D7-438D-93C0-1AD833CA460A-1536x1152.jpeg 1536w, https:\/\/www.strandvejen23.dk\/wp-content\/uploads\/2025\/06\/01652935-D5D7-438D-93C0-1AD833CA460A-2048x1536.jpeg 2048w, https:\/\/www.strandvejen23.dk\/wp-content\/uploads\/2025\/06\/01652935-D5D7-438D-93C0-1AD833CA460A-400x300.jpeg 400w\" sizes=\"auto, (max-width: 1024px) 100vw, 1024px\" \/><\/a><\/figure>\n\n\n\n<p><strong>Fredag 12 juni<br><\/strong>Kort stopp i Karlskrona f\u00f6r ink\u00f6p av dataminne och br\u00e4nsle. Vidare till <strong>Eken\u00e4s\/Ronneby<\/strong> g\u00e4sthamn i tv\u00e5 n\u00e4tter. Fin sommar ort.<br>P\u00e5 eftermiddagen kom Johan, Louise och Denise och plockade upp mig f\u00f6r att delta i mingelparty och get together inf\u00f6r morgondagens br\u00f6llop p\u00e5 Hoby Kulles Herrg\u00e5rd.<\/p>\n\n\n\n<figure class=\"wp-block-image size-large\"><a href=\"https:\/\/www.strandvejen23.dk\/wp-content\/uploads\/2025\/06\/E95B1618-8D67-4E07-94A4-7387067C907C-scaled.jpeg\"><img loading=\"lazy\" decoding=\"async\" width=\"1024\" height=\"768\" src=\"https:\/\/www.strandvejen23.dk\/wp-content\/uploads\/2025\/06\/E95B1618-8D67-4E07-94A4-7387067C907C-1024x768.jpeg\" alt=\"\" class=\"wp-image-3125\" srcset=\"https:\/\/www.strandvejen23.dk\/wp-content\/uploads\/2025\/06\/E95B1618-8D67-4E07-94A4-7387067C907C-1024x768.jpeg 1024w, https:\/\/www.strandvejen23.dk\/wp-content\/uploads\/2025\/06\/E95B1618-8D67-4E07-94A4-7387067C907C-300x225.jpeg 300w, https:\/\/www.strandvejen23.dk\/wp-content\/uploads\/2025\/06\/E95B1618-8D67-4E07-94A4-7387067C907C-768x576.jpeg 768w, https:\/\/www.strandvejen23.dk\/wp-content\/uploads\/2025\/06\/E95B1618-8D67-4E07-94A4-7387067C907C-1536x1152.jpeg 1536w, https:\/\/www.strandvejen23.dk\/wp-content\/uploads\/2025\/06\/E95B1618-8D67-4E07-94A4-7387067C907C-2048x1536.jpeg 2048w, https:\/\/www.strandvejen23.dk\/wp-content\/uploads\/2025\/06\/E95B1618-8D67-4E07-94A4-7387067C907C-400x300.jpeg 400w\" sizes=\"auto, (max-width: 1024px) 100vw, 1024px\" \/><\/a><\/figure>\n\n\n\n<p class=\"has-text-align-center\">Tom &amp; Anna;s br\u00f6llop p\u00e5 Hoby Kulles Herrg\u00e5rd<\/p>\n\n\n\n<p><strong>L\u00f6rdag 13 juni Br\u00f6llop<\/strong><\/p>\n\n\n\n<figure class=\"wp-block-image size-large is-resized\"><a href=\"https:\/\/www.strandvejen23.dk\/wp-content\/uploads\/2025\/06\/A00D1023-CB2E-4AA7-8912-A3917836D5D6-scaled.jpeg\"><img loading=\"lazy\" decoding=\"async\" width=\"768\" height=\"1024\" src=\"https:\/\/www.strandvejen23.dk\/wp-content\/uploads\/2025\/06\/A00D1023-CB2E-4AA7-8912-A3917836D5D6-768x1024.jpeg\" alt=\"\" class=\"wp-image-3117\" style=\"width:840px;height:auto\" srcset=\"https:\/\/www.strandvejen23.dk\/wp-content\/uploads\/2025\/06\/A00D1023-CB2E-4AA7-8912-A3917836D5D6-768x1024.jpeg 768w, https:\/\/www.strandvejen23.dk\/wp-content\/uploads\/2025\/06\/A00D1023-CB2E-4AA7-8912-A3917836D5D6-225x300.jpeg 225w, https:\/\/www.strandvejen23.dk\/wp-content\/uploads\/2025\/06\/A00D1023-CB2E-4AA7-8912-A3917836D5D6-1152x1536.jpeg 1152w, https:\/\/www.strandvejen23.dk\/wp-content\/uploads\/2025\/06\/A00D1023-CB2E-4AA7-8912-A3917836D5D6-1536x2048.jpeg 1536w, https:\/\/www.strandvejen23.dk\/wp-content\/uploads\/2025\/06\/A00D1023-CB2E-4AA7-8912-A3917836D5D6-scaled.jpeg 1920w\" sizes=\"auto, (max-width: 768px) 100vw, 768px\" \/><\/a><\/figure>\n\n\n\n<figure class=\"wp-block-image size-large\"><a href=\"https:\/\/www.strandvejen23.dk\/wp-content\/uploads\/2025\/06\/9D589EBC-E36F-41AB-9DC2-64EEE7470E9D-1-scaled.jpeg\"><img loading=\"lazy\" decoding=\"async\" width=\"1024\" height=\"768\" src=\"https:\/\/www.strandvejen23.dk\/wp-content\/uploads\/2025\/06\/9D589EBC-E36F-41AB-9DC2-64EEE7470E9D-1-1024x768.jpeg\" alt=\"\" class=\"wp-image-3122\" srcset=\"https:\/\/www.strandvejen23.dk\/wp-content\/uploads\/2025\/06\/9D589EBC-E36F-41AB-9DC2-64EEE7470E9D-1-1024x768.jpeg 1024w, https:\/\/www.strandvejen23.dk\/wp-content\/uploads\/2025\/06\/9D589EBC-E36F-41AB-9DC2-64EEE7470E9D-1-300x225.jpeg 300w, https:\/\/www.strandvejen23.dk\/wp-content\/uploads\/2025\/06\/9D589EBC-E36F-41AB-9DC2-64EEE7470E9D-1-768x576.jpeg 768w, https:\/\/www.strandvejen23.dk\/wp-content\/uploads\/2025\/06\/9D589EBC-E36F-41AB-9DC2-64EEE7470E9D-1-1536x1152.jpeg 1536w, https:\/\/www.strandvejen23.dk\/wp-content\/uploads\/2025\/06\/9D589EBC-E36F-41AB-9DC2-64EEE7470E9D-1-2048x1536.jpeg 2048w, https:\/\/www.strandvejen23.dk\/wp-content\/uploads\/2025\/06\/9D589EBC-E36F-41AB-9DC2-64EEE7470E9D-1-400x300.jpeg 400w\" sizes=\"auto, (max-width: 1024px) 100vw, 1024px\" \/><\/a><\/figure>\n\n\n\n<p class=\"has-text-align-center\">Anna och Tom gifter sig p\u00e5 Hoby Kulles Herrg\u00e5rd. V\u00e4ldigt fint!<\/p>\n\n\n<div class=\"wp-block-image\">\n<figure class=\"aligncenter size-large\"><a href=\"https:\/\/www.strandvejen23.dk\/wp-content\/uploads\/2025\/06\/A27311C4-D1B8-4974-8D8B-09E67E322223-scaled.jpeg\"><img loading=\"lazy\" decoding=\"async\" width=\"768\" height=\"1024\" src=\"https:\/\/www.strandvejen23.dk\/wp-content\/uploads\/2025\/06\/A27311C4-D1B8-4974-8D8B-09E67E322223-768x1024.jpeg\" alt=\"\" class=\"wp-image-3123\" srcset=\"https:\/\/www.strandvejen23.dk\/wp-content\/uploads\/2025\/06\/A27311C4-D1B8-4974-8D8B-09E67E322223-768x1024.jpeg 768w, https:\/\/www.strandvejen23.dk\/wp-content\/uploads\/2025\/06\/A27311C4-D1B8-4974-8D8B-09E67E322223-225x300.jpeg 225w, https:\/\/www.strandvejen23.dk\/wp-content\/uploads\/2025\/06\/A27311C4-D1B8-4974-8D8B-09E67E322223-1152x1536.jpeg 1152w, https:\/\/www.strandvejen23.dk\/wp-content\/uploads\/2025\/06\/A27311C4-D1B8-4974-8D8B-09E67E322223-1536x2048.jpeg 1536w, https:\/\/www.strandvejen23.dk\/wp-content\/uploads\/2025\/06\/A27311C4-D1B8-4974-8D8B-09E67E322223-scaled.jpeg 1920w\" sizes=\"auto, (max-width: 768px) 100vw, 768px\" \/><\/a><\/figure>\n<\/div>\n\n\n<p class=\"has-text-align-center\">LCHF, Lite Champagne Hj\u00e4lper Faktiskt!<\/p>\n\n\n\n<p><strong>S\u00f6ndag 14 Uppgradering av plotter<br><\/strong>Christer och jag g\u00e5r vidare v\u00e4sterut genom Blekinge sk\u00e4rg\u00e5rd och l\u00e4gger till p\u00e5 en SXK-boj i en vik p\u00e5 <strong>T\u00e4rn\u00f6<\/strong>. Ny utsikt varje dag!<\/p>\n\n\n<div class=\"wp-block-image\">\n<figure class=\"aligncenter size-large\"><a href=\"https:\/\/www.strandvejen23.dk\/wp-content\/uploads\/2025\/06\/9FE6C7BD-9D8D-4D34-94FC-5DDA1C7D4D32-scaled.jpeg\"><img loading=\"lazy\" decoding=\"async\" width=\"768\" height=\"1024\" src=\"https:\/\/www.strandvejen23.dk\/wp-content\/uploads\/2025\/06\/9FE6C7BD-9D8D-4D34-94FC-5DDA1C7D4D32-768x1024.jpeg\" alt=\"\" class=\"wp-image-3119\" srcset=\"https:\/\/www.strandvejen23.dk\/wp-content\/uploads\/2025\/06\/9FE6C7BD-9D8D-4D34-94FC-5DDA1C7D4D32-768x1024.jpeg 768w, https:\/\/www.strandvejen23.dk\/wp-content\/uploads\/2025\/06\/9FE6C7BD-9D8D-4D34-94FC-5DDA1C7D4D32-225x300.jpeg 225w, https:\/\/www.strandvejen23.dk\/wp-content\/uploads\/2025\/06\/9FE6C7BD-9D8D-4D34-94FC-5DDA1C7D4D32-1152x1536.jpeg 1152w, https:\/\/www.strandvejen23.dk\/wp-content\/uploads\/2025\/06\/9FE6C7BD-9D8D-4D34-94FC-5DDA1C7D4D32-1536x2048.jpeg 1536w, https:\/\/www.strandvejen23.dk\/wp-content\/uploads\/2025\/06\/9FE6C7BD-9D8D-4D34-94FC-5DDA1C7D4D32-scaled.jpeg 1920w\" sizes=\"auto, (max-width: 768px) 100vw, 768px\" \/><\/a><\/figure>\n<\/div>\n\n\n<p class=\"has-text-align-center\">Christer uppgraderar plottern till Lighthouse 3.0. Gott att ha en IT-gubbe ombord.<\/p>\n\n\n\n<p><strong>M\u00e5ndag 15 juni <strong>\u00d6sterlen<\/strong><br><\/strong>Nu g\u00e5r vi mot <strong>Simrishamn<\/strong> i Sk\u00e5ne (40 Nm) med kort stopp i <strong>Kivik<\/strong> och <strong>Baskem\u00f6lla<\/strong> hos n\u00e5gra av Christers orienterings v\u00e4nner. Lite skumpigt \u00f6ver Han\u00f6bukten men b\u00e5ten tar sj\u00f6n r\u00e4tt bra och vi har det fint ombord.<\/p>\n\n\n\n<p><strong>Tisdag 16 juni En dag p\u00e5 \u00d6sterlen<br><\/strong>Christer m\u00f6nstrar av b\u00e5ten efter en trevlig vecka tillsammans och \u00e5ker hem till G\u00f6teborg.<\/p>\n\n\n\n<figure class=\"wp-block-image size-large\"><a href=\"https:\/\/www.strandvejen23.dk\/wp-content\/uploads\/2025\/06\/AFA9E164-E5A3-43C2-9E66-E6FBC7E8BFE1-scaled.jpeg\"><img loading=\"lazy\" decoding=\"async\" width=\"1024\" height=\"768\" src=\"https:\/\/www.strandvejen23.dk\/wp-content\/uploads\/2025\/06\/AFA9E164-E5A3-43C2-9E66-E6FBC7E8BFE1-1024x768.jpeg\" alt=\"\" class=\"wp-image-3129\" srcset=\"https:\/\/www.strandvejen23.dk\/wp-content\/uploads\/2025\/06\/AFA9E164-E5A3-43C2-9E66-E6FBC7E8BFE1-1024x768.jpeg 1024w, https:\/\/www.strandvejen23.dk\/wp-content\/uploads\/2025\/06\/AFA9E164-E5A3-43C2-9E66-E6FBC7E8BFE1-300x225.jpeg 300w, https:\/\/www.strandvejen23.dk\/wp-content\/uploads\/2025\/06\/AFA9E164-E5A3-43C2-9E66-E6FBC7E8BFE1-768x576.jpeg 768w, https:\/\/www.strandvejen23.dk\/wp-content\/uploads\/2025\/06\/AFA9E164-E5A3-43C2-9E66-E6FBC7E8BFE1-1536x1152.jpeg 1536w, https:\/\/www.strandvejen23.dk\/wp-content\/uploads\/2025\/06\/AFA9E164-E5A3-43C2-9E66-E6FBC7E8BFE1-2048x1536.jpeg 2048w, https:\/\/www.strandvejen23.dk\/wp-content\/uploads\/2025\/06\/AFA9E164-E5A3-43C2-9E66-E6FBC7E8BFE1-400x300.jpeg 400w\" sizes=\"auto, (max-width: 1024px) 100vw, 1024px\" \/><\/a><\/figure>\n\n\n\n<p class=\"has-text-align-center\">Jag bes\u00f6ker Roland &amp; Marianne Rydin(Coldin-broder + tandl\u00e4kare) p\u00e5 \u00d6sterlen.<\/p>\n\n\n\n<p><strong>Onsdag 18 juni Inbl\u00e5st i Simrishamn<br><\/strong>Idag och kanske imorgon, ligger jag kvar i <strong>Simrishamn<\/strong> d\u00e5 det \u00e4r fint v\u00e4der men bl\u00e5ser allt f\u00f6r mycket f\u00f6r att det skall vara ett n\u00f6je att g\u00e5 vidare just nu.<br>Simrishamn \u00e4r en fin liten sommarstad p\u00e5 \u00d6sterlen med stor fin hamn. H\u00e4r ligger jag fint!<br>Jobbar lite med Dental24 (deklarerar, betalar fakturor, bokf\u00f6ring, korrekturl\u00e4ser kommande artiklar, tar del av positiv l\u00e4sarunders\u00f6kning, etc.).<br>L\u00e4ser en insiktsfull bok skriven av v\u00e5r tidigare finansminister, Anders Borg om svensk ekonomi nu och fram\u00e5t, samt njuter av livet! Det g\u00e4ller att passa p\u00e5 att ta vara p\u00e5 den tid som \u00e4r (Carpe Diem)! Det kan snabbt f\u00f6r\u00e4ndras. \ud83d\ude03<\/p>\n\n\n\n<figure class=\"wp-block-image size-large\"><a href=\"https:\/\/www.strandvejen23.dk\/wp-content\/uploads\/2025\/06\/4540A86A-43D9-42E0-915C-03ED7CFD7035-scaled.jpeg\"><img loading=\"lazy\" decoding=\"async\" width=\"1024\" height=\"768\" src=\"https:\/\/www.strandvejen23.dk\/wp-content\/uploads\/2025\/06\/4540A86A-43D9-42E0-915C-03ED7CFD7035-1024x768.jpeg\" alt=\"\" class=\"wp-image-3148\" srcset=\"https:\/\/www.strandvejen23.dk\/wp-content\/uploads\/2025\/06\/4540A86A-43D9-42E0-915C-03ED7CFD7035-1024x768.jpeg 1024w, https:\/\/www.strandvejen23.dk\/wp-content\/uploads\/2025\/06\/4540A86A-43D9-42E0-915C-03ED7CFD7035-300x225.jpeg 300w, https:\/\/www.strandvejen23.dk\/wp-content\/uploads\/2025\/06\/4540A86A-43D9-42E0-915C-03ED7CFD7035-768x576.jpeg 768w, https:\/\/www.strandvejen23.dk\/wp-content\/uploads\/2025\/06\/4540A86A-43D9-42E0-915C-03ED7CFD7035-1536x1152.jpeg 1536w, https:\/\/www.strandvejen23.dk\/wp-content\/uploads\/2025\/06\/4540A86A-43D9-42E0-915C-03ED7CFD7035-2048x1536.jpeg 2048w, https:\/\/www.strandvejen23.dk\/wp-content\/uploads\/2025\/06\/4540A86A-43D9-42E0-915C-03ED7CFD7035-400x300.jpeg 400w\" sizes=\"auto, (max-width: 1024px) 100vw, 1024px\" \/><\/a><\/figure>\n\n\n\n<figure class=\"wp-block-image size-large\"><a href=\"https:\/\/www.strandvejen23.dk\/wp-content\/uploads\/2025\/06\/40F7FAFD-6345-4735-8276-E21AA83084C1-scaled.jpeg\"><img loading=\"lazy\" decoding=\"async\" width=\"1024\" height=\"768\" src=\"https:\/\/www.strandvejen23.dk\/wp-content\/uploads\/2025\/06\/40F7FAFD-6345-4735-8276-E21AA83084C1-1024x768.jpeg\" alt=\"\" class=\"wp-image-3150\" srcset=\"https:\/\/www.strandvejen23.dk\/wp-content\/uploads\/2025\/06\/40F7FAFD-6345-4735-8276-E21AA83084C1-1024x768.jpeg 1024w, https:\/\/www.strandvejen23.dk\/wp-content\/uploads\/2025\/06\/40F7FAFD-6345-4735-8276-E21AA83084C1-300x225.jpeg 300w, https:\/\/www.strandvejen23.dk\/wp-content\/uploads\/2025\/06\/40F7FAFD-6345-4735-8276-E21AA83084C1-768x576.jpeg 768w, https:\/\/www.strandvejen23.dk\/wp-content\/uploads\/2025\/06\/40F7FAFD-6345-4735-8276-E21AA83084C1-1536x1152.jpeg 1536w, https:\/\/www.strandvejen23.dk\/wp-content\/uploads\/2025\/06\/40F7FAFD-6345-4735-8276-E21AA83084C1-2048x1536.jpeg 2048w, https:\/\/www.strandvejen23.dk\/wp-content\/uploads\/2025\/06\/40F7FAFD-6345-4735-8276-E21AA83084C1-400x300.jpeg 400w\" sizes=\"auto, (max-width: 1024px) 100vw, 1024px\" \/><\/a><\/figure>\n\n\n\n<p><strong>Torsdag 19 juni Kvar i Simrishamn<br><\/strong>Det har varit h\u00e4rligt att f\u00f6lja v\u00e5ren och f\u00f6rsommaren s\u00e5 h\u00e4r n\u00e4ra naturen. Nu blommar det och de flesta f\u00e5glarna f\u00e5tt sina ungar. V\u00e4dret \u00e4r ocks\u00e5 OK &#8211; inte f\u00f6r varmt och n\u00e4stan inget regn!<\/p>\n\n\n\n<figure class=\"wp-block-image size-large\"><a href=\"https:\/\/www.strandvejen23.dk\/wp-content\/uploads\/2025\/06\/42786001-CBEF-422F-A543-7F97FBFAD630-scaled.jpeg\"><img loading=\"lazy\" decoding=\"async\" width=\"1024\" height=\"768\" src=\"https:\/\/www.strandvejen23.dk\/wp-content\/uploads\/2025\/06\/42786001-CBEF-422F-A543-7F97FBFAD630-1024x768.jpeg\" alt=\"\" class=\"wp-image-3152\" srcset=\"https:\/\/www.strandvejen23.dk\/wp-content\/uploads\/2025\/06\/42786001-CBEF-422F-A543-7F97FBFAD630-1024x768.jpeg 1024w, https:\/\/www.strandvejen23.dk\/wp-content\/uploads\/2025\/06\/42786001-CBEF-422F-A543-7F97FBFAD630-300x225.jpeg 300w, https:\/\/www.strandvejen23.dk\/wp-content\/uploads\/2025\/06\/42786001-CBEF-422F-A543-7F97FBFAD630-768x576.jpeg 768w, https:\/\/www.strandvejen23.dk\/wp-content\/uploads\/2025\/06\/42786001-CBEF-422F-A543-7F97FBFAD630-1536x1152.jpeg 1536w, https:\/\/www.strandvejen23.dk\/wp-content\/uploads\/2025\/06\/42786001-CBEF-422F-A543-7F97FBFAD630-2048x1536.jpeg 2048w, https:\/\/www.strandvejen23.dk\/wp-content\/uploads\/2025\/06\/42786001-CBEF-422F-A543-7F97FBFAD630-400x300.jpeg 400w\" sizes=\"auto, (max-width: 1024px) 100vw, 1024px\" \/><\/a><\/figure>\n\n\n\n<p><strong>Fredag 20 juni Midsommarafton<\/strong><\/p>\n\n\n<div class=\"wp-block-image\">\n<figure class=\"aligncenter size-large\"><a href=\"https:\/\/www.strandvejen23.dk\/wp-content\/uploads\/2025\/06\/C728FFB0-D78D-4A5B-B9CD-7641708D93D2-scaled.jpeg\"><img loading=\"lazy\" decoding=\"async\" width=\"768\" height=\"1024\" src=\"https:\/\/www.strandvejen23.dk\/wp-content\/uploads\/2025\/06\/C728FFB0-D78D-4A5B-B9CD-7641708D93D2-768x1024.jpeg\" alt=\"\" class=\"wp-image-3154\" srcset=\"https:\/\/www.strandvejen23.dk\/wp-content\/uploads\/2025\/06\/C728FFB0-D78D-4A5B-B9CD-7641708D93D2-768x1024.jpeg 768w, https:\/\/www.strandvejen23.dk\/wp-content\/uploads\/2025\/06\/C728FFB0-D78D-4A5B-B9CD-7641708D93D2-225x300.jpeg 225w, https:\/\/www.strandvejen23.dk\/wp-content\/uploads\/2025\/06\/C728FFB0-D78D-4A5B-B9CD-7641708D93D2-1152x1536.jpeg 1152w, https:\/\/www.strandvejen23.dk\/wp-content\/uploads\/2025\/06\/C728FFB0-D78D-4A5B-B9CD-7641708D93D2-1536x2048.jpeg 1536w, https:\/\/www.strandvejen23.dk\/wp-content\/uploads\/2025\/06\/C728FFB0-D78D-4A5B-B9CD-7641708D93D2-scaled.jpeg 1920w\" sizes=\"auto, (max-width: 768px) 100vw, 768px\" \/><\/a><\/figure>\n<\/div>\n\n\n<p>\u00c5rets midsommarafton firades med fint v\u00e4der i <strong>Sk\u00e4llinge<\/strong> p\u00e5 \u00d6sterlen med dans och musik av Nisse Landgren (som bor h\u00e4r p\u00e5 sommaren) p\u00e5 trumbon.<\/p>\n\n\n\n<figure class=\"wp-block-image size-full\"><a href=\"https:\/\/www.strandvejen23.dk\/wp-content\/uploads\/2025\/06\/B711DC0C-83D2-4126-B8F5-4A867D4A2E6F_1_105_c.jpeg\"><img loading=\"lazy\" decoding=\"async\" width=\"1024\" height=\"768\" src=\"https:\/\/www.strandvejen23.dk\/wp-content\/uploads\/2025\/06\/B711DC0C-83D2-4126-B8F5-4A867D4A2E6F_1_105_c.jpeg\" alt=\"\" class=\"wp-image-3162\" srcset=\"https:\/\/www.strandvejen23.dk\/wp-content\/uploads\/2025\/06\/B711DC0C-83D2-4126-B8F5-4A867D4A2E6F_1_105_c.jpeg 1024w, https:\/\/www.strandvejen23.dk\/wp-content\/uploads\/2025\/06\/B711DC0C-83D2-4126-B8F5-4A867D4A2E6F_1_105_c-300x225.jpeg 300w, https:\/\/www.strandvejen23.dk\/wp-content\/uploads\/2025\/06\/B711DC0C-83D2-4126-B8F5-4A867D4A2E6F_1_105_c-768x576.jpeg 768w, https:\/\/www.strandvejen23.dk\/wp-content\/uploads\/2025\/06\/B711DC0C-83D2-4126-B8F5-4A867D4A2E6F_1_105_c-400x300.jpeg 400w\" sizes=\"auto, (max-width: 1024px) 100vw, 1024px\" \/><\/a><\/figure>\n\n\n\n<p>Fiskeb\u00e5tar, eller snarare kustfisket kanske har sett sin b\u00e4sta tid? Kustn\u00e4ra fisket \u00e4r i princip \u00f6ver i \u00d6stersj\u00f6n, i alla fall p\u00e5 den svenska sidan. N\u00e5gra skyller p\u00e5 stora tr\u00e5lfiskare, andra skyller p\u00e5 s\u00e4lar och skarven. Konsekvenserna \u00e4r det samma.<\/p>\n\n\n\n<p><strong>L\u00f6rdag 21 juni<\/strong> <strong>Bornholm<\/strong>, <strong>Danmark<\/strong><br>Framme i <strong>Hasle<\/strong> p\u00e5 Bornholm (c:a 20 Nm\/3 timmar i 7 knop) fr\u00e5n Sk\u00e4llinge. <br>\u00d6verfart i relativt l\u00e4tt vind (5-7 m\/sek) och m\u00e5ttliga v\u00e5gor (max. 1 meter).<\/p>\n\n\n\n<figure class=\"wp-block-image size-large\"><a href=\"https:\/\/www.strandvejen23.dk\/wp-content\/uploads\/2025\/06\/18BE9FE4-918A-4E09-9262-18528B457884_1_201_a-scaled.jpeg\"><img loading=\"lazy\" decoding=\"async\" width=\"768\" height=\"1024\" src=\"https:\/\/www.strandvejen23.dk\/wp-content\/uploads\/2025\/06\/18BE9FE4-918A-4E09-9262-18528B457884_1_201_a-768x1024.jpeg\" alt=\"\" class=\"wp-image-3160\" srcset=\"https:\/\/www.strandvejen23.dk\/wp-content\/uploads\/2025\/06\/18BE9FE4-918A-4E09-9262-18528B457884_1_201_a-768x1024.jpeg 768w, https:\/\/www.strandvejen23.dk\/wp-content\/uploads\/2025\/06\/18BE9FE4-918A-4E09-9262-18528B457884_1_201_a-225x300.jpeg 225w, https:\/\/www.strandvejen23.dk\/wp-content\/uploads\/2025\/06\/18BE9FE4-918A-4E09-9262-18528B457884_1_201_a-1152x1536.jpeg 1152w, https:\/\/www.strandvejen23.dk\/wp-content\/uploads\/2025\/06\/18BE9FE4-918A-4E09-9262-18528B457884_1_201_a-1536x2048.jpeg 1536w, https:\/\/www.strandvejen23.dk\/wp-content\/uploads\/2025\/06\/18BE9FE4-918A-4E09-9262-18528B457884_1_201_a-scaled.jpeg 1920w\" sizes=\"auto, (max-width: 768px) 100vw, 768px\" \/><\/a><\/figure>\n\n\n\n<p class=\"has-text-align-center\">L\u00e4gger till p\u00e5 gr\u00f6n skylt! Dejligt v\u00e4lkomnande!<\/p>\n\n\n\n<p>H\u00e4r tr\u00e4ffar jag Helle och Bendt som bor inte s\u00e5 l\u00e5ng ifr\u00e5n h\u00e4r. <\/p>\n\n\n\n<figure class=\"wp-block-image size-large\"><a href=\"https:\/\/www.strandvejen23.dk\/wp-content\/uploads\/2025\/06\/CAA7DDFB-388A-42CD-BF16-AFFD4F87F210-scaled.jpeg\"><img loading=\"lazy\" decoding=\"async\" width=\"1024\" height=\"768\" src=\"https:\/\/www.strandvejen23.dk\/wp-content\/uploads\/2025\/06\/CAA7DDFB-388A-42CD-BF16-AFFD4F87F210-1024x768.jpeg\" alt=\"\" class=\"wp-image-3166\" srcset=\"https:\/\/www.strandvejen23.dk\/wp-content\/uploads\/2025\/06\/CAA7DDFB-388A-42CD-BF16-AFFD4F87F210-1024x768.jpeg 1024w, https:\/\/www.strandvejen23.dk\/wp-content\/uploads\/2025\/06\/CAA7DDFB-388A-42CD-BF16-AFFD4F87F210-300x225.jpeg 300w, https:\/\/www.strandvejen23.dk\/wp-content\/uploads\/2025\/06\/CAA7DDFB-388A-42CD-BF16-AFFD4F87F210-768x576.jpeg 768w, https:\/\/www.strandvejen23.dk\/wp-content\/uploads\/2025\/06\/CAA7DDFB-388A-42CD-BF16-AFFD4F87F210-1536x1152.jpeg 1536w, https:\/\/www.strandvejen23.dk\/wp-content\/uploads\/2025\/06\/CAA7DDFB-388A-42CD-BF16-AFFD4F87F210-2048x1536.jpeg 2048w, https:\/\/www.strandvejen23.dk\/wp-content\/uploads\/2025\/06\/CAA7DDFB-388A-42CD-BF16-AFFD4F87F210-400x300.jpeg 400w\" sizes=\"auto, (max-width: 1024px) 100vw, 1024px\" \/><\/a><\/figure>\n\n\n\n<p class=\"has-text-align-center\">K\u00e4nner mig som hemma h\u00e4r i Danmark. \ud83c\udde9\ud83c\uddf0<\/p>\n\n\n\n<p><strong>S\u00f6ndag 22 juni Mot Ystad<br><\/strong>Nu v\u00e4nder jag norr ut. <strong>Ystad<\/strong> n\u00e4sta (30 Nm\/4 tim) i n\u00e4stan vindstilla p\u00e5 fm. Lite v\u00e4deromslag med lite l\u00e4tt regn som drar f\u00f6rbi. Prognos de n\u00e4rmsta dagarna: Temperatur runt 20 grader, inget att klaga p\u00e5!<br>M\u00e5nga tyskar (var och varannan segelb\u00e5t) utmed ostkusten men \u00e4ven en och annan dansk, n\u00e5gra finnar, ett par fransm\u00e4n samt tv\u00e5 olika schweizare fr\u00e5n Basel. Fin st\u00e4mning i hamnen.<\/p>\n\n\n\n<figure class=\"wp-block-image size-large\"><a href=\"https:\/\/www.strandvejen23.dk\/wp-content\/uploads\/2025\/06\/D731AB8C-1794-4B1A-A048-0D7CDC12B5BE-scaled.jpeg\"><img loading=\"lazy\" decoding=\"async\" width=\"768\" height=\"1024\" src=\"https:\/\/www.strandvejen23.dk\/wp-content\/uploads\/2025\/06\/D731AB8C-1794-4B1A-A048-0D7CDC12B5BE-768x1024.jpeg\" alt=\"\" class=\"wp-image-3175\" srcset=\"https:\/\/www.strandvejen23.dk\/wp-content\/uploads\/2025\/06\/D731AB8C-1794-4B1A-A048-0D7CDC12B5BE-768x1024.jpeg 768w, https:\/\/www.strandvejen23.dk\/wp-content\/uploads\/2025\/06\/D731AB8C-1794-4B1A-A048-0D7CDC12B5BE-225x300.jpeg 225w, https:\/\/www.strandvejen23.dk\/wp-content\/uploads\/2025\/06\/D731AB8C-1794-4B1A-A048-0D7CDC12B5BE-1152x1536.jpeg 1152w, https:\/\/www.strandvejen23.dk\/wp-content\/uploads\/2025\/06\/D731AB8C-1794-4B1A-A048-0D7CDC12B5BE-1536x2048.jpeg 1536w, https:\/\/www.strandvejen23.dk\/wp-content\/uploads\/2025\/06\/D731AB8C-1794-4B1A-A048-0D7CDC12B5BE-scaled.jpeg 1920w\" sizes=\"auto, (max-width: 768px) 100vw, 768px\" \/><\/a><\/figure>\n\n\n\n<p class=\"has-text-align-center\">Nu \u00e4r det lite fler framf\u00f6rallt tyska (segel)b\u00e5tar i Ystads g\u00e4sthamn<\/p>\n\n\n\n<figure class=\"wp-block-image size-large\"><a href=\"https:\/\/www.strandvejen23.dk\/wp-content\/uploads\/2025\/06\/ED4E01B7-CA42-4099-9313-B8403DF0EBBB-scaled.jpeg\"><img loading=\"lazy\" decoding=\"async\" width=\"768\" height=\"1024\" src=\"https:\/\/www.strandvejen23.dk\/wp-content\/uploads\/2025\/06\/ED4E01B7-CA42-4099-9313-B8403DF0EBBB-768x1024.jpeg\" alt=\"\" class=\"wp-image-3176\" srcset=\"https:\/\/www.strandvejen23.dk\/wp-content\/uploads\/2025\/06\/ED4E01B7-CA42-4099-9313-B8403DF0EBBB-768x1024.jpeg 768w, https:\/\/www.strandvejen23.dk\/wp-content\/uploads\/2025\/06\/ED4E01B7-CA42-4099-9313-B8403DF0EBBB-225x300.jpeg 225w, https:\/\/www.strandvejen23.dk\/wp-content\/uploads\/2025\/06\/ED4E01B7-CA42-4099-9313-B8403DF0EBBB-1152x1536.jpeg 1152w, https:\/\/www.strandvejen23.dk\/wp-content\/uploads\/2025\/06\/ED4E01B7-CA42-4099-9313-B8403DF0EBBB-1536x2048.jpeg 1536w, https:\/\/www.strandvejen23.dk\/wp-content\/uploads\/2025\/06\/ED4E01B7-CA42-4099-9313-B8403DF0EBBB-scaled.jpeg 1920w\" sizes=\"auto, (max-width: 768px) 100vw, 768px\" \/><\/a><\/figure>\n\n\n\n<p class=\"has-text-align-center\">Gick en sv\u00e4ng i det vackra Ystad.<\/p>\n\n\n\n<p><strong>M\u00e5ndag 23 och Tisdag 24 juni i Abbek\u00e5s<\/strong><\/p>\n\n\n\n<p>Kort tur fr\u00e5n Ystad v\u00e4ster ut mot Trelleborg till <strong>Abbek\u00e5s<\/strong> (1 tim), ett tyst litet fiskesamh\u00e4lle p\u00e5 Sveriges sydkust. En liten sommaridyll med en del sommarg\u00e4ster och t.ex. en seglarskola. Lite som Bohusl\u00e4n, faktiskt! \u00c4ven om det inte finns n\u00e5gon sk\u00e4rg\u00e5rd eller klippor, d\u00e4remot sandstr\u00e4nder.<br>Just nu drar en v\u00e4derfront f\u00f6rbi. Fint v\u00e4der men det bl\u00e5ser en del i byarna. 1-2 meter h\u00f6ga v\u00e5gor.<br>Ligger i nu inbl\u00e5st i skyddad hamn och passar p\u00e5 att g\u00f6ra lite jobb p\u00e5 datorn, lyssna p\u00e5 musik och l\u00e4sa en bok, eller tv\u00e5. Det \u00e4r h\u00e4rligt det med! Semester-tider, helt enkelt!<\/p>\n\n\n\n<figure class=\"wp-block-image size-large\"><a href=\"https:\/\/www.strandvejen23.dk\/wp-content\/uploads\/2025\/06\/A40A33DD-CAE5-4E67-A64E-1FDA89540805_1_201_a-scaled.jpeg\"><img loading=\"lazy\" decoding=\"async\" width=\"1024\" height=\"768\" src=\"https:\/\/www.strandvejen23.dk\/wp-content\/uploads\/2025\/06\/A40A33DD-CAE5-4E67-A64E-1FDA89540805_1_201_a-1024x768.jpeg\" alt=\"\" class=\"wp-image-3184\" srcset=\"https:\/\/www.strandvejen23.dk\/wp-content\/uploads\/2025\/06\/A40A33DD-CAE5-4E67-A64E-1FDA89540805_1_201_a-1024x768.jpeg 1024w, https:\/\/www.strandvejen23.dk\/wp-content\/uploads\/2025\/06\/A40A33DD-CAE5-4E67-A64E-1FDA89540805_1_201_a-300x225.jpeg 300w, https:\/\/www.strandvejen23.dk\/wp-content\/uploads\/2025\/06\/A40A33DD-CAE5-4E67-A64E-1FDA89540805_1_201_a-768x576.jpeg 768w, https:\/\/www.strandvejen23.dk\/wp-content\/uploads\/2025\/06\/A40A33DD-CAE5-4E67-A64E-1FDA89540805_1_201_a-1536x1152.jpeg 1536w, https:\/\/www.strandvejen23.dk\/wp-content\/uploads\/2025\/06\/A40A33DD-CAE5-4E67-A64E-1FDA89540805_1_201_a-2048x1536.jpeg 2048w, https:\/\/www.strandvejen23.dk\/wp-content\/uploads\/2025\/06\/A40A33DD-CAE5-4E67-A64E-1FDA89540805_1_201_a-400x300.jpeg 400w\" sizes=\"auto, (max-width: 1024px) 100vw, 1024px\" \/><\/a><\/figure>\n\n\n\n<p class=\"has-text-align-center\">G\u00e5sen Joakim (fr\u00e5n Edward Perssons s\u00e5ng, en g\u00e5s som inte \u00e4r som de andra) i Abbek\u00e5s<\/p>\n\n\n\n<p>F\u00f6rs\u00f6ker lista ut varf\u00f6r dieselpriset varierar s\u00e5 mycket (16:- till 24:-\/liter) l\u00e4ngs kusten. En del av f\u00f6rklaringen kan vara huruvida sj\u00f6mackarna erbjuder fossil diesel (vit\/of\u00e4rgad), HVO100 (dyrare vegetarisk milj\u00f6diesel) eller f\u00e4rgad yrkesdiesel (fossil diesel men med betydligt l\u00e4gre skatt). Det f\u00f6rstn\u00e4mnda \u00e4r fortfarande visar sig vara mest vanliga. \ud83e\udd14 Har allts\u00e5 inte s\u00e5 mycket med br\u00e4nsledebatten i \u00f6vrigt att g\u00f6ra d\u00e4r man inte snackar s\u00e5 mycket om &#8221;vit&#8221; fossil diesel som yrkesfiskare, b\u00f6nder och entreprenadmaskiner fortfarande anv\u00e4nder till relativt &#8221;l\u00e5gt&#8221; pris (olagligt f\u00f6r fritidsbruk).<\/p>\n\n\n\n<p><strong>Onsdag 25 juni i Smygehuk &#8211; Sveriges sydligaste ort<\/strong><\/p>\n\n\n<div class=\"wp-block-image\">\n<figure class=\"aligncenter size-full is-resized\"><a href=\"https:\/\/www.strandvejen23.dk\/wp-content\/uploads\/2025\/06\/15C9FBF3-619C-44FB-B5EC-A1428399573A_1_105_c.jpeg\"><img loading=\"lazy\" decoding=\"async\" width=\"768\" height=\"1024\" src=\"https:\/\/www.strandvejen23.dk\/wp-content\/uploads\/2025\/06\/15C9FBF3-619C-44FB-B5EC-A1428399573A_1_105_c.jpeg\" alt=\"\" class=\"wp-image-3202\" style=\"width:304px;height:auto\" srcset=\"https:\/\/www.strandvejen23.dk\/wp-content\/uploads\/2025\/06\/15C9FBF3-619C-44FB-B5EC-A1428399573A_1_105_c.jpeg 768w, https:\/\/www.strandvejen23.dk\/wp-content\/uploads\/2025\/06\/15C9FBF3-619C-44FB-B5EC-A1428399573A_1_105_c-225x300.jpeg 225w\" sizes=\"auto, (max-width: 768px) 100vw, 768px\" \/><\/a><\/figure>\n<\/div>\n\n\n<p><strong><br><\/strong>L\u00e4gger till i Smygehuks g\u00e4sthamn, inte s\u00e5 stor men <strong>Smygehuk<\/strong> \u00e4r en r\u00e4tt popul\u00e4r sommarort med restauranger, fiskr\u00f6keri, konst, butiker, etc.<br><br>Ikv\u00e4ll blir det musik med <strong>Electric Banana Band <\/strong>(Lasse \u00c5berg, Janne Schaffer, m.fl), <strong>Rongedals<\/strong> och <strong>Clara Klingenstr\u00f6m<\/strong>. \ud83c\udfb6 Det gillar jag! \ud83d\ude03 Kan det bli mer svensk sommar? <br>Fint v\u00e4der \u00e4r det &#8221;oss\u00e5&#8221; (sk\u00e5nska).<\/p>\n\n\n\n<figure class=\"wp-block-image size-large\"><a href=\"https:\/\/www.strandvejen23.dk\/wp-content\/uploads\/2025\/06\/9AE1FE12-B4C2-4344-A54A-9A985FC86482_1_105_c.jpeg\"><img loading=\"lazy\" decoding=\"async\" width=\"1024\" height=\"576\" src=\"https:\/\/www.strandvejen23.dk\/wp-content\/uploads\/2025\/06\/9AE1FE12-B4C2-4344-A54A-9A985FC86482_1_105_c-1024x576.jpeg\" alt=\"\" class=\"wp-image-3189\" srcset=\"https:\/\/www.strandvejen23.dk\/wp-content\/uploads\/2025\/06\/9AE1FE12-B4C2-4344-A54A-9A985FC86482_1_105_c-1024x576.jpeg 1024w, https:\/\/www.strandvejen23.dk\/wp-content\/uploads\/2025\/06\/9AE1FE12-B4C2-4344-A54A-9A985FC86482_1_105_c-300x169.jpeg 300w, https:\/\/www.strandvejen23.dk\/wp-content\/uploads\/2025\/06\/9AE1FE12-B4C2-4344-A54A-9A985FC86482_1_105_c-768x432.jpeg 768w, https:\/\/www.strandvejen23.dk\/wp-content\/uploads\/2025\/06\/9AE1FE12-B4C2-4344-A54A-9A985FC86482_1_105_c-500x281.jpeg 500w, https:\/\/www.strandvejen23.dk\/wp-content\/uploads\/2025\/06\/9AE1FE12-B4C2-4344-A54A-9A985FC86482_1_105_c.jpeg 1182w\" sizes=\"auto, (max-width: 1024px) 100vw, 1024px\" \/><\/a><\/figure>\n\n\n\n<p class=\"has-text-align-center\">Janne Schaffer spelar &#8221;Brusa h\u00f6gre lilla \u00e5&#8221; Jag f\u00e5r n\u00e4stan g\u00e5shud! \ud83d\ude03<\/p>\n\n\n\n<p><strong>Torsdag 26 juni Gisl\u00f6vs l\u00e4ge<br><\/strong>L\u00e4gger till efter en lugn resa (1 timma) i <strong>Gisl\u00f6vs l\u00e4ge<\/strong>\/Trelleborgs sm\u00e5b\u00e5tshamn.<br>Passerat en sydkust med flera fina sandstr\u00e4nder. Sverige \u00e4r vackert p\u00e5 m\u00e5nga olika s\u00e4tt.<br>Denna hamn var ingen h\u00f6jdare. Inte mycket i hamnen som fungerade. Inget vatten, ingen dusch, fulla tunnor, diesel ur funktion&#8230;<br>De flesta centrala g\u00e4sthamnar drivs av den loka kommunen. Alla verkar inte f\u00f6rst\u00e5 vad som beh\u00f6ver fungera i en hamn. Trelleborg kommun har en del f\u00f6rb\u00e4ttringar att g\u00f6ra.<\/p>\n\n\n\n<figure class=\"wp-block-image size-large\"><a href=\"https:\/\/www.strandvejen23.dk\/wp-content\/uploads\/2025\/06\/7EF5C306-5C7D-475C-857A-DE3E253FFCDA-scaled.jpeg\"><img loading=\"lazy\" decoding=\"async\" width=\"1024\" height=\"768\" src=\"https:\/\/www.strandvejen23.dk\/wp-content\/uploads\/2025\/06\/7EF5C306-5C7D-475C-857A-DE3E253FFCDA-1024x768.jpeg\" alt=\"\" class=\"wp-image-3206\" srcset=\"https:\/\/www.strandvejen23.dk\/wp-content\/uploads\/2025\/06\/7EF5C306-5C7D-475C-857A-DE3E253FFCDA-1024x768.jpeg 1024w, https:\/\/www.strandvejen23.dk\/wp-content\/uploads\/2025\/06\/7EF5C306-5C7D-475C-857A-DE3E253FFCDA-300x225.jpeg 300w, https:\/\/www.strandvejen23.dk\/wp-content\/uploads\/2025\/06\/7EF5C306-5C7D-475C-857A-DE3E253FFCDA-768x576.jpeg 768w, https:\/\/www.strandvejen23.dk\/wp-content\/uploads\/2025\/06\/7EF5C306-5C7D-475C-857A-DE3E253FFCDA-1536x1152.jpeg 1536w, https:\/\/www.strandvejen23.dk\/wp-content\/uploads\/2025\/06\/7EF5C306-5C7D-475C-857A-DE3E253FFCDA-2048x1536.jpeg 2048w, https:\/\/www.strandvejen23.dk\/wp-content\/uploads\/2025\/06\/7EF5C306-5C7D-475C-857A-DE3E253FFCDA-400x300.jpeg 400w\" sizes=\"auto, (max-width: 1024px) 100vw, 1024px\" \/><\/a><\/figure>\n\n\n\n<p class=\"has-text-align-center\">Seglarskola i Gisl\u00f6vs l\u00e4ge &#8211; Det finns hopp!<\/p>\n\n\n\n<p><strong>Fredag 27 juni Falstebokanalen &#8211; \u00d6resundsbron och Turrning Torso i sikte<br><\/strong>Kort tur till <strong>H\u00f6llviken<\/strong>. Passerade en \u00f6ppningsbar bro p\u00e5 utsatt tid kl. 14:00 men Trafikverkets operat\u00f6r hade nog siesta f\u00f6r han \u00f6ppnade inte bron som har fri h\u00f6jd p\u00e5 3,9 meter. Som tur \u00e4r vet jag fr\u00e5n bl.a. broar i Stockholm att jag klarar det (utan att f\u00e4lla mastspr\u00f6t) \u00e4ven om antennerna tar i bron.<\/p>\n\n\n\n<p>Det \u00e4r fint v\u00e4der men bl\u00e5ser (kulingvarning) eller en pelikan, som Denise s\u00e4ger. \ud83d\ude03<\/p>\n\n\n\n<p>Gick en l\u00e5ng promenad till H\u00f6llviken (14 125 steg, beh\u00f6ver r\u00f6ra p\u00e5 mig), en f\u00f6rort till Malm\u00f6 f\u00f6r att proviantera. H\u00f6llviken \u00e4r verkligen fint (liknar Strandvejen norr om K\u00f6penhamn och Saltholmen\/L\u00e5ngedrag i G\u00f6teborg) med m\u00e5nga fina villor utmed havet. Flera mysiga butiker (blommor, konst\/hantverk etc.). H\u00e4r ser det inte ut som det man h\u00f6r och ser i media utan en del ser ut att ha det bra ekonomiskt och materialistiskt, iallafall!<\/p>\n\n\n\n<figure class=\"wp-block-image size-large\"><a href=\"https:\/\/www.strandvejen23.dk\/wp-content\/uploads\/2025\/06\/F6A7C318-5E61-49D7-9171-14270C799125_1_201_a-scaled.jpeg\"><img loading=\"lazy\" decoding=\"async\" width=\"1024\" height=\"651\" src=\"https:\/\/www.strandvejen23.dk\/wp-content\/uploads\/2025\/06\/F6A7C318-5E61-49D7-9171-14270C799125_1_201_a-1024x651.jpeg\" alt=\"\" class=\"wp-image-3207\" srcset=\"https:\/\/www.strandvejen23.dk\/wp-content\/uploads\/2025\/06\/F6A7C318-5E61-49D7-9171-14270C799125_1_201_a-1024x651.jpeg 1024w, https:\/\/www.strandvejen23.dk\/wp-content\/uploads\/2025\/06\/F6A7C318-5E61-49D7-9171-14270C799125_1_201_a-300x191.jpeg 300w, https:\/\/www.strandvejen23.dk\/wp-content\/uploads\/2025\/06\/F6A7C318-5E61-49D7-9171-14270C799125_1_201_a-768x488.jpeg 768w, https:\/\/www.strandvejen23.dk\/wp-content\/uploads\/2025\/06\/F6A7C318-5E61-49D7-9171-14270C799125_1_201_a-1536x977.jpeg 1536w, https:\/\/www.strandvejen23.dk\/wp-content\/uploads\/2025\/06\/F6A7C318-5E61-49D7-9171-14270C799125_1_201_a-2048x1303.jpeg 2048w, https:\/\/www.strandvejen23.dk\/wp-content\/uploads\/2025\/06\/F6A7C318-5E61-49D7-9171-14270C799125_1_201_a-472x300.jpeg 472w\" sizes=\"auto, (max-width: 1024px) 100vw, 1024px\" \/><\/a><\/figure>\n\n\n\n<p class=\"has-text-align-center\">H\u00f6llviken &#8211; Perfekt st\u00e4lle f\u00f6r kitesurfing! Vindpark i bakgrunden s\u00f6der om \u00d6landsbron t.h. i bild.<\/p>\n\n\n\n<p><strong>L\u00f6rdag 28-29 juni Skann\u00f6r, Falstebo och \u00d6regrund &#8211; Ett riktigt sommar paradis<\/strong><br>Hit samlas seglare, motorb\u00e5ts-, kanotister, semesterfolk, flan\u00f6rer, gourmeter, glass\u00e4lskare, krabbfiskare, strandj\u00e4gare (fina sandstr\u00e4nder runtomkring), m.m. p\u00e5 ett och samma st\u00e4lle. N\u00e4stan som p\u00e5 Skagen eller L\u00e6s\u00f8.<br>Fin hamn med bra service och restauranger, dock lite dyrare \u00e4n vanligt. Jag blev av en trevlig hamnkapten anvisad en g\u00e4stplats l\u00e4ngt in i hamnen. H\u00e4r ligger man tryggt och s\u00e4kert innanf\u00f6r en pir gjord av (Bousl\u00e4nsk?) kullersten.<\/p>\n\n\n\n<figure class=\"wp-block-image size-large\"><a href=\"http:\/\/www.strandvejen23.dk\/wp-content\/uploads\/2025\/06\/7AB1475F-4EA4-47B9-A119-3E1CFFDE56A9-scaled.jpeg\"><img loading=\"lazy\" decoding=\"async\" width=\"1024\" height=\"768\" src=\"http:\/\/www.strandvejen23.dk\/wp-content\/uploads\/2025\/06\/7AB1475F-4EA4-47B9-A119-3E1CFFDE56A9-1024x768.jpeg\" alt=\"\" class=\"wp-image-3221\" srcset=\"https:\/\/www.strandvejen23.dk\/wp-content\/uploads\/2025\/06\/7AB1475F-4EA4-47B9-A119-3E1CFFDE56A9-1024x768.jpeg 1024w, https:\/\/www.strandvejen23.dk\/wp-content\/uploads\/2025\/06\/7AB1475F-4EA4-47B9-A119-3E1CFFDE56A9-300x225.jpeg 300w, https:\/\/www.strandvejen23.dk\/wp-content\/uploads\/2025\/06\/7AB1475F-4EA4-47B9-A119-3E1CFFDE56A9-768x576.jpeg 768w, https:\/\/www.strandvejen23.dk\/wp-content\/uploads\/2025\/06\/7AB1475F-4EA4-47B9-A119-3E1CFFDE56A9-1536x1152.jpeg 1536w, https:\/\/www.strandvejen23.dk\/wp-content\/uploads\/2025\/06\/7AB1475F-4EA4-47B9-A119-3E1CFFDE56A9-2048x1536.jpeg 2048w, https:\/\/www.strandvejen23.dk\/wp-content\/uploads\/2025\/06\/7AB1475F-4EA4-47B9-A119-3E1CFFDE56A9-400x300.jpeg 400w\" sizes=\"auto, (max-width: 1024px) 100vw, 1024px\" \/><\/a><\/figure>\n\n\n\n<p class=\"has-text-align-center\">OBS! Ej AI-manupulerad bild<\/p>\n\n\n\n<div class=\"wp-block-group\"><div class=\"wp-block-group__inner-container is-layout-constrained wp-block-group-is-layout-constrained\">\n<figure class=\"wp-block-image size-large\"><a href=\"https:\/\/www.strandvejen23.dk\/wp-content\/uploads\/2025\/06\/9182184D-C7F0-4B83-8147-3CAC1834F106-scaled.jpeg\"><img loading=\"lazy\" decoding=\"async\" width=\"1024\" height=\"768\" src=\"https:\/\/www.strandvejen23.dk\/wp-content\/uploads\/2025\/06\/9182184D-C7F0-4B83-8147-3CAC1834F106-1024x768.jpeg\" alt=\"\" class=\"wp-image-3228\" srcset=\"https:\/\/www.strandvejen23.dk\/wp-content\/uploads\/2025\/06\/9182184D-C7F0-4B83-8147-3CAC1834F106-1024x768.jpeg 1024w, https:\/\/www.strandvejen23.dk\/wp-content\/uploads\/2025\/06\/9182184D-C7F0-4B83-8147-3CAC1834F106-300x225.jpeg 300w, https:\/\/www.strandvejen23.dk\/wp-content\/uploads\/2025\/06\/9182184D-C7F0-4B83-8147-3CAC1834F106-768x576.jpeg 768w, https:\/\/www.strandvejen23.dk\/wp-content\/uploads\/2025\/06\/9182184D-C7F0-4B83-8147-3CAC1834F106-1536x1152.jpeg 1536w, https:\/\/www.strandvejen23.dk\/wp-content\/uploads\/2025\/06\/9182184D-C7F0-4B83-8147-3CAC1834F106-2048x1536.jpeg 2048w, https:\/\/www.strandvejen23.dk\/wp-content\/uploads\/2025\/06\/9182184D-C7F0-4B83-8147-3CAC1834F106-400x300.jpeg 400w\" sizes=\"auto, (max-width: 1024px) 100vw, 1024px\" \/><\/a><\/figure>\n\n\n\n<figure class=\"wp-block-image size-large\"><a href=\"https:\/\/www.strandvejen23.dk\/wp-content\/uploads\/2025\/06\/DACDB1DF-108A-40E0-BCF2-ADD61C64B814-scaled.jpeg\"><img loading=\"lazy\" decoding=\"async\" width=\"1024\" height=\"768\" src=\"https:\/\/www.strandvejen23.dk\/wp-content\/uploads\/2025\/06\/DACDB1DF-108A-40E0-BCF2-ADD61C64B814-1024x768.jpeg\" alt=\"\" class=\"wp-image-3226\" srcset=\"https:\/\/www.strandvejen23.dk\/wp-content\/uploads\/2025\/06\/DACDB1DF-108A-40E0-BCF2-ADD61C64B814-1024x768.jpeg 1024w, https:\/\/www.strandvejen23.dk\/wp-content\/uploads\/2025\/06\/DACDB1DF-108A-40E0-BCF2-ADD61C64B814-300x225.jpeg 300w, https:\/\/www.strandvejen23.dk\/wp-content\/uploads\/2025\/06\/DACDB1DF-108A-40E0-BCF2-ADD61C64B814-768x576.jpeg 768w, https:\/\/www.strandvejen23.dk\/wp-content\/uploads\/2025\/06\/DACDB1DF-108A-40E0-BCF2-ADD61C64B814-1536x1152.jpeg 1536w, https:\/\/www.strandvejen23.dk\/wp-content\/uploads\/2025\/06\/DACDB1DF-108A-40E0-BCF2-ADD61C64B814-2048x1536.jpeg 2048w, https:\/\/www.strandvejen23.dk\/wp-content\/uploads\/2025\/06\/DACDB1DF-108A-40E0-BCF2-ADD61C64B814-400x300.jpeg 400w\" sizes=\"auto, (max-width: 1024px) 100vw, 1024px\" \/><\/a><\/figure>\n\n\n\n<figure class=\"wp-block-image size-large\"><a href=\"https:\/\/www.strandvejen23.dk\/wp-content\/uploads\/2025\/06\/0BABB266-854E-4377-A77A-B73E9E6C3C01-scaled.jpeg\"><img loading=\"lazy\" decoding=\"async\" width=\"1024\" height=\"768\" src=\"https:\/\/www.strandvejen23.dk\/wp-content\/uploads\/2025\/06\/0BABB266-854E-4377-A77A-B73E9E6C3C01-1024x768.jpeg\" alt=\"\" class=\"wp-image-3227\" srcset=\"https:\/\/www.strandvejen23.dk\/wp-content\/uploads\/2025\/06\/0BABB266-854E-4377-A77A-B73E9E6C3C01-1024x768.jpeg 1024w, https:\/\/www.strandvejen23.dk\/wp-content\/uploads\/2025\/06\/0BABB266-854E-4377-A77A-B73E9E6C3C01-300x225.jpeg 300w, https:\/\/www.strandvejen23.dk\/wp-content\/uploads\/2025\/06\/0BABB266-854E-4377-A77A-B73E9E6C3C01-768x576.jpeg 768w, https:\/\/www.strandvejen23.dk\/wp-content\/uploads\/2025\/06\/0BABB266-854E-4377-A77A-B73E9E6C3C01-1536x1152.jpeg 1536w, https:\/\/www.strandvejen23.dk\/wp-content\/uploads\/2025\/06\/0BABB266-854E-4377-A77A-B73E9E6C3C01-2048x1536.jpeg 2048w, https:\/\/www.strandvejen23.dk\/wp-content\/uploads\/2025\/06\/0BABB266-854E-4377-A77A-B73E9E6C3C01-400x300.jpeg 400w\" sizes=\"auto, (max-width: 1024px) 100vw, 1024px\" \/><\/a><\/figure>\n\n\n\n<figure class=\"wp-block-image size-large\"><a href=\"https:\/\/www.strandvejen23.dk\/wp-content\/uploads\/2025\/06\/CAAC62A3-0D62-4D3F-BAA1-398649187435-scaled.jpeg\"><img loading=\"lazy\" decoding=\"async\" width=\"1024\" height=\"768\" src=\"https:\/\/www.strandvejen23.dk\/wp-content\/uploads\/2025\/06\/CAAC62A3-0D62-4D3F-BAA1-398649187435-1024x768.jpeg\" alt=\"\" class=\"wp-image-3222\" srcset=\"https:\/\/www.strandvejen23.dk\/wp-content\/uploads\/2025\/06\/CAAC62A3-0D62-4D3F-BAA1-398649187435-1024x768.jpeg 1024w, https:\/\/www.strandvejen23.dk\/wp-content\/uploads\/2025\/06\/CAAC62A3-0D62-4D3F-BAA1-398649187435-300x225.jpeg 300w, https:\/\/www.strandvejen23.dk\/wp-content\/uploads\/2025\/06\/CAAC62A3-0D62-4D3F-BAA1-398649187435-768x576.jpeg 768w, https:\/\/www.strandvejen23.dk\/wp-content\/uploads\/2025\/06\/CAAC62A3-0D62-4D3F-BAA1-398649187435-1536x1152.jpeg 1536w, https:\/\/www.strandvejen23.dk\/wp-content\/uploads\/2025\/06\/CAAC62A3-0D62-4D3F-BAA1-398649187435-2048x1536.jpeg 2048w, https:\/\/www.strandvejen23.dk\/wp-content\/uploads\/2025\/06\/CAAC62A3-0D62-4D3F-BAA1-398649187435-400x300.jpeg 400w\" sizes=\"auto, (max-width: 1024px) 100vw, 1024px\" \/><\/a><\/figure>\n\n\n\n<figure class=\"wp-block-image size-large\"><a href=\"https:\/\/www.strandvejen23.dk\/wp-content\/uploads\/2025\/06\/5F7EC8FA-98F3-4E10-8E1A-4D5E8C70F283-scaled.jpeg\"><img loading=\"lazy\" decoding=\"async\" width=\"1024\" height=\"768\" src=\"https:\/\/www.strandvejen23.dk\/wp-content\/uploads\/2025\/06\/5F7EC8FA-98F3-4E10-8E1A-4D5E8C70F283-1024x768.jpeg\" alt=\"\" class=\"wp-image-3224\" srcset=\"https:\/\/www.strandvejen23.dk\/wp-content\/uploads\/2025\/06\/5F7EC8FA-98F3-4E10-8E1A-4D5E8C70F283-1024x768.jpeg 1024w, https:\/\/www.strandvejen23.dk\/wp-content\/uploads\/2025\/06\/5F7EC8FA-98F3-4E10-8E1A-4D5E8C70F283-300x225.jpeg 300w, https:\/\/www.strandvejen23.dk\/wp-content\/uploads\/2025\/06\/5F7EC8FA-98F3-4E10-8E1A-4D5E8C70F283-768x576.jpeg 768w, https:\/\/www.strandvejen23.dk\/wp-content\/uploads\/2025\/06\/5F7EC8FA-98F3-4E10-8E1A-4D5E8C70F283-1536x1152.jpeg 1536w, https:\/\/www.strandvejen23.dk\/wp-content\/uploads\/2025\/06\/5F7EC8FA-98F3-4E10-8E1A-4D5E8C70F283-2048x1536.jpeg 2048w, https:\/\/www.strandvejen23.dk\/wp-content\/uploads\/2025\/06\/5F7EC8FA-98F3-4E10-8E1A-4D5E8C70F283-400x300.jpeg 400w\" sizes=\"auto, (max-width: 1024px) 100vw, 1024px\" \/><\/a><\/figure>\n\n\n\n<figure class=\"wp-block-image size-large\"><a href=\"https:\/\/www.strandvejen23.dk\/wp-content\/uploads\/2025\/06\/15FF21C7-9015-47BE-B104-6E1E3F140449-scaled.jpeg\"><img loading=\"lazy\" decoding=\"async\" width=\"1024\" height=\"768\" src=\"https:\/\/www.strandvejen23.dk\/wp-content\/uploads\/2025\/06\/15FF21C7-9015-47BE-B104-6E1E3F140449-1024x768.jpeg\" alt=\"\" class=\"wp-image-3219\" srcset=\"https:\/\/www.strandvejen23.dk\/wp-content\/uploads\/2025\/06\/15FF21C7-9015-47BE-B104-6E1E3F140449-1024x768.jpeg 1024w, https:\/\/www.strandvejen23.dk\/wp-content\/uploads\/2025\/06\/15FF21C7-9015-47BE-B104-6E1E3F140449-300x225.jpeg 300w, https:\/\/www.strandvejen23.dk\/wp-content\/uploads\/2025\/06\/15FF21C7-9015-47BE-B104-6E1E3F140449-768x576.jpeg 768w, https:\/\/www.strandvejen23.dk\/wp-content\/uploads\/2025\/06\/15FF21C7-9015-47BE-B104-6E1E3F140449-1536x1152.jpeg 1536w, https:\/\/www.strandvejen23.dk\/wp-content\/uploads\/2025\/06\/15FF21C7-9015-47BE-B104-6E1E3F140449-2048x1536.jpeg 2048w, https:\/\/www.strandvejen23.dk\/wp-content\/uploads\/2025\/06\/15FF21C7-9015-47BE-B104-6E1E3F140449-400x300.jpeg 400w\" sizes=\"auto, (max-width: 1024px) 100vw, 1024px\" \/><\/a><\/figure>\n\n\n<div class=\"wp-block-image\">\n<figure class=\"aligncenter size-large\"><a href=\"https:\/\/www.strandvejen23.dk\/wp-content\/uploads\/2025\/06\/35879D39-B500-4EAD-B867-C2633BAD3A08-scaled.jpeg\"><img loading=\"lazy\" decoding=\"async\" width=\"768\" height=\"1024\" src=\"https:\/\/www.strandvejen23.dk\/wp-content\/uploads\/2025\/06\/35879D39-B500-4EAD-B867-C2633BAD3A08-768x1024.jpeg\" alt=\"\" class=\"wp-image-3225\" srcset=\"https:\/\/www.strandvejen23.dk\/wp-content\/uploads\/2025\/06\/35879D39-B500-4EAD-B867-C2633BAD3A08-768x1024.jpeg 768w, https:\/\/www.strandvejen23.dk\/wp-content\/uploads\/2025\/06\/35879D39-B500-4EAD-B867-C2633BAD3A08-225x300.jpeg 225w, https:\/\/www.strandvejen23.dk\/wp-content\/uploads\/2025\/06\/35879D39-B500-4EAD-B867-C2633BAD3A08-1152x1536.jpeg 1152w, https:\/\/www.strandvejen23.dk\/wp-content\/uploads\/2025\/06\/35879D39-B500-4EAD-B867-C2633BAD3A08-1536x2048.jpeg 1536w, https:\/\/www.strandvejen23.dk\/wp-content\/uploads\/2025\/06\/35879D39-B500-4EAD-B867-C2633BAD3A08-scaled.jpeg 1920w\" sizes=\"auto, (max-width: 768px) 100vw, 768px\" \/><\/a><\/figure>\n<\/div>\n\n\n<figure class=\"wp-block-image size-large\"><a href=\"https:\/\/www.strandvejen23.dk\/wp-content\/uploads\/2025\/06\/AF5A3BF6-3F61-4906-A447-2EF27B43D8AF-scaled.jpeg\"><img loading=\"lazy\" decoding=\"async\" width=\"1024\" height=\"768\" src=\"https:\/\/www.strandvejen23.dk\/wp-content\/uploads\/2025\/06\/AF5A3BF6-3F61-4906-A447-2EF27B43D8AF-1024x768.jpeg\" alt=\"\" class=\"wp-image-3229\" srcset=\"https:\/\/www.strandvejen23.dk\/wp-content\/uploads\/2025\/06\/AF5A3BF6-3F61-4906-A447-2EF27B43D8AF-1024x768.jpeg 1024w, https:\/\/www.strandvejen23.dk\/wp-content\/uploads\/2025\/06\/AF5A3BF6-3F61-4906-A447-2EF27B43D8AF-300x225.jpeg 300w, https:\/\/www.strandvejen23.dk\/wp-content\/uploads\/2025\/06\/AF5A3BF6-3F61-4906-A447-2EF27B43D8AF-768x576.jpeg 768w, https:\/\/www.strandvejen23.dk\/wp-content\/uploads\/2025\/06\/AF5A3BF6-3F61-4906-A447-2EF27B43D8AF-1536x1152.jpeg 1536w, https:\/\/www.strandvejen23.dk\/wp-content\/uploads\/2025\/06\/AF5A3BF6-3F61-4906-A447-2EF27B43D8AF-2048x1536.jpeg 2048w, https:\/\/www.strandvejen23.dk\/wp-content\/uploads\/2025\/06\/AF5A3BF6-3F61-4906-A447-2EF27B43D8AF-400x300.jpeg 400w\" sizes=\"auto, (max-width: 1024px) 100vw, 1024px\" \/><\/a><\/figure>\n\n\n\n<figure class=\"wp-block-image size-large\"><a href=\"https:\/\/www.strandvejen23.dk\/wp-content\/uploads\/2025\/06\/91B3D212-A4D7-4F9C-B862-A67C11EA7E1E-scaled.jpeg\"><img loading=\"lazy\" decoding=\"async\" width=\"1024\" height=\"768\" src=\"https:\/\/www.strandvejen23.dk\/wp-content\/uploads\/2025\/06\/91B3D212-A4D7-4F9C-B862-A67C11EA7E1E-1024x768.jpeg\" alt=\"\" class=\"wp-image-3220\" srcset=\"https:\/\/www.strandvejen23.dk\/wp-content\/uploads\/2025\/06\/91B3D212-A4D7-4F9C-B862-A67C11EA7E1E-1024x768.jpeg 1024w, https:\/\/www.strandvejen23.dk\/wp-content\/uploads\/2025\/06\/91B3D212-A4D7-4F9C-B862-A67C11EA7E1E-300x225.jpeg 300w, https:\/\/www.strandvejen23.dk\/wp-content\/uploads\/2025\/06\/91B3D212-A4D7-4F9C-B862-A67C11EA7E1E-768x576.jpeg 768w, https:\/\/www.strandvejen23.dk\/wp-content\/uploads\/2025\/06\/91B3D212-A4D7-4F9C-B862-A67C11EA7E1E-1536x1152.jpeg 1536w, https:\/\/www.strandvejen23.dk\/wp-content\/uploads\/2025\/06\/91B3D212-A4D7-4F9C-B862-A67C11EA7E1E-2048x1536.jpeg 2048w, https:\/\/www.strandvejen23.dk\/wp-content\/uploads\/2025\/06\/91B3D212-A4D7-4F9C-B862-A67C11EA7E1E-400x300.jpeg 400w\" sizes=\"auto, (max-width: 1024px) 100vw, 1024px\" \/><\/a><\/figure>\n<\/div><\/div>\n\n\n\n<p class=\"has-text-align-center\">Skan\u00f6r &#8211; H\u00e4r blir jag liggande ett par dygn och njuter av sommaren. Fint v\u00e4der, men bl\u00e5sigt.<\/p>\n\n\n\n<p><strong>M\u00e5ndagen den 30 juni <br><\/strong>Mot <strong>Klagshamn<\/strong> strax s\u00f6der om Malm\u00f6.<\/p>\n\n\n\n<figure class=\"wp-block-image size-large\"><a href=\"https:\/\/www.strandvejen23.dk\/wp-content\/uploads\/2025\/06\/018097B6-3B20-49D9-BD11-6634530CDAAC-scaled.jpeg\"><img loading=\"lazy\" decoding=\"async\" width=\"1024\" height=\"768\" src=\"https:\/\/www.strandvejen23.dk\/wp-content\/uploads\/2025\/06\/018097B6-3B20-49D9-BD11-6634530CDAAC-1024x768.jpeg\" alt=\"\" class=\"wp-image-3234\" srcset=\"https:\/\/www.strandvejen23.dk\/wp-content\/uploads\/2025\/06\/018097B6-3B20-49D9-BD11-6634530CDAAC-1024x768.jpeg 1024w, https:\/\/www.strandvejen23.dk\/wp-content\/uploads\/2025\/06\/018097B6-3B20-49D9-BD11-6634530CDAAC-300x225.jpeg 300w, https:\/\/www.strandvejen23.dk\/wp-content\/uploads\/2025\/06\/018097B6-3B20-49D9-BD11-6634530CDAAC-768x576.jpeg 768w, https:\/\/www.strandvejen23.dk\/wp-content\/uploads\/2025\/06\/018097B6-3B20-49D9-BD11-6634530CDAAC-1536x1152.jpeg 1536w, https:\/\/www.strandvejen23.dk\/wp-content\/uploads\/2025\/06\/018097B6-3B20-49D9-BD11-6634530CDAAC-2048x1536.jpeg 2048w, https:\/\/www.strandvejen23.dk\/wp-content\/uploads\/2025\/06\/018097B6-3B20-49D9-BD11-6634530CDAAC-400x300.jpeg 400w\" sizes=\"auto, (max-width: 1024px) 100vw, 1024px\" \/><\/a><\/figure>\n\n\n\n<p class=\"has-text-align-center\">Vindkraftsparken Lillgrund strax s\u00f6der om \u00d6resundsbron<\/p>\n\n\n\n<p>Passerade vindkraftsparken Lillgrund som ligger strax s\u00f6der om \u00d6landsbron (t.h. p\u00e5 bild, idag 25 \u00e5r gammal), \u00e4gs av svenska Vattenfall AB och \u00e4r f.n. ett av de f\u00f6rsta och st\u00f6rsta havsbaserade vindkraftsparkerna i Sverige med 48 vindkraftsgenratorer. <br>Kollade upp lite fakta mha Chat GPT:<br>Byggdes \u00e5r 2007 <br>Byggkostnad: c:a 1,8 miljader kronor<br>Producerar 330 GWh\/\u00e5r (liten produktion men r\u00e4cker till c:a 60 000 hush\u00e5ll)<br>L\u00f6nsamt? <strong>Nej! <\/strong>Mellan 2017-2022 (p\u00e5 5 \u00e5r) gjorde Vattenfall AB en f\u00f6rlust p\u00e5 13,5 miljarder kronor p\u00e5 bara detta projekt.<br>Orsak? Nej, det \u00e4r inte att det bl\u00e5ser f\u00f6r lite! Det beror p\u00e5 volentiva (varierande), l\u00e5ga elpriser och h\u00f6ga driftskostnader! Parkens t\u00e4ta turbinplacering skapar stora effektf\u00f6rluster, vilket \u00f6kar driftskostnaderna per producerad kWh (dubbelt s\u00e5 h\u00f6ga som dagens moderna vindkraftsparker).<\/p>\n\n\n\n<p>Anslutningskostnaderna f\u00f6r nya vindkraftsparker \u00e4r avg\u00f6rande f\u00f6r att f\u00e5 l\u00f6nsamhet i morgondagens vindkraftsparker till havs. <\/p>\n\n\n\n<p>Ett annat problem \u00e4r motst\u00e5ndet fr\u00e5n lokalbefolkningen (som knappt kan se dessa parker i horisonten).<\/p>\n\n\n\n<figure class=\"wp-block-image size-large\"><a href=\"https:\/\/www.strandvejen23.dk\/wp-content\/uploads\/2025\/06\/7B124031-CD39-4725-8DF2-B06CC63588C9-scaled.jpeg\"><img loading=\"lazy\" decoding=\"async\" width=\"1024\" height=\"768\" src=\"https:\/\/www.strandvejen23.dk\/wp-content\/uploads\/2025\/06\/7B124031-CD39-4725-8DF2-B06CC63588C9-1024x768.jpeg\" alt=\"\" class=\"wp-image-3233\" srcset=\"https:\/\/www.strandvejen23.dk\/wp-content\/uploads\/2025\/06\/7B124031-CD39-4725-8DF2-B06CC63588C9-1024x768.jpeg 1024w, https:\/\/www.strandvejen23.dk\/wp-content\/uploads\/2025\/06\/7B124031-CD39-4725-8DF2-B06CC63588C9-300x225.jpeg 300w, https:\/\/www.strandvejen23.dk\/wp-content\/uploads\/2025\/06\/7B124031-CD39-4725-8DF2-B06CC63588C9-768x576.jpeg 768w, https:\/\/www.strandvejen23.dk\/wp-content\/uploads\/2025\/06\/7B124031-CD39-4725-8DF2-B06CC63588C9-1536x1152.jpeg 1536w, https:\/\/www.strandvejen23.dk\/wp-content\/uploads\/2025\/06\/7B124031-CD39-4725-8DF2-B06CC63588C9-2048x1536.jpeg 2048w, https:\/\/www.strandvejen23.dk\/wp-content\/uploads\/2025\/06\/7B124031-CD39-4725-8DF2-B06CC63588C9-400x300.jpeg 400w\" sizes=\"auto, (max-width: 1024px) 100vw, 1024px\" \/><\/a><\/figure>\n\n\n\n<p class=\"has-text-align-center\">Dagen utsikt i Klagshamn<\/p>\n\n\n\n<p><strong>Tisdag 1 juli \u00d6resund<\/strong><\/p>\n\n\n\n<figure class=\"wp-block-image size-large\"><a href=\"https:\/\/www.strandvejen23.dk\/wp-content\/uploads\/2025\/07\/C43B6337-2450-45A4-80F7-5DD07674F6E3-scaled.jpeg\"><img loading=\"lazy\" decoding=\"async\" width=\"1024\" height=\"768\" src=\"https:\/\/www.strandvejen23.dk\/wp-content\/uploads\/2025\/07\/C43B6337-2450-45A4-80F7-5DD07674F6E3-1024x768.jpeg\" alt=\"\" class=\"wp-image-3241\" srcset=\"https:\/\/www.strandvejen23.dk\/wp-content\/uploads\/2025\/07\/C43B6337-2450-45A4-80F7-5DD07674F6E3-1024x768.jpeg 1024w, https:\/\/www.strandvejen23.dk\/wp-content\/uploads\/2025\/07\/C43B6337-2450-45A4-80F7-5DD07674F6E3-300x225.jpeg 300w, https:\/\/www.strandvejen23.dk\/wp-content\/uploads\/2025\/07\/C43B6337-2450-45A4-80F7-5DD07674F6E3-768x576.jpeg 768w, https:\/\/www.strandvejen23.dk\/wp-content\/uploads\/2025\/07\/C43B6337-2450-45A4-80F7-5DD07674F6E3-1536x1152.jpeg 1536w, https:\/\/www.strandvejen23.dk\/wp-content\/uploads\/2025\/07\/C43B6337-2450-45A4-80F7-5DD07674F6E3-2048x1536.jpeg 2048w, https:\/\/www.strandvejen23.dk\/wp-content\/uploads\/2025\/07\/C43B6337-2450-45A4-80F7-5DD07674F6E3-400x300.jpeg 400w\" sizes=\"auto, (max-width: 1024px) 100vw, 1024px\" \/><\/a><\/figure>\n\n\n\n<p class=\"has-text-align-center\">Passerade \u00d6landsbron som idag fyller 25 \u00e5r med kungabes\u00f6k fr\u00e5n b\u00e5de Sverige och Danmark. Grattis!<\/p>\n\n\n\n<p class=\"has-text-align-left\">Lade till i <strong>Limhamn<\/strong> fritidsb\u00e5thamn n\u00e4ra Malm\u00f6. En enormt stor hamn med massor av framf\u00f6rallt segelb\u00e5tar. <br>Min undran \u00e4r vad alla b\u00e5tar g\u00f6r h\u00e4r i hamnen en s\u00e5dan vacker dag (26 grader och 4 sek\/m). \ud83e\udd14<br>Sj\u00e4lv gick jag en liten tur i den pittoreska byn f\u00f6r att proviantera lite. Hittade tyv\u00e4rr ingen som s\u00e4ljer gas i hamnen d\u00e5 Danmark har en annan standard p\u00e5 gasbeh\u00e5llare \u00e4n oss i Sverige. Det g\u00e4ller att vara lite f\u00f6rutseende f\u00f6r sedan \u00e4r jag inte tillbaka i Sverige f\u00f6rr\u00e4n i mitten av augusti.<\/p>\n\n\n\n<p class=\"has-text-align-left\"><strong>Onsdag 2 juli Christianshavn, K\u00f6penhamn<\/strong><\/p>\n\n\n\n<figure class=\"wp-block-image size-large\"><a href=\"https:\/\/www.strandvejen23.dk\/wp-content\/uploads\/2025\/07\/B7B524AA-AACB-4E0F-B6EA-CCD030B0C231-scaled.jpeg\"><img loading=\"lazy\" decoding=\"async\" width=\"1024\" height=\"768\" src=\"https:\/\/www.strandvejen23.dk\/wp-content\/uploads\/2025\/07\/B7B524AA-AACB-4E0F-B6EA-CCD030B0C231-1024x768.jpeg\" alt=\"\" class=\"wp-image-3243\" srcset=\"https:\/\/www.strandvejen23.dk\/wp-content\/uploads\/2025\/07\/B7B524AA-AACB-4E0F-B6EA-CCD030B0C231-1024x768.jpeg 1024w, https:\/\/www.strandvejen23.dk\/wp-content\/uploads\/2025\/07\/B7B524AA-AACB-4E0F-B6EA-CCD030B0C231-300x225.jpeg 300w, https:\/\/www.strandvejen23.dk\/wp-content\/uploads\/2025\/07\/B7B524AA-AACB-4E0F-B6EA-CCD030B0C231-768x576.jpeg 768w, https:\/\/www.strandvejen23.dk\/wp-content\/uploads\/2025\/07\/B7B524AA-AACB-4E0F-B6EA-CCD030B0C231-1536x1152.jpeg 1536w, https:\/\/www.strandvejen23.dk\/wp-content\/uploads\/2025\/07\/B7B524AA-AACB-4E0F-B6EA-CCD030B0C231-2048x1536.jpeg 2048w, https:\/\/www.strandvejen23.dk\/wp-content\/uploads\/2025\/07\/B7B524AA-AACB-4E0F-B6EA-CCD030B0C231-400x300.jpeg 400w\" sizes=\"auto, (max-width: 1024px) 100vw, 1024px\" \/><\/a><\/figure>\n\n\n\n<p class=\"has-text-align-left\">Ingmar och SooMi m\u00f6ter upp i <strong>Christianshavn<\/strong> ocks\u00e5 blir det middag hemma hos Nils och Elesa, som bor dessa charmiga kvarter.<\/p>\n\n\n<div class=\"wp-block-image\">\n<figure class=\"aligncenter size-large\"><a href=\"https:\/\/www.strandvejen23.dk\/wp-content\/uploads\/2025\/07\/45C0D240-1E1E-41DC-91DD-125E841B90A1-scaled.jpeg\"><img loading=\"lazy\" decoding=\"async\" width=\"768\" height=\"1024\" src=\"https:\/\/www.strandvejen23.dk\/wp-content\/uploads\/2025\/07\/45C0D240-1E1E-41DC-91DD-125E841B90A1-768x1024.jpeg\" alt=\"\" class=\"wp-image-3248\" srcset=\"https:\/\/www.strandvejen23.dk\/wp-content\/uploads\/2025\/07\/45C0D240-1E1E-41DC-91DD-125E841B90A1-768x1024.jpeg 768w, https:\/\/www.strandvejen23.dk\/wp-content\/uploads\/2025\/07\/45C0D240-1E1E-41DC-91DD-125E841B90A1-225x300.jpeg 225w, https:\/\/www.strandvejen23.dk\/wp-content\/uploads\/2025\/07\/45C0D240-1E1E-41DC-91DD-125E841B90A1-1152x1536.jpeg 1152w, https:\/\/www.strandvejen23.dk\/wp-content\/uploads\/2025\/07\/45C0D240-1E1E-41DC-91DD-125E841B90A1-1536x2048.jpeg 1536w, https:\/\/www.strandvejen23.dk\/wp-content\/uploads\/2025\/07\/45C0D240-1E1E-41DC-91DD-125E841B90A1-scaled.jpeg 1920w\" sizes=\"auto, (max-width: 768px) 100vw, 768px\" \/><\/a><\/figure>\n<\/div>\n\n\n<p class=\"has-text-align-center\">Dagens Christiania Pucher street \u00e4r st\u00e4ngt.<\/p>\n\n\n\n<p class=\"has-text-align-left\">V\u00e5r v\u00e4n och K\u00f6penhamnsbo, John d\u00f6k upp och guidade oss i Christiania och till det fina konstmuse\u00e9t, Glupoteket med konstverk fr\u00e5n bl.a. Gauguin, Dega, Kr\u00f6yer, m.fl. (21 417 steg denna dag)<br>Kan det bli b\u00e4ttre? \ud83d\ude03 Jo, en kall \u00f8l, f\u00f6rst\u00e5s!<\/p>\n\n\n\n<figure class=\"wp-block-image size-full\"><a href=\"https:\/\/www.strandvejen23.dk\/wp-content\/uploads\/2025\/07\/E48018E6-992D-4B10-BAC1-6583D705F588_1_105_c.jpeg\"><img loading=\"lazy\" decoding=\"async\" width=\"1024\" height=\"768\" src=\"https:\/\/www.strandvejen23.dk\/wp-content\/uploads\/2025\/07\/E48018E6-992D-4B10-BAC1-6583D705F588_1_105_c.jpeg\" alt=\"\" class=\"wp-image-3321\" srcset=\"https:\/\/www.strandvejen23.dk\/wp-content\/uploads\/2025\/07\/E48018E6-992D-4B10-BAC1-6583D705F588_1_105_c.jpeg 1024w, https:\/\/www.strandvejen23.dk\/wp-content\/uploads\/2025\/07\/E48018E6-992D-4B10-BAC1-6583D705F588_1_105_c-300x225.jpeg 300w, https:\/\/www.strandvejen23.dk\/wp-content\/uploads\/2025\/07\/E48018E6-992D-4B10-BAC1-6583D705F588_1_105_c-768x576.jpeg 768w, https:\/\/www.strandvejen23.dk\/wp-content\/uploads\/2025\/07\/E48018E6-992D-4B10-BAC1-6583D705F588_1_105_c-400x300.jpeg 400w\" sizes=\"auto, (max-width: 1024px) 100vw, 1024px\" \/><\/a><\/figure>\n\n\n<div class=\"wp-block-image\">\n<figure class=\"aligncenter size-full\"><a href=\"https:\/\/www.strandvejen23.dk\/wp-content\/uploads\/2025\/07\/EE648E94-6E17-4295-99C1-D549ABDE0EC0_1_105_c.jpeg\"><img loading=\"lazy\" decoding=\"async\" width=\"768\" height=\"1024\" src=\"https:\/\/www.strandvejen23.dk\/wp-content\/uploads\/2025\/07\/EE648E94-6E17-4295-99C1-D549ABDE0EC0_1_105_c.jpeg\" alt=\"\" class=\"wp-image-3322\" srcset=\"https:\/\/www.strandvejen23.dk\/wp-content\/uploads\/2025\/07\/EE648E94-6E17-4295-99C1-D549ABDE0EC0_1_105_c.jpeg 768w, https:\/\/www.strandvejen23.dk\/wp-content\/uploads\/2025\/07\/EE648E94-6E17-4295-99C1-D549ABDE0EC0_1_105_c-225x300.jpeg 225w\" sizes=\"auto, (max-width: 768px) 100vw, 768px\" \/><\/a><\/figure>\n<\/div>\n\n\n<p class=\"has-text-align-center\">F\u00e5tt plats p\u00e5 h\u00f6rnet p\u00e5 Wilders Plats\/marina i Christianshavn den 2-4 juli<br><\/p>\n\n\n\n<p>Vackert v\u00e4der men \u00e5skbyar. L\u00e4mnade takluckan lite uppe vilket gjorde att det regnade in lite p\u00e5 instrumentpanelen. Flera timmar senare klockan 4:00 satte mistluren (hornen p\u00e5 taket) ig\u00e5ng och v\u00e4ckte i princip alla omkring oss i Christianshavn innan jag kom p\u00e5 att det var min b\u00e5t som tj\u00f6t och kunde st\u00e4nga av med huvudstr\u00f6mstr\u00f6mbrytaren. \ud83d\ude2e<\/p>\n\n\n\n<p class=\"has-text-align-left\"><strong>Fredag 4 Juli Mot Ven<\/strong><\/p>\n\n\n\n<figure class=\"wp-block-image size-large\"><a href=\"https:\/\/www.strandvejen23.dk\/wp-content\/uploads\/2025\/07\/29A6376D-BE5E-4D79-AB82-A5F39E188DC1-scaled.jpeg\"><img loading=\"lazy\" decoding=\"async\" width=\"1024\" height=\"768\" src=\"https:\/\/www.strandvejen23.dk\/wp-content\/uploads\/2025\/07\/29A6376D-BE5E-4D79-AB82-A5F39E188DC1-1024x768.jpeg\" alt=\"\" class=\"wp-image-3249\" srcset=\"https:\/\/www.strandvejen23.dk\/wp-content\/uploads\/2025\/07\/29A6376D-BE5E-4D79-AB82-A5F39E188DC1-1024x768.jpeg 1024w, https:\/\/www.strandvejen23.dk\/wp-content\/uploads\/2025\/07\/29A6376D-BE5E-4D79-AB82-A5F39E188DC1-300x225.jpeg 300w, https:\/\/www.strandvejen23.dk\/wp-content\/uploads\/2025\/07\/29A6376D-BE5E-4D79-AB82-A5F39E188DC1-768x576.jpeg 768w, https:\/\/www.strandvejen23.dk\/wp-content\/uploads\/2025\/07\/29A6376D-BE5E-4D79-AB82-A5F39E188DC1-1536x1152.jpeg 1536w, https:\/\/www.strandvejen23.dk\/wp-content\/uploads\/2025\/07\/29A6376D-BE5E-4D79-AB82-A5F39E188DC1-2048x1536.jpeg 2048w, https:\/\/www.strandvejen23.dk\/wp-content\/uploads\/2025\/07\/29A6376D-BE5E-4D79-AB82-A5F39E188DC1-400x300.jpeg 400w\" sizes=\"auto, (max-width: 1024px) 100vw, 1024px\" \/><\/a><\/figure>\n\n\n\n<p class=\"has-text-align-center\">\u00c4nnu en K\u00f6penhamn- och L\u00e6s\u00f8v\u00e4n, Anne bordar b\u00e5ten och vi g\u00e5r till Kyrkbacken p\u00e5 Ven.<\/p>\n\n\n\n<p><strong>Ven<\/strong> \u00e4r en h\u00e4rlig och vacker \u00f6 med odlingar och intressant historia (astronomi). Den danske vetenskapsmannen astronomen, astrologen, alkemisten, <strong>Tycho Brahe<\/strong> som byggde p\u00e5 1570-talet slottet Uraniborg och observatoriumet Stjerneborg h\u00e4r. Ven \u00e4r en h\u00e4rlig och vacker \u00f6 med odlingar och intressant historia (astronomi). Den danske vetenskapsmannen astronomen, astrologen, alkemisten, Tycho Brahe byggde p\u00e5 1570-talet slottet Uraniborg och sitt observatorium Stjerneborg h\u00e4r. Det var bl.a. han (tillsammans med Nicolaus Copernicus\u00a0och senare Johannes Kepler) som konstaterade att jorden roterar kring solen (<a href=\"https:\/\/sv.wikipedia.org\/wiki\/Heliocentrisk_v%C3%A4rldsbild\">heliocentriska v\u00e4rldsbilden<\/a>), och inget annat. <br>P\u00e5 denna tid var Ven danskt men \u00e4r svensk sedan 1679.<\/p>\n\n\n\n<figure class=\"wp-block-gallery has-nested-images columns-default is-cropped wp-block-gallery-16 is-layout-flex wp-block-gallery-is-layout-flex\">\n<figure class=\"wp-block-image size-large\"><a href=\"https:\/\/www.strandvejen23.dk\/wp-content\/uploads\/2025\/07\/3F05D983-F8D8-4DB7-B523-1600FAF1942C-scaled.jpeg\"><img loading=\"lazy\" decoding=\"async\" width=\"1024\" height=\"768\" data-id=\"3257\" src=\"https:\/\/www.strandvejen23.dk\/wp-content\/uploads\/2025\/07\/3F05D983-F8D8-4DB7-B523-1600FAF1942C-1024x768.jpeg\" alt=\"\" class=\"wp-image-3257\" srcset=\"https:\/\/www.strandvejen23.dk\/wp-content\/uploads\/2025\/07\/3F05D983-F8D8-4DB7-B523-1600FAF1942C-1024x768.jpeg 1024w, https:\/\/www.strandvejen23.dk\/wp-content\/uploads\/2025\/07\/3F05D983-F8D8-4DB7-B523-1600FAF1942C-300x225.jpeg 300w, https:\/\/www.strandvejen23.dk\/wp-content\/uploads\/2025\/07\/3F05D983-F8D8-4DB7-B523-1600FAF1942C-768x576.jpeg 768w, https:\/\/www.strandvejen23.dk\/wp-content\/uploads\/2025\/07\/3F05D983-F8D8-4DB7-B523-1600FAF1942C-1536x1152.jpeg 1536w, https:\/\/www.strandvejen23.dk\/wp-content\/uploads\/2025\/07\/3F05D983-F8D8-4DB7-B523-1600FAF1942C-2048x1536.jpeg 2048w, https:\/\/www.strandvejen23.dk\/wp-content\/uploads\/2025\/07\/3F05D983-F8D8-4DB7-B523-1600FAF1942C-400x300.jpeg 400w\" sizes=\"auto, (max-width: 1024px) 100vw, 1024px\" \/><\/a><\/figure>\n\n\n\n<figure class=\"wp-block-image size-large\"><a href=\"https:\/\/www.strandvejen23.dk\/wp-content\/uploads\/2025\/07\/BF81BCA9-8270-442F-B00A-FB281B05A6A6-scaled.jpeg\"><img loading=\"lazy\" decoding=\"async\" width=\"768\" height=\"1024\" data-id=\"3254\" src=\"https:\/\/www.strandvejen23.dk\/wp-content\/uploads\/2025\/07\/BF81BCA9-8270-442F-B00A-FB281B05A6A6-768x1024.jpeg\" alt=\"\" class=\"wp-image-3254\" srcset=\"https:\/\/www.strandvejen23.dk\/wp-content\/uploads\/2025\/07\/BF81BCA9-8270-442F-B00A-FB281B05A6A6-768x1024.jpeg 768w, https:\/\/www.strandvejen23.dk\/wp-content\/uploads\/2025\/07\/BF81BCA9-8270-442F-B00A-FB281B05A6A6-225x300.jpeg 225w, https:\/\/www.strandvejen23.dk\/wp-content\/uploads\/2025\/07\/BF81BCA9-8270-442F-B00A-FB281B05A6A6-1152x1536.jpeg 1152w, https:\/\/www.strandvejen23.dk\/wp-content\/uploads\/2025\/07\/BF81BCA9-8270-442F-B00A-FB281B05A6A6-1536x2048.jpeg 1536w, https:\/\/www.strandvejen23.dk\/wp-content\/uploads\/2025\/07\/BF81BCA9-8270-442F-B00A-FB281B05A6A6-scaled.jpeg 1920w\" sizes=\"auto, (max-width: 768px) 100vw, 768px\" \/><\/a><\/figure>\n<\/figure>\n\n\n\n<figure class=\"wp-block-image size-large\"><a href=\"https:\/\/www.strandvejen23.dk\/wp-content\/uploads\/2025\/07\/CA1C8D9C-8F5B-4AA5-9837-9E592A1C7030_1_201_a-scaled.jpeg\"><img loading=\"lazy\" decoding=\"async\" width=\"853\" height=\"1024\" src=\"https:\/\/www.strandvejen23.dk\/wp-content\/uploads\/2025\/07\/CA1C8D9C-8F5B-4AA5-9837-9E592A1C7030_1_201_a-853x1024.jpeg\" alt=\"\" class=\"wp-image-3258\" srcset=\"https:\/\/www.strandvejen23.dk\/wp-content\/uploads\/2025\/07\/CA1C8D9C-8F5B-4AA5-9837-9E592A1C7030_1_201_a-853x1024.jpeg 853w, https:\/\/www.strandvejen23.dk\/wp-content\/uploads\/2025\/07\/CA1C8D9C-8F5B-4AA5-9837-9E592A1C7030_1_201_a-250x300.jpeg 250w, https:\/\/www.strandvejen23.dk\/wp-content\/uploads\/2025\/07\/CA1C8D9C-8F5B-4AA5-9837-9E592A1C7030_1_201_a-768x922.jpeg 768w, https:\/\/www.strandvejen23.dk\/wp-content\/uploads\/2025\/07\/CA1C8D9C-8F5B-4AA5-9837-9E592A1C7030_1_201_a-1280x1536.jpeg 1280w, https:\/\/www.strandvejen23.dk\/wp-content\/uploads\/2025\/07\/CA1C8D9C-8F5B-4AA5-9837-9E592A1C7030_1_201_a-1707x2048.jpeg 1707w\" sizes=\"auto, (max-width: 853px) 100vw, 853px\" \/><\/a><\/figure>\n\n\n\n<figure class=\"wp-block-image size-large\"><a href=\"https:\/\/www.strandvejen23.dk\/wp-content\/uploads\/2025\/07\/FE8BD227-F42A-4449-8AD9-FAD3B16C482B-scaled.jpeg\"><img loading=\"lazy\" decoding=\"async\" width=\"1024\" height=\"768\" src=\"https:\/\/www.strandvejen23.dk\/wp-content\/uploads\/2025\/07\/FE8BD227-F42A-4449-8AD9-FAD3B16C482B-1024x768.jpeg\" alt=\"\" class=\"wp-image-3256\" srcset=\"https:\/\/www.strandvejen23.dk\/wp-content\/uploads\/2025\/07\/FE8BD227-F42A-4449-8AD9-FAD3B16C482B-1024x768.jpeg 1024w, https:\/\/www.strandvejen23.dk\/wp-content\/uploads\/2025\/07\/FE8BD227-F42A-4449-8AD9-FAD3B16C482B-300x225.jpeg 300w, https:\/\/www.strandvejen23.dk\/wp-content\/uploads\/2025\/07\/FE8BD227-F42A-4449-8AD9-FAD3B16C482B-768x576.jpeg 768w, https:\/\/www.strandvejen23.dk\/wp-content\/uploads\/2025\/07\/FE8BD227-F42A-4449-8AD9-FAD3B16C482B-1536x1152.jpeg 1536w, https:\/\/www.strandvejen23.dk\/wp-content\/uploads\/2025\/07\/FE8BD227-F42A-4449-8AD9-FAD3B16C482B-2048x1536.jpeg 2048w, https:\/\/www.strandvejen23.dk\/wp-content\/uploads\/2025\/07\/FE8BD227-F42A-4449-8AD9-FAD3B16C482B-400x300.jpeg 400w\" sizes=\"auto, (max-width: 1024px) 100vw, 1024px\" \/><\/a><\/figure>\n\n\n\n<p class=\"has-text-align-center\">Bes\u00f6k p\u00e5 Ven, Tycho Brahe museum och observatorium<\/p>\n\n\n\n<figure class=\"wp-block-embed is-type-video is-provider-youtube wp-block-embed-youtube wp-embed-aspect-16-9 wp-has-aspect-ratio\"><div class=\"wp-block-embed__wrapper\">\n<iframe loading=\"lazy\" title=\"VEN Island Sk\u00e5ne Sweden\" width=\"584\" height=\"329\" src=\"https:\/\/www.youtube.com\/embed\/kZc0ocBBnr8?feature=oembed\" frameborder=\"0\" allow=\"accelerometer; autoplay; clipboard-write; encrypted-media; gyroscope; picture-in-picture; web-share\" referrerpolicy=\"strict-origin-when-cross-origin\" allowfullscreen><\/iframe>\n<\/div><\/figure>\n\n\n\n<p class=\"has-text-align-center\"><a href=\"https:\/\/www.upplevven.se\/\">Ven (Sverige)<\/a><\/p>\n\n\n\n<figure class=\"wp-block-image size-large\"><a href=\"http:\/\/www.strandvejen23.dk\/wp-content\/uploads\/2025\/03\/Skarmavbild-2025-03-25-kl.-12.03.33.png\"><img loading=\"lazy\" decoding=\"async\" width=\"1024\" height=\"605\" src=\"http:\/\/www.strandvejen23.dk\/wp-content\/uploads\/2025\/03\/Skarmavbild-2025-03-25-kl.-12.03.33-1024x605.png\" alt=\"\" class=\"wp-image-2866\" srcset=\"https:\/\/www.strandvejen23.dk\/wp-content\/uploads\/2025\/03\/Skarmavbild-2025-03-25-kl.-12.03.33-1024x605.png 1024w, https:\/\/www.strandvejen23.dk\/wp-content\/uploads\/2025\/03\/Skarmavbild-2025-03-25-kl.-12.03.33-300x177.png 300w, https:\/\/www.strandvejen23.dk\/wp-content\/uploads\/2025\/03\/Skarmavbild-2025-03-25-kl.-12.03.33-768x453.png 768w, https:\/\/www.strandvejen23.dk\/wp-content\/uploads\/2025\/03\/Skarmavbild-2025-03-25-kl.-12.03.33-1536x907.png 1536w, https:\/\/www.strandvejen23.dk\/wp-content\/uploads\/2025\/03\/Skarmavbild-2025-03-25-kl.-12.03.33-2048x1209.png 2048w, https:\/\/www.strandvejen23.dk\/wp-content\/uploads\/2025\/03\/Skarmavbild-2025-03-25-kl.-12.03.33-500x295.png 500w\" sizes=\"auto, (max-width: 1024px) 100vw, 1024px\" \/><\/a><\/figure>\n\n\n\n<figure class=\"wp-block-image size-large\"><a href=\"https:\/\/www.strandvejen23.dk\/wp-content\/uploads\/2025\/07\/C95C38A8-943C-4707-93B1-6D7F4AF4F93D-scaled.jpeg\"><img loading=\"lazy\" decoding=\"async\" width=\"1024\" height=\"768\" src=\"https:\/\/www.strandvejen23.dk\/wp-content\/uploads\/2025\/07\/C95C38A8-943C-4707-93B1-6D7F4AF4F93D-1024x768.jpeg\" alt=\"\" class=\"wp-image-3252\" srcset=\"https:\/\/www.strandvejen23.dk\/wp-content\/uploads\/2025\/07\/C95C38A8-943C-4707-93B1-6D7F4AF4F93D-1024x768.jpeg 1024w, https:\/\/www.strandvejen23.dk\/wp-content\/uploads\/2025\/07\/C95C38A8-943C-4707-93B1-6D7F4AF4F93D-300x225.jpeg 300w, https:\/\/www.strandvejen23.dk\/wp-content\/uploads\/2025\/07\/C95C38A8-943C-4707-93B1-6D7F4AF4F93D-768x576.jpeg 768w, https:\/\/www.strandvejen23.dk\/wp-content\/uploads\/2025\/07\/C95C38A8-943C-4707-93B1-6D7F4AF4F93D-1536x1152.jpeg 1536w, https:\/\/www.strandvejen23.dk\/wp-content\/uploads\/2025\/07\/C95C38A8-943C-4707-93B1-6D7F4AF4F93D-2048x1536.jpeg 2048w, https:\/\/www.strandvejen23.dk\/wp-content\/uploads\/2025\/07\/C95C38A8-943C-4707-93B1-6D7F4AF4F93D-400x300.jpeg 400w\" sizes=\"auto, (max-width: 1024px) 100vw, 1024px\" \/><\/a><\/figure>\n\n\n\n<figure class=\"wp-block-image size-full\"><a href=\"https:\/\/www.strandvejen23.dk\/wp-content\/uploads\/2025\/07\/E8A07DE5-01D6-429A-A0D6-0787BFB81293_1_105_c-1.jpeg\"><img loading=\"lazy\" decoding=\"async\" width=\"1024\" height=\"768\" src=\"https:\/\/www.strandvejen23.dk\/wp-content\/uploads\/2025\/07\/E8A07DE5-01D6-429A-A0D6-0787BFB81293_1_105_c-1.jpeg\" alt=\"\" class=\"wp-image-3263\" srcset=\"https:\/\/www.strandvejen23.dk\/wp-content\/uploads\/2025\/07\/E8A07DE5-01D6-429A-A0D6-0787BFB81293_1_105_c-1.jpeg 1024w, https:\/\/www.strandvejen23.dk\/wp-content\/uploads\/2025\/07\/E8A07DE5-01D6-429A-A0D6-0787BFB81293_1_105_c-1-300x225.jpeg 300w, https:\/\/www.strandvejen23.dk\/wp-content\/uploads\/2025\/07\/E8A07DE5-01D6-429A-A0D6-0787BFB81293_1_105_c-1-768x576.jpeg 768w, https:\/\/www.strandvejen23.dk\/wp-content\/uploads\/2025\/07\/E8A07DE5-01D6-429A-A0D6-0787BFB81293_1_105_c-1-400x300.jpeg 400w\" sizes=\"auto, (max-width: 1024px) 100vw, 1024px\" \/><\/a><\/figure>\n\n\n\n<p class=\"has-text-align-center\">Bes\u00f6k p\u00e5 <strong>Louisiana<\/strong> och god mat p\u00e5 Gamle Humleb\u00e6k Kro<\/p>\n\n\n\n<p><strong>M\u00e5ndag 7 juli Gilleleje<br><\/strong>Idag l\u00e4mnade Ingmar och SooMi efter n\u00e5gra h\u00e4ndelserika dagar ombord och iland.<br>Nu b\u00e4r det av f\u00f6rbi Helsing\u00f8r till <strong>Gilleleje<\/strong> p\u00e5 Sj\u00e4llands nordkust.<br>H\u00e4r m\u00f6ter jag Kattegatt vilket m\u00e4rks p\u00e5 v\u00e5gformationen och det salta vattnet.<\/p>\n\n\n\n<p><strong>Tisdag 8 juli Till sj\u00f6ss<br><\/strong>Idag gick jag l\u00e5ngt dvs 9 timmar (63 Nm i 7 knop) till Ballen p\u00e5 Sams\u00f8. H\u00e4r var det m\u00e5nga b\u00e5tar i hamnen. Fin \u00f6 liknande L\u00e6s\u00f8 och Ven. Nu \u00e4r sommaren och semestrarna h\u00e4r! <br>Fint v\u00e4der! \ud83c\udf1e (20+ grader och inte allt f\u00f6r bl\u00e5sigt 3-4 sek\/m)<br>Ligger p\u00e5 tv\u00e4ren l\u00e4ngst in i hamnen tillsammans med en massa tyskar, danskar och en och annan svensk b\u00e5t.<\/p>\n\n\n\n<p><strong>Onsdag 9 juli Sams\u00f8 en framtids-\u00f6 mitt i Danmark<br><\/strong>Ligger kvar en dag f\u00f6r att utforska <strong>Sams\u00f8<\/strong> som ligger i Kattegatt (Lilla b\u00e4lt) mellan Sj\u00e4lland och Jylland. Fin hamn med m\u00e5nga tyskar, men s\u00e5 \u00e4r det ju inte heller s\u00e5 l\u00e5ngt till den tyska gr\u00e4nsen. M\u00e5nga ligger h\u00e4r under l\u00e5ng tid\/dvs hela sommaren. Fina sandst\u00e4nder\/badplatser, restauranger, live musik, etc. och mysiga byar (ingen H&amp;M, Lindex, Jysk&#8230;) bara Coop och minst en Netto butik.<br>Sams\u00f8 \u00e4r en fin liten sommar-\u00f6 med n\u00e4stan 4 000 bofasta innev\u00e5nare (naturen liknar L\u00e6s\u00f8 och Ven).<\/p>\n\n\n\n<figure class=\"wp-block-image size-large\"><a href=\"https:\/\/www.strandvejen23.dk\/wp-content\/uploads\/2025\/07\/EAAB5DC4-CCCB-434D-8163-7B2E8DF315A7-scaled.jpeg\"><img loading=\"lazy\" decoding=\"async\" width=\"1024\" height=\"768\" src=\"https:\/\/www.strandvejen23.dk\/wp-content\/uploads\/2025\/07\/EAAB5DC4-CCCB-434D-8163-7B2E8DF315A7-1024x768.jpeg\" alt=\"\" class=\"wp-image-3283\" srcset=\"https:\/\/www.strandvejen23.dk\/wp-content\/uploads\/2025\/07\/EAAB5DC4-CCCB-434D-8163-7B2E8DF315A7-1024x768.jpeg 1024w, https:\/\/www.strandvejen23.dk\/wp-content\/uploads\/2025\/07\/EAAB5DC4-CCCB-434D-8163-7B2E8DF315A7-300x225.jpeg 300w, https:\/\/www.strandvejen23.dk\/wp-content\/uploads\/2025\/07\/EAAB5DC4-CCCB-434D-8163-7B2E8DF315A7-768x576.jpeg 768w, https:\/\/www.strandvejen23.dk\/wp-content\/uploads\/2025\/07\/EAAB5DC4-CCCB-434D-8163-7B2E8DF315A7-1536x1152.jpeg 1536w, https:\/\/www.strandvejen23.dk\/wp-content\/uploads\/2025\/07\/EAAB5DC4-CCCB-434D-8163-7B2E8DF315A7-2048x1536.jpeg 2048w, https:\/\/www.strandvejen23.dk\/wp-content\/uploads\/2025\/07\/EAAB5DC4-CCCB-434D-8163-7B2E8DF315A7-400x300.jpeg 400w\" sizes=\"auto, (max-width: 1024px) 100vw, 1024px\" \/><\/a><\/figure>\n\n\n\n<p class=\"has-text-align-center\">H\u00e4rlig levande musik i Ballens hamn (Pink Floyd\/Wish you were here, m.m.) <br>Jag tror inte jag sett s\u00e5 m\u00e5nga fortfarande r\u00f6ka pipa som h\u00e4r I Danmark, ocks\u00e5 en kall \u00f8l f\u00f6rst\u00e5s.!<\/p>\n\n\n\n<p>\u00d6n \u00e4r helt sj\u00e4lvf\u00f6rs\u00f6rjande p\u00e5 el mha bl.a. flera vindkraftverk (exporterar 30%). Den \u00f6vergripande l\u00f6nsamheten f\u00f6r Sams\u00f8s energiprojekt \u00e4r h\u00f6g. Lokal del\u00e4gande har gett god avkastning och \u00f6verskottet har blivit en betydande inkomstk\u00e4lla. F\u00f6rnybar energi h\u00e4r \u00e4r i praktiken vinn\u2013vinst f\u00f6r b\u00e5de individ, kommun \u2013 och klimat. Ungef\u00e4r 75\u202f% av hush\u00e5llsv\u00e4rmen kommer fr\u00e5n fj\u00e4rrv\u00e4rme baserad p\u00e5 lokalt producerad halm, tr\u00e4flis och solv\u00e4rme. \u00d6vriga hus anv\u00e4nder pelletspannor eller v\u00e4rmepumpar \u2013 oljepannor \u00e4r i stort sett utfasade. \ud83d\udc4d<\/p>\n\n\n\n<figure class=\"wp-block-embed is-type-video is-provider-youtube wp-block-embed-youtube wp-embed-aspect-16-9 wp-has-aspect-ratio\"><div class=\"wp-block-embed__wrapper\">\n<iframe loading=\"lazy\" title=\"SAMS\u00d8 ENERGY ACADEMY\" width=\"584\" height=\"329\" src=\"https:\/\/www.youtube.com\/embed\/SIRRIGIsJdk?start=270&#038;feature=oembed\" frameborder=\"0\" allow=\"accelerometer; autoplay; clipboard-write; encrypted-media; gyroscope; picture-in-picture; web-share\" referrerpolicy=\"strict-origin-when-cross-origin\" allowfullscreen><\/iframe>\n<\/div><\/figure>\n\n\n<div class=\"wp-block-image\">\n<figure class=\"aligncenter size-large\"><a href=\"https:\/\/www.strandvejen23.dk\/wp-content\/uploads\/2025\/07\/341063D4-33F3-45A2-AD3A-EE4C09C67A19-scaled.jpeg\"><img loading=\"lazy\" decoding=\"async\" width=\"768\" height=\"1024\" src=\"https:\/\/www.strandvejen23.dk\/wp-content\/uploads\/2025\/07\/341063D4-33F3-45A2-AD3A-EE4C09C67A19-768x1024.jpeg\" alt=\"\" class=\"wp-image-3273\" srcset=\"https:\/\/www.strandvejen23.dk\/wp-content\/uploads\/2025\/07\/341063D4-33F3-45A2-AD3A-EE4C09C67A19-768x1024.jpeg 768w, https:\/\/www.strandvejen23.dk\/wp-content\/uploads\/2025\/07\/341063D4-33F3-45A2-AD3A-EE4C09C67A19-225x300.jpeg 225w, https:\/\/www.strandvejen23.dk\/wp-content\/uploads\/2025\/07\/341063D4-33F3-45A2-AD3A-EE4C09C67A19-1152x1536.jpeg 1152w, https:\/\/www.strandvejen23.dk\/wp-content\/uploads\/2025\/07\/341063D4-33F3-45A2-AD3A-EE4C09C67A19-1536x2048.jpeg 1536w, https:\/\/www.strandvejen23.dk\/wp-content\/uploads\/2025\/07\/341063D4-33F3-45A2-AD3A-EE4C09C67A19-scaled.jpeg 1920w\" sizes=\"auto, (max-width: 768px) 100vw, 768px\" \/><\/a><\/figure>\n<\/div>\n\n\n<p class=\"has-text-align-center\">Hyrde en elcykel f\u00f6r att se lite mer \u00e4n bara hamnen.<\/p>\n\n\n\n<p><strong>Torsdag 10 juli Aarhus<br><\/strong>Efter en liten tur (4 timmar) p\u00e5 f\u00f6rmiddagen gick jag till Aarhus f\u00f6r att tr\u00e4ffa Denise, Roland och Bridgitte (min tidigare chef f\u00f6r 35 \u00e5r sedan och hans fru) fr\u00e5n Schweiz.<\/p>\n\n\n\n<figure class=\"wp-block-image size-large\"><a href=\"https:\/\/www.strandvejen23.dk\/wp-content\/uploads\/2025\/07\/4FDD45C1-C8B0-47A0-9768-E090B522AF6C-scaled.jpeg\"><img loading=\"lazy\" decoding=\"async\" width=\"1024\" height=\"768\" src=\"https:\/\/www.strandvejen23.dk\/wp-content\/uploads\/2025\/07\/4FDD45C1-C8B0-47A0-9768-E090B522AF6C-1024x768.jpeg\" alt=\"\" class=\"wp-image-3284\" srcset=\"https:\/\/www.strandvejen23.dk\/wp-content\/uploads\/2025\/07\/4FDD45C1-C8B0-47A0-9768-E090B522AF6C-1024x768.jpeg 1024w, https:\/\/www.strandvejen23.dk\/wp-content\/uploads\/2025\/07\/4FDD45C1-C8B0-47A0-9768-E090B522AF6C-300x225.jpeg 300w, https:\/\/www.strandvejen23.dk\/wp-content\/uploads\/2025\/07\/4FDD45C1-C8B0-47A0-9768-E090B522AF6C-768x576.jpeg 768w, https:\/\/www.strandvejen23.dk\/wp-content\/uploads\/2025\/07\/4FDD45C1-C8B0-47A0-9768-E090B522AF6C-1536x1152.jpeg 1536w, https:\/\/www.strandvejen23.dk\/wp-content\/uploads\/2025\/07\/4FDD45C1-C8B0-47A0-9768-E090B522AF6C-2048x1536.jpeg 2048w, https:\/\/www.strandvejen23.dk\/wp-content\/uploads\/2025\/07\/4FDD45C1-C8B0-47A0-9768-E090B522AF6C-400x300.jpeg 400w\" sizes=\"auto, (max-width: 1024px) 100vw, 1024px\" \/><\/a><\/figure>\n\n\n\n<p class=\"has-text-align-center\">Brigitte och Roland Carlen<br><\/p>\n\n\n\n<p class=\"has-text-align-left\">Denise och jag hade biljetter till en fantastisk konsert med Marcus Miller.<\/p>\n\n\n\n<figure class=\"wp-block-embed is-type-video is-provider-youtube wp-block-embed-youtube wp-embed-aspect-16-9 wp-has-aspect-ratio\"><div class=\"wp-block-embed__wrapper\">\n<iframe loading=\"lazy\" title=\"Marcus Miller Namm 2025\" width=\"584\" height=\"329\" src=\"https:\/\/www.youtube.com\/embed\/H5j5SqJGvzo?feature=oembed\" frameborder=\"0\" allow=\"accelerometer; autoplay; clipboard-write; encrypted-media; gyroscope; picture-in-picture; web-share\" referrerpolicy=\"strict-origin-when-cross-origin\" allowfullscreen><\/iframe>\n<\/div><\/figure>\n\n\n\n<p><a href=\"https:\/\/open.spotify.com\/embed\/track\/2yuDexdINZo3jxbFHf5fLw?utm_source=generator\">Marcus Miller p\u00e5 Spotify<\/a><\/p>\n\n\n\n<p><strong>Fredag 11 juli Ebeltoft<br><\/strong>Vi gick med b\u00e5ten ett par timmar till Ebeltoft. Spenderade dagen och kv\u00e4llen i den charmerande stan och fina hamnen med grillplats.<\/p>\n\n\n\n<figure class=\"wp-block-image size-large\"><a href=\"https:\/\/www.strandvejen23.dk\/wp-content\/uploads\/2025\/07\/D38EA179-0185-43FB-BFE9-19687EC0DFF9_1_201_a-scaled.jpg\"><img loading=\"lazy\" decoding=\"async\" width=\"768\" height=\"1024\" src=\"https:\/\/www.strandvejen23.dk\/wp-content\/uploads\/2025\/07\/D38EA179-0185-43FB-BFE9-19687EC0DFF9_1_201_a-768x1024.jpg\" alt=\"\" class=\"wp-image-3288\" srcset=\"https:\/\/www.strandvejen23.dk\/wp-content\/uploads\/2025\/07\/D38EA179-0185-43FB-BFE9-19687EC0DFF9_1_201_a-768x1024.jpg 768w, https:\/\/www.strandvejen23.dk\/wp-content\/uploads\/2025\/07\/D38EA179-0185-43FB-BFE9-19687EC0DFF9_1_201_a-225x300.jpg 225w, https:\/\/www.strandvejen23.dk\/wp-content\/uploads\/2025\/07\/D38EA179-0185-43FB-BFE9-19687EC0DFF9_1_201_a-1152x1536.jpg 1152w, https:\/\/www.strandvejen23.dk\/wp-content\/uploads\/2025\/07\/D38EA179-0185-43FB-BFE9-19687EC0DFF9_1_201_a-1536x2048.jpg 1536w, https:\/\/www.strandvejen23.dk\/wp-content\/uploads\/2025\/07\/D38EA179-0185-43FB-BFE9-19687EC0DFF9_1_201_a-scaled.jpg 1920w\" sizes=\"auto, (max-width: 768px) 100vw, 768px\" \/><\/a><\/figure>\n\n\n\n<p class=\"has-text-align-center\">Grillad kyckling och majs. Kan det bli b\u00e4ttre?<\/p>\n\n\n\n<figure class=\"wp-block-image size-large\"><a href=\"https:\/\/www.strandvejen23.dk\/wp-content\/uploads\/2025\/07\/11DB2676-B5F4-4FA5-859A-256BF0484888-scaled.jpeg\"><img loading=\"lazy\" decoding=\"async\" width=\"768\" height=\"1024\" src=\"https:\/\/www.strandvejen23.dk\/wp-content\/uploads\/2025\/07\/11DB2676-B5F4-4FA5-859A-256BF0484888-768x1024.jpeg\" alt=\"\" class=\"wp-image-3285\" srcset=\"https:\/\/www.strandvejen23.dk\/wp-content\/uploads\/2025\/07\/11DB2676-B5F4-4FA5-859A-256BF0484888-768x1024.jpeg 768w, https:\/\/www.strandvejen23.dk\/wp-content\/uploads\/2025\/07\/11DB2676-B5F4-4FA5-859A-256BF0484888-225x300.jpeg 225w, https:\/\/www.strandvejen23.dk\/wp-content\/uploads\/2025\/07\/11DB2676-B5F4-4FA5-859A-256BF0484888-1152x1536.jpeg 1152w, https:\/\/www.strandvejen23.dk\/wp-content\/uploads\/2025\/07\/11DB2676-B5F4-4FA5-859A-256BF0484888-1536x2048.jpeg 1536w, https:\/\/www.strandvejen23.dk\/wp-content\/uploads\/2025\/07\/11DB2676-B5F4-4FA5-859A-256BF0484888-scaled.jpeg 1920w\" sizes=\"auto, (max-width: 768px) 100vw, 768px\" \/><\/a><\/figure>\n\n\n\n<p><strong>L\u00f6rdag 12 juli Gren\u00e5\/L\u00e6s\u00f8<br><\/strong>Vi hade t\u00e4nkt att g\u00e5 till L\u00e6s\u00f8 i tv\u00e5 etapper men eftersom det bl\u00e5ste drygt 8+ m\/sek gick vi in i Gren\u00e5 efter 3 timmar. V\u00e4l d\u00e4r intog vi ett stj\u00e4rneskott (dansk specialitet med tv\u00e5 friterade sp\u00e4ttfil\u00e9er och remulade) p\u00e5 restaurang. Tittade p\u00e5 v\u00e4derprognosen som visade att det skulle mojna under kv\u00e4llen och natten, s\u00e5 vi beslutade att s\u00e4tta kurs redan samma dag kl. 17:30 direkt till V\u00e6ster\u00f8, L\u00e6s\u00f8 \u00e4ven om detta skulle inneb\u00e4ra lite m\u00f6rkernavigering. Bara kul att f\u00e5 testa p\u00e5 detta med den nya b\u00e5ten! Passerade en stor vindpark med 110 vindkraftsgenratorer v\u00e4ster om Annholt (Lyckat projekt!). M\u00f6tte ett och annat fartyg d\u00e4r ute p\u00e5 \u00f6ppet hav. Inga problem! Resan fr\u00e5n Gren\u00e5 till L\u00e6s\u00f8 (60 NM) tog 8,5 timmar i mestadels i 7 knop pga av h\u00f6g sj\u00f6. Totalt denna dag\/natt: 11,5 timmar och c:a 80 Nm.<\/p>\n\n\n\n<p><strong>S\u00f6ndag 13 juli V\u00e6ster\u00f8, L\u00e6s\u00f8<br><\/strong>Framme i V\u00e6ster\u00f8 kl. 02:00 p\u00e5 natten. Lade till p\u00e5 reserverad b\u00e5tplats och \u00f6vernattade i hamnen.<br>P\u00e5 morgonen tog vi oss upp till huset p\u00e5 Strandvejen.<\/p>\n\n\n\n<figure class=\"wp-block-image size-large\"><a href=\"https:\/\/www.strandvejen23.dk\/wp-content\/uploads\/2025\/07\/3392F21C-AA4A-49C1-A9EA-1E9E57857F45-scaled.jpeg\"><img loading=\"lazy\" decoding=\"async\" width=\"768\" height=\"1024\" src=\"https:\/\/www.strandvejen23.dk\/wp-content\/uploads\/2025\/07\/3392F21C-AA4A-49C1-A9EA-1E9E57857F45-768x1024.jpeg\" alt=\"\" class=\"wp-image-3286\" srcset=\"https:\/\/www.strandvejen23.dk\/wp-content\/uploads\/2025\/07\/3392F21C-AA4A-49C1-A9EA-1E9E57857F45-768x1024.jpeg 768w, https:\/\/www.strandvejen23.dk\/wp-content\/uploads\/2025\/07\/3392F21C-AA4A-49C1-A9EA-1E9E57857F45-225x300.jpeg 225w, https:\/\/www.strandvejen23.dk\/wp-content\/uploads\/2025\/07\/3392F21C-AA4A-49C1-A9EA-1E9E57857F45-1152x1536.jpeg 1152w, https:\/\/www.strandvejen23.dk\/wp-content\/uploads\/2025\/07\/3392F21C-AA4A-49C1-A9EA-1E9E57857F45-1536x2048.jpeg 1536w, https:\/\/www.strandvejen23.dk\/wp-content\/uploads\/2025\/07\/3392F21C-AA4A-49C1-A9EA-1E9E57857F45-scaled.jpeg 1920w\" sizes=\"auto, (max-width: 768px) 100vw, 768px\" \/><\/a><\/figure>\n\n\n\n<p class=\"has-text-align-center\">\u00c5terf\u00f6rening p\u00e5 L\u00e6s\u00f8 med Bella efter 1 1\/2 m\u00e5nad. Var har du varit? \u2764\ufe0f<\/p>\n\n\n\n<p><strong>Episod 3<\/strong><br>Efter c:a 200 g\u00e5ngtimmar, 150 Nm och \u00f6ver 70 \u00f6vernattningar i b\u00e5ten fr\u00e5n Str\u00e4ngn\u00e4s i M\u00e4laren via bl.a. Stockholm, Gotland, Bornholm, K\u00f6penhamn och \u00c5rhus blir det nu n\u00e5gra veckors h\u00e4rligt \u00f6-liv p\u00e5 L\u00e6s\u00f8 med v\u00e4nner p\u00e5 bes\u00f6k, musik, konst festival, kajfest, dansk alls\u00e5ng med h\u00f6g st\u00e4mning, garden party med live musik p\u00e5 Strandvejen 23, bes\u00f6k p\u00e5 marknader, 70-\u00e5rs firande, m.m.<\/p>\n\n\n\n<p>Jag har f\u00e5tt permanent b\u00e5tplats i V\u00e6ster\u00f8;s lokala hamn f\u00f6r 132:- SEK\/dygn (billigare \u00e4n 30 dagar i g\u00e4sthamnen intill). Den n\u00e4rmsta m\u00e5naden blir det lite &#8221;bryggsegling&#8221; i hamnen d\u00e5 det inte finns s\u00e5 m\u00e5nga st\u00e4llen i n\u00e4rheten att g\u00e5 till. N\u00e4rmaste hamn\/by \u00e4r S\u00e6by (18 Nm) som vi ser fr\u00e5n v\u00e5rt vardagsf\u00f6nster p\u00e5 Starandvejen strax s\u00f6der om Fredrikshamn, om man bortser fr\u00e5n \u00d8sterby p\u00e5 norra L\u00e6s\u00f8.<\/p>\n\n\n\n<p>Livet p\u00e5 land skiljer sig ifr\u00e5n hamnar och livet till sj\u00f6ss. Nu blir det att bo i hus och g\u00f6ra sm\u00e5 dagsutflykter p\u00e5 \u00f6n till \u00e4n det ena, \u00e4n det andra.<\/p>\n\n\n<div class=\"wp-block-image\">\n<figure class=\"aligncenter size-large\"><a href=\"https:\/\/www.strandvejen23.dk\/wp-content\/uploads\/2025\/07\/7C4034C1-E52D-490B-B79B-B23D752F782B-scaled.jpg\"><img loading=\"lazy\" decoding=\"async\" width=\"768\" height=\"1024\" src=\"https:\/\/www.strandvejen23.dk\/wp-content\/uploads\/2025\/07\/7C4034C1-E52D-490B-B79B-B23D752F782B-768x1024.jpg\" alt=\"\" class=\"wp-image-3282\" srcset=\"https:\/\/www.strandvejen23.dk\/wp-content\/uploads\/2025\/07\/7C4034C1-E52D-490B-B79B-B23D752F782B-768x1024.jpg 768w, https:\/\/www.strandvejen23.dk\/wp-content\/uploads\/2025\/07\/7C4034C1-E52D-490B-B79B-B23D752F782B-225x300.jpg 225w, https:\/\/www.strandvejen23.dk\/wp-content\/uploads\/2025\/07\/7C4034C1-E52D-490B-B79B-B23D752F782B-1152x1536.jpg 1152w, https:\/\/www.strandvejen23.dk\/wp-content\/uploads\/2025\/07\/7C4034C1-E52D-490B-B79B-B23D752F782B-1536x2048.jpg 1536w, https:\/\/www.strandvejen23.dk\/wp-content\/uploads\/2025\/07\/7C4034C1-E52D-490B-B79B-B23D752F782B-scaled.jpg 1920w\" sizes=\"auto, (max-width: 768px) 100vw, 768px\" \/><\/a><\/figure>\n<\/div>\n\n\n<figure class=\"wp-block-embed is-type-video is-provider-youtube wp-block-embed-youtube wp-embed-aspect-16-9 wp-has-aspect-ratio\"><div class=\"wp-block-embed__wrapper\">\n<iframe loading=\"lazy\" title=\"Vester\u00f8 havn p\u00e5 L\u00e6s\u00f8\" width=\"584\" height=\"329\" src=\"https:\/\/www.youtube.com\/embed\/xAlulrb-5FI?start=3&#038;feature=oembed\" frameborder=\"0\" allow=\"accelerometer; autoplay; clipboard-write; encrypted-media; gyroscope; picture-in-picture; web-share\" referrerpolicy=\"strict-origin-when-cross-origin\" allowfullscreen><\/iframe>\n<\/div><\/figure>\n\n\n\n<figure class=\"wp-block-image size-full\"><a href=\"https:\/\/www.strandvejen23.dk\/wp-content\/uploads\/2025\/07\/657E1152-494A-4E05-8687-BCEBD0D55ECF_1_105_c.jpeg\"><img loading=\"lazy\" decoding=\"async\" width=\"1024\" height=\"768\" src=\"https:\/\/www.strandvejen23.dk\/wp-content\/uploads\/2025\/07\/657E1152-494A-4E05-8687-BCEBD0D55ECF_1_105_c.jpeg\" alt=\"\" class=\"wp-image-3305\" srcset=\"https:\/\/www.strandvejen23.dk\/wp-content\/uploads\/2025\/07\/657E1152-494A-4E05-8687-BCEBD0D55ECF_1_105_c.jpeg 1024w, https:\/\/www.strandvejen23.dk\/wp-content\/uploads\/2025\/07\/657E1152-494A-4E05-8687-BCEBD0D55ECF_1_105_c-300x225.jpeg 300w, https:\/\/www.strandvejen23.dk\/wp-content\/uploads\/2025\/07\/657E1152-494A-4E05-8687-BCEBD0D55ECF_1_105_c-768x576.jpeg 768w, https:\/\/www.strandvejen23.dk\/wp-content\/uploads\/2025\/07\/657E1152-494A-4E05-8687-BCEBD0D55ECF_1_105_c-400x300.jpeg 400w\" sizes=\"auto, (max-width: 1024px) 100vw, 1024px\" \/><\/a><\/figure>\n\n\n\n<p class=\"has-text-align-center\">Strax s\u00f6der om V\u00e6ster\u00f8 hamn l\u00e5g det minst 12 segelb\u00e5tar p\u00e5 svaj den 19:e juli.<\/p>\n\n\n\n<p><strong>S\u00f6ndagen den 20 juli<\/strong><\/p>\n\n\n\n<figure class=\"wp-block-image size-full\"><a href=\"https:\/\/www.strandvejen23.dk\/wp-content\/uploads\/2025\/07\/434AFCB7-228D-40F4-B7ED-55622546FF2E_1_105_c.jpeg\"><img loading=\"lazy\" decoding=\"async\" width=\"1024\" height=\"768\" src=\"https:\/\/www.strandvejen23.dk\/wp-content\/uploads\/2025\/07\/434AFCB7-228D-40F4-B7ED-55622546FF2E_1_105_c.jpeg\" alt=\"\" class=\"wp-image-3304\" srcset=\"https:\/\/www.strandvejen23.dk\/wp-content\/uploads\/2025\/07\/434AFCB7-228D-40F4-B7ED-55622546FF2E_1_105_c.jpeg 1024w, https:\/\/www.strandvejen23.dk\/wp-content\/uploads\/2025\/07\/434AFCB7-228D-40F4-B7ED-55622546FF2E_1_105_c-300x225.jpeg 300w, https:\/\/www.strandvejen23.dk\/wp-content\/uploads\/2025\/07\/434AFCB7-228D-40F4-B7ED-55622546FF2E_1_105_c-768x576.jpeg 768w, https:\/\/www.strandvejen23.dk\/wp-content\/uploads\/2025\/07\/434AFCB7-228D-40F4-B7ED-55622546FF2E_1_105_c-400x300.jpeg 400w\" sizes=\"auto, (max-width: 1024px) 100vw, 1024px\" \/><\/a><\/figure>\n\n\n\n<p class=\"has-text-align-center\">2 1\/2 timmar dejlig musik i v\u00e5r haven<\/p>\n\n\n\n<p class=\"has-text-align-left\"><strong><br>Vecka\/Uge 30<\/strong><\/p>\n\n\n\n<figure class=\"wp-block-image size-full\"><a href=\"https:\/\/www.strandvejen23.dk\/wp-content\/uploads\/2025\/07\/postkort_laesoe.jpg\"><img loading=\"lazy\" decoding=\"async\" width=\"875\" height=\"621\" src=\"https:\/\/www.strandvejen23.dk\/wp-content\/uploads\/2025\/07\/postkort_laesoe.jpg\" alt=\"\" class=\"wp-image-3308\" srcset=\"https:\/\/www.strandvejen23.dk\/wp-content\/uploads\/2025\/07\/postkort_laesoe.jpg 875w, https:\/\/www.strandvejen23.dk\/wp-content\/uploads\/2025\/07\/postkort_laesoe-300x213.jpg 300w, https:\/\/www.strandvejen23.dk\/wp-content\/uploads\/2025\/07\/postkort_laesoe-768x545.jpg 768w, https:\/\/www.strandvejen23.dk\/wp-content\/uploads\/2025\/07\/postkort_laesoe-423x300.jpg 423w\" sizes=\"auto, (max-width: 875px) 100vw, 875px\" \/><\/a><\/figure>\n\n\n\n<p class=\"has-text-align-center\">S\u00e5 var det konstfestivalvecka p\u00e5 L\u00e6s\u00f8 <br>(omslagsbild fr\u00e5n v\u00e5r tr\u00e4dg\u00e5rd p\u00e5 \u00e5rets katalog)<\/p>\n\n\n\n<figure class=\"wp-block-gallery has-nested-images columns-default is-cropped wp-block-gallery-17 is-layout-flex wp-block-gallery-is-layout-flex\">\n<figure class=\"wp-block-image size-large\"><a href=\"https:\/\/www.strandvejen23.dk\/wp-content\/uploads\/2025\/07\/DD8D17AA-4F80-4E5C-9829-CDD1B458F6F3-scaled.jpeg\"><img loading=\"lazy\" decoding=\"async\" width=\"1024\" height=\"768\" data-id=\"3316\" src=\"https:\/\/www.strandvejen23.dk\/wp-content\/uploads\/2025\/07\/DD8D17AA-4F80-4E5C-9829-CDD1B458F6F3-1024x768.jpeg\" alt=\"\" class=\"wp-image-3316\" srcset=\"https:\/\/www.strandvejen23.dk\/wp-content\/uploads\/2025\/07\/DD8D17AA-4F80-4E5C-9829-CDD1B458F6F3-1024x768.jpeg 1024w, https:\/\/www.strandvejen23.dk\/wp-content\/uploads\/2025\/07\/DD8D17AA-4F80-4E5C-9829-CDD1B458F6F3-300x225.jpeg 300w, https:\/\/www.strandvejen23.dk\/wp-content\/uploads\/2025\/07\/DD8D17AA-4F80-4E5C-9829-CDD1B458F6F3-768x576.jpeg 768w, https:\/\/www.strandvejen23.dk\/wp-content\/uploads\/2025\/07\/DD8D17AA-4F80-4E5C-9829-CDD1B458F6F3-1536x1152.jpeg 1536w, https:\/\/www.strandvejen23.dk\/wp-content\/uploads\/2025\/07\/DD8D17AA-4F80-4E5C-9829-CDD1B458F6F3-2048x1536.jpeg 2048w, https:\/\/www.strandvejen23.dk\/wp-content\/uploads\/2025\/07\/DD8D17AA-4F80-4E5C-9829-CDD1B458F6F3-400x300.jpeg 400w\" sizes=\"auto, (max-width: 1024px) 100vw, 1024px\" \/><\/a><\/figure>\n\n\n\n<figure class=\"wp-block-image size-large\"><a href=\"https:\/\/www.strandvejen23.dk\/wp-content\/uploads\/2025\/07\/EA24DDA9-5D5A-43AA-A5D4-329648991230-scaled.jpeg\"><img loading=\"lazy\" decoding=\"async\" width=\"768\" height=\"1024\" data-id=\"3318\" src=\"https:\/\/www.strandvejen23.dk\/wp-content\/uploads\/2025\/07\/EA24DDA9-5D5A-43AA-A5D4-329648991230-768x1024.jpeg\" alt=\"\" class=\"wp-image-3318\" srcset=\"https:\/\/www.strandvejen23.dk\/wp-content\/uploads\/2025\/07\/EA24DDA9-5D5A-43AA-A5D4-329648991230-768x1024.jpeg 768w, https:\/\/www.strandvejen23.dk\/wp-content\/uploads\/2025\/07\/EA24DDA9-5D5A-43AA-A5D4-329648991230-225x300.jpeg 225w, https:\/\/www.strandvejen23.dk\/wp-content\/uploads\/2025\/07\/EA24DDA9-5D5A-43AA-A5D4-329648991230-1152x1536.jpeg 1152w, https:\/\/www.strandvejen23.dk\/wp-content\/uploads\/2025\/07\/EA24DDA9-5D5A-43AA-A5D4-329648991230-1536x2048.jpeg 1536w, https:\/\/www.strandvejen23.dk\/wp-content\/uploads\/2025\/07\/EA24DDA9-5D5A-43AA-A5D4-329648991230-scaled.jpeg 1920w\" sizes=\"auto, (max-width: 768px) 100vw, 768px\" \/><\/a><\/figure>\n\n\n\n<figure class=\"wp-block-image size-large\"><a href=\"https:\/\/www.strandvejen23.dk\/wp-content\/uploads\/2025\/07\/833D4C3D-3D22-4700-A6A8-C8D01DDDF0B1-scaled.jpeg\"><img loading=\"lazy\" decoding=\"async\" width=\"768\" height=\"1024\" data-id=\"3315\" src=\"https:\/\/www.strandvejen23.dk\/wp-content\/uploads\/2025\/07\/833D4C3D-3D22-4700-A6A8-C8D01DDDF0B1-768x1024.jpeg\" alt=\"\" class=\"wp-image-3315\" srcset=\"https:\/\/www.strandvejen23.dk\/wp-content\/uploads\/2025\/07\/833D4C3D-3D22-4700-A6A8-C8D01DDDF0B1-768x1024.jpeg 768w, https:\/\/www.strandvejen23.dk\/wp-content\/uploads\/2025\/07\/833D4C3D-3D22-4700-A6A8-C8D01DDDF0B1-225x300.jpeg 225w, https:\/\/www.strandvejen23.dk\/wp-content\/uploads\/2025\/07\/833D4C3D-3D22-4700-A6A8-C8D01DDDF0B1-1152x1536.jpeg 1152w, https:\/\/www.strandvejen23.dk\/wp-content\/uploads\/2025\/07\/833D4C3D-3D22-4700-A6A8-C8D01DDDF0B1-1536x2048.jpeg 1536w, https:\/\/www.strandvejen23.dk\/wp-content\/uploads\/2025\/07\/833D4C3D-3D22-4700-A6A8-C8D01DDDF0B1-scaled.jpeg 1920w\" sizes=\"auto, (max-width: 768px) 100vw, 768px\" \/><\/a><\/figure>\n\n\n\n<figure class=\"wp-block-image size-large\"><a href=\"https:\/\/www.strandvejen23.dk\/wp-content\/uploads\/2025\/07\/32DECD60-5640-4329-B5A8-F5A9A347141B-scaled.jpeg\"><img loading=\"lazy\" decoding=\"async\" width=\"768\" height=\"1024\" data-id=\"3317\" src=\"https:\/\/www.strandvejen23.dk\/wp-content\/uploads\/2025\/07\/32DECD60-5640-4329-B5A8-F5A9A347141B-768x1024.jpeg\" alt=\"\" class=\"wp-image-3317\" srcset=\"https:\/\/www.strandvejen23.dk\/wp-content\/uploads\/2025\/07\/32DECD60-5640-4329-B5A8-F5A9A347141B-768x1024.jpeg 768w, https:\/\/www.strandvejen23.dk\/wp-content\/uploads\/2025\/07\/32DECD60-5640-4329-B5A8-F5A9A347141B-225x300.jpeg 225w, https:\/\/www.strandvejen23.dk\/wp-content\/uploads\/2025\/07\/32DECD60-5640-4329-B5A8-F5A9A347141B-1152x1536.jpeg 1152w, https:\/\/www.strandvejen23.dk\/wp-content\/uploads\/2025\/07\/32DECD60-5640-4329-B5A8-F5A9A347141B-1536x2048.jpeg 1536w, https:\/\/www.strandvejen23.dk\/wp-content\/uploads\/2025\/07\/32DECD60-5640-4329-B5A8-F5A9A347141B-scaled.jpeg 1920w\" sizes=\"auto, (max-width: 768px) 100vw, 768px\" \/><\/a><\/figure>\n<\/figure>\n\n\n\n<p class=\"has-text-align-center\">S\u00e6by &#8211; en dejlig sommarby<\/p>\n\n\n\n<p>Sommarv\u00e4dret med c:a 25 grader och svaga vindar h\u00e5ller i sig s\u00e5 Denise och jag tar en tur med b\u00e5ten och g\u00e5r t\/r S\u00e6by (18 Nm fr\u00e5n V\u00e6ster\u00f8, strax s\u00f6der om Fredrikshavn) inklusive, gratis live musik p\u00e5 torget (varje dag i juli m\u00e5nad + \u00f6vriga upptr\u00e4danden p\u00e5 olika st\u00e4llen), bes\u00f6k p\u00e5 fiskerestaurang och \u00f6vernattning i b\u00e5ten. Dejligt! \ud83d\ude03 Hit kommer vi s\u00e4kert fler g\u00e5nger. S\u00e6by syns fr\u00e5n v\u00e5rt vardagsf\u00f6nster p\u00e5 Strandvejen 23.<\/p>\n\n\n\n<figure class=\"wp-block-image size-large\"><a href=\"https:\/\/www.strandvejen23.dk\/wp-content\/uploads\/2025\/08\/IMG_9115.jpeg\"><img loading=\"lazy\" decoding=\"async\" width=\"1024\" height=\"473\" src=\"https:\/\/www.strandvejen23.dk\/wp-content\/uploads\/2025\/08\/IMG_9115-1024x473.jpeg\" alt=\"\" class=\"wp-image-3333\" srcset=\"https:\/\/www.strandvejen23.dk\/wp-content\/uploads\/2025\/08\/IMG_9115-1024x473.jpeg 1024w, https:\/\/www.strandvejen23.dk\/wp-content\/uploads\/2025\/08\/IMG_9115-300x139.jpeg 300w, https:\/\/www.strandvejen23.dk\/wp-content\/uploads\/2025\/08\/IMG_9115-768x355.jpeg 768w, https:\/\/www.strandvejen23.dk\/wp-content\/uploads\/2025\/08\/IMG_9115-1536x710.jpeg 1536w, https:\/\/www.strandvejen23.dk\/wp-content\/uploads\/2025\/08\/IMG_9115-2048x946.jpeg 2048w, https:\/\/www.strandvejen23.dk\/wp-content\/uploads\/2025\/08\/IMG_9115-500x231.jpeg 500w\" sizes=\"auto, (max-width: 1024px) 100vw, 1024px\" \/><\/a><\/figure>\n\n\n\n<p class=\"has-text-align-center\">Hygge hemma p\u00e5 Strandvejen 23<\/p>\n\n\n\n<figure class=\"wp-block-image size-large\"><a href=\"https:\/\/www.strandvejen23.dk\/wp-content\/uploads\/2025\/08\/IMG_9082-scaled.jpeg\"><img loading=\"lazy\" decoding=\"async\" width=\"1024\" height=\"768\" src=\"https:\/\/www.strandvejen23.dk\/wp-content\/uploads\/2025\/08\/IMG_9082-1024x768.jpeg\" alt=\"\" class=\"wp-image-3335\" srcset=\"https:\/\/www.strandvejen23.dk\/wp-content\/uploads\/2025\/08\/IMG_9082-1024x768.jpeg 1024w, https:\/\/www.strandvejen23.dk\/wp-content\/uploads\/2025\/08\/IMG_9082-300x225.jpeg 300w, https:\/\/www.strandvejen23.dk\/wp-content\/uploads\/2025\/08\/IMG_9082-768x576.jpeg 768w, https:\/\/www.strandvejen23.dk\/wp-content\/uploads\/2025\/08\/IMG_9082-1536x1152.jpeg 1536w, https:\/\/www.strandvejen23.dk\/wp-content\/uploads\/2025\/08\/IMG_9082-2048x1536.jpeg 2048w, https:\/\/www.strandvejen23.dk\/wp-content\/uploads\/2025\/08\/IMG_9082-400x300.jpeg 400w\" sizes=\"auto, (max-width: 1024px) 100vw, 1024px\" \/><\/a><\/figure>\n\n\n\n<p class=\"has-text-align-center\">V\u00e6ster\u00f8 hamn (norra delen)<\/p>\n\n\n\n<p>Bryggsegling i V\u00e6ster\u00f8 hamn med v\u00e4nner och bekanta i den fina V\u00e6ster\u00f8 hamn f\u00f6r \u00f8-bor. S\u00e5 hyggligt!<\/p>\n\n\n\n<figure class=\"wp-block-image size-large\"><a href=\"https:\/\/www.strandvejen23.dk\/wp-content\/uploads\/2025\/08\/IMG_9116-scaled.jpeg\"><img loading=\"lazy\" decoding=\"async\" width=\"1024\" height=\"768\" src=\"https:\/\/www.strandvejen23.dk\/wp-content\/uploads\/2025\/08\/IMG_9116-1024x768.jpeg\" alt=\"\" class=\"wp-image-3334\" srcset=\"https:\/\/www.strandvejen23.dk\/wp-content\/uploads\/2025\/08\/IMG_9116-1024x768.jpeg 1024w, https:\/\/www.strandvejen23.dk\/wp-content\/uploads\/2025\/08\/IMG_9116-300x225.jpeg 300w, https:\/\/www.strandvejen23.dk\/wp-content\/uploads\/2025\/08\/IMG_9116-768x576.jpeg 768w, https:\/\/www.strandvejen23.dk\/wp-content\/uploads\/2025\/08\/IMG_9116-1536x1152.jpeg 1536w, https:\/\/www.strandvejen23.dk\/wp-content\/uploads\/2025\/08\/IMG_9116-2048x1536.jpeg 2048w, https:\/\/www.strandvejen23.dk\/wp-content\/uploads\/2025\/08\/IMG_9116-400x300.jpeg 400w\" sizes=\"auto, (max-width: 1024px) 100vw, 1024px\" \/><\/a><\/figure>\n\n\n\n<p class=\"has-text-align-center\">Middag torsdag kv\u00e4ll &#8211; f\u00e4rska hummer (lagligt f\u00e5ngade i Danmark)<\/p>\n\n\n\n<p><strong>Augusti:<\/strong> Kattegatt <strong>Danmark &#8211; Sverige<\/strong><\/p>\n\n\n\n<p>Efter drygt 200 timmars g\u00e5ngtid, 1400 Nm (250 mil), c:a 100 \u00f6vernattningar ombord och ytterligare 30 n\u00e4tter p\u00e5 L\u00e6s\u00f8 \u00e4r det dax att g\u00e5 sista str\u00e4ckan till G\u00f6teborg (c:a 30 Nm)<\/p>\n\n\n\n<p>V\u00e4dret ser ut att bli bra med 3-4 sek\/m medvind och runt 20 grader s\u00e5 vi planerar att g\u00e5 till Sverige med stopp \u00f6ver natten p\u00e5 Vr\u00e5ng\u00f6.<\/p>\n\n\n\n<p>V\u00e4l hemma i \u00d6nnered, V Fr\u00f6lunda ang\u00f6r vi den nya hemmahamnen vid \u00d6nnereds Brygga.<\/p>\n\n\n\n<p>Nu blir det lite mindre turer och \u00f6vernattningar i s\u00f6dra Bohusl\u00e4n (Vinga, Br\u00e4nn\u00f6, Stora K\u00e4ll\u00f6, Asper\u00f6, S\u00e4r\u00f6 (Halland) och Marstrand.<\/p>\n\n\n\n<p>B\u00e5ten har levt upp till i princip alla f\u00f6rv\u00e4ntningar s\u00e5n\u00e4r som p\u00e5 plottern (Raymarin) som verkar leva sitt egna liv. K\u00f6rde ocks\u00e5 slut p\u00e5 (djupurladdade) batteriet till bogpropellrna. Batterierna \u00e4r liksom b\u00e5ten 8 \u00e5r gamla och beh\u00f6ver sannolikt bytas tills n\u00e4sta s\u00e4song.<\/p>\n\n\n\n<p>En fantastisk sommar!<\/p>\n\n\n\n<p>H\u00e4r slutar min reseblogg f\u00f6r 2025.<\/p>\n\n\n\n<p><\/p>\n","protected":false},"excerpt":{"rendered":"<p>Fr\u00e5n den 14 april till den 13 augusti 2025 har jag g\u00e5tt fr\u00e5n Str\u00e4ngn\u00e4s i M\u00e4laren, \u00d6stersj\u00f6n via Gotland, \u00d6land, Bornholm, Kattegatt via Sj\u00e4lland, K\u00f6penhamn, Ven, Sams\u00f8, Jylland, L\u00e6s\u00f8 till G\u00f6teborg. Det har varit en of\u00f6rgl\u00f6mlig resa d\u00e4r olika v\u00e4nner\/bes\u00e4ttning &hellip; <a href=\"https:\/\/www.strandvejen23.dk\/?page_id=2810\">L\u00e4s mer <span class=\"meta-nav\">&rarr;<\/span><\/a><\/p>\n","protected":false},"author":3,"featured_media":0,"parent":0,"menu_order":0,"comment_status":"closed","ping_status":"closed","template":"","meta":{"footnotes":""},"class_list":["post-2810","page","type-page","status-publish","hentry"],"_links":{"self":[{"href":"https:\/\/www.strandvejen23.dk\/index.php?rest_route=\/wp\/v2\/pages\/2810","targetHints":{"allow":["GET"]}}],"collection":[{"href":"https:\/\/www.strandvejen23.dk\/index.php?rest_route=\/wp\/v2\/pages"}],"about":[{"href":"https:\/\/www.strandvejen23.dk\/index.php?rest_route=\/wp\/v2\/types\/page"}],"author":[{"embeddable":true,"href":"https:\/\/www.strandvejen23.dk\/index.php?rest_route=\/wp\/v2\/users\/3"}],"replies":[{"embeddable":true,"href":"https:\/\/www.strandvejen23.dk\/index.php?rest_route=%2Fwp%2Fv2%2Fcomments&post=2810"}],"version-history":[{"count":209,"href":"https:\/\/www.strandvejen23.dk\/index.php?rest_route=\/wp\/v2\/pages\/2810\/revisions"}],"predecessor-version":[{"id":3368,"href":"https:\/\/www.strandvejen23.dk\/index.php?rest_route=\/wp\/v2\/pages\/2810\/revisions\/3368"}],"wp:attachment":[{"href":"https:\/\/www.strandvejen23.dk\/index.php?rest_route=%2Fwp%2Fv2%2Fmedia&parent=2810"}],"curies":[{"name":"wp","href":"https:\/\/api.w.org\/{rel}","templated":true}]}}